{"id":3504,"date":"2018-09-19T06:33:43","date_gmt":"2018-09-19T04:33:43","guid":{"rendered":"https:\/\/xfp5095.phpnet.org\/wordpress\/wordpress\/?page_id=3504"},"modified":"2020-03-29T08:28:48","modified_gmt":"2020-03-29T06:28:48","slug":"egypte-decouvertes","status":"publish","type":"page","link":"https:\/\/xfp5095.phpnet.org\/wordpress\/wordpress\/egypte-decouvertes\/","title":{"rendered":"Egypte decouvertes"},"content":{"rendered":"<p style=\"padding-left: 40px;\"><span style=\"font-size: 24px;\"><strong>D\u00e9couvertes r\u00e9centes<\/strong><\/span><\/p>\n<p style=\"padding-left: 80px;\"><div class=\"pt-cv-wrapper\"><div class=\"pt-cv-view pt-cv-grid pt-cv-colsys\" id=\"pt-cv-view-443a5f7cmw\"><div data-id=\"pt-cv-page-1\" class=\"pt-cv-page\" data-cvc=\"1\"><div class=\"col-md-12 col-sm-12 col-xs-12 pt-cv-content-item pt-cv-1-col\" ><div class='pt-cv-ifield'><a href=\"https:\/\/xfp5095.phpnet.org\/wordpress\/wordpress\/2025\/01\/01\/decouverte-30-12-24-un-sarcophage-sous-la-chaussee-processionnelle-de-toutmosis-iii\/\" class=\"_self pt-cv-href-thumbnail pt-cv-thumb-default\" target=\"_self\" ><\/a>\n<h4 class=\"pt-cv-title\"><a href=\"https:\/\/xfp5095.phpnet.org\/wordpress\/wordpress\/2025\/01\/01\/decouverte-30-12-24-un-sarcophage-sous-la-chaussee-processionnelle-de-toutmosis-iii\/\" class=\"_self\" target=\"_self\" >D\u00e9couverte 30\/12\/24 Un sarcophage sous la chauss\u00e9e processionnelle de Toutmosis III<\/a><\/h4>\n<div class=\"pt-cv-content\"><p style=\"padding-left: 40px;\"><a href=\"https:\/\/xfp5095.phpnet.org\/wordpress\/wordpress\/wp-content\/uploads\/2025\/01\/Equipe-strasbourg-univers-2019.jpg\" target=\"_blank\" rel=\"noopener\" data-rel=\"lightbox-image-bGlnaHRib3gtaW1hZ2UtMA==\" data-rl_title=\"\" data-rl_caption=\"\" data-rl_title=\"\" data-rl_caption=\"\" title=\"\"><img loading=\"lazy\" decoding=\"async\" class=\"alignleft wp-image-48124\" src=\"https:\/\/xfp5095.phpnet.org\/wordpress\/wordpress\/wp-content\/uploads\/2025\/01\/Equipe-strasbourg-univers-2019-300x200.jpg\" alt=\"\" width=\"260\" height=\"173\" srcset=\"https:\/\/xfp5095.phpnet.org\/wordpress\/wordpress\/wp-content\/uploads\/2025\/01\/Equipe-strasbourg-univers-2019-300x200.jpg 300w, https:\/\/xfp5095.phpnet.org\/wordpress\/wordpress\/wp-content\/uploads\/2025\/01\/Equipe-strasbourg-univers-2019-768x511.jpg 768w, https:\/\/xfp5095.phpnet.org\/wordpress\/wordpress\/wp-content\/uploads\/2025\/01\/Equipe-strasbourg-univers-2019-600x400.jpg 600w, https:\/\/xfp5095.phpnet.org\/wordpress\/wordpress\/wp-content\/uploads\/2025\/01\/Equipe-strasbourg-univers-2019.jpg 800w\" sizes=\"auto, (max-width: 260px) 100vw, 260px\" \/><\/a><span style=\"color: #993366;\"><strong>D\u00e9couverte Un sarcophage sous la chauss\u00e9e processionnelle de Toutmosis III<\/strong><\/span><br \/>\npar Morgane Gillard, R\u00e9dactrice &#8212; le 30 d\u00e9cembre 2024<br \/>\nImage du site Futura Sciences &#8211; Equipe de Strasbourg 2019\u00a9 Universit\u00e9 de Strasbourg \/ Ifao<\/p>\n<p style=\"padding-left: 40px;\"><em><span style=\"color: #3366ff;\"><strong><a style=\"color: #3366ff;\" href=\"https:\/\/www.futura-sciences.com\/sciences\/actualites\/archeologie-mysterieux-sarcophage-scelle-il-y-3-400-ans-retrouve-sous-chaussee-processionnelle-egypte-118531\/?fbclid=IwY2xjawHhzU5leHRuA2FlbQIxMAABHXQYFwJjW4pw9FuBX1suVyTozr8udV_me9_Pd9kG98fA4EhWVFg33enMEQ_aem_PBCvJHFlDrwfPPX4TnTPAQ\" target=\"_blank\" rel=\"noopener\">Voir l&#8217;article Futura-sciences<\/a><\/strong><\/span><\/em><\/p>\n<p style=\"padding-left: 40px;\">Pour cette \u00e9quipe de l&#8217;Institut d&#8217;\u00e9gyptologie de l&#8217;Universit\u00e9 de Strasbourg, l&#8217;ann\u00e9e 2024 se termine en beaut\u00e9. Quelques jours avant la fin de la mission, les fouilleurs \u00e9gyptiens accompagnant les chercheurs sont en effet tomb\u00e9s sur un nouveau sarcophage, enterr\u00e9 \u00e0 8 m\u00e8tres de profondeur sous la chauss\u00e9e processionnelle menant au temple du pharaon Thoutm\u00f4sis III, \u00e0 Louxor.<br \/>\nEn 2018 et 2019, plusieurs sarcophages avaient d\u00e9j\u00e0 \u00e9t\u00e9 d\u00e9couverts sur le m\u00eame site de fouille.<br \/>\nL\u2019ouverture du sarcophage pr\u00e9vue pour 2025<\/p>\n<p>&nbsp;<\/p>\n<\/div>\n<div class=\"pt-cv-meta-fields\"><span class=\"entry-date\"> <time datetime=\"2025-01-01T08:47:16+01:00\">1 janvier 2025<\/time><\/span><span> \/ <\/span><span class=\"terms\"> <a href='https:\/\/xfp5095.phpnet.org\/wordpress\/wordpress\/category\/egypte-decouvertes\/' title='Egypte_decouvertes' class='pt-cv-tax-egypte-decouvertes'>Egypte_decouvertes<\/a><\/span><\/div><\/div><\/div>\n<div class=\"col-md-12 col-sm-12 col-xs-12 pt-cv-content-item pt-cv-1-col\" ><div class='pt-cv-ifield'><a href=\"https:\/\/xfp5095.phpnet.org\/wordpress\/wordpress\/2024\/03\/17\/13-03-24-decouverte-partie-superieure-de-la-statue-de-ramses-ii\/\" class=\"_self pt-cv-href-thumbnail pt-cv-thumb-default\" target=\"_self\" ><\/a>\n<h4 class=\"pt-cv-title\"><a href=\"https:\/\/xfp5095.phpnet.org\/wordpress\/wordpress\/2024\/03\/17\/13-03-24-decouverte-partie-superieure-de-la-statue-de-ramses-ii\/\" class=\"_self\" target=\"_self\" >13\/03\/24- D\u00e9couverte partie sup\u00e9rieure de la statue de Rams\u00e8s II<\/a><\/h4>\n<div class=\"pt-cv-content\"><p style=\"padding-left: 40px;\"><strong><a href=\"https:\/\/xfp5095.phpnet.org\/wordpress\/wordpress\/wp-content\/uploads\/2024\/03\/Ramses-statue-partie-sup-decouv-240305.jpg\" target=\"_blank\" rel=\"noopener\" data-rel=\"lightbox-image-bGlnaHRib3gtaW1hZ2UtMA==\" data-rl_title=\"\" data-rl_caption=\"\" data-rl_title=\"\" data-rl_caption=\"\" title=\"\"><img loading=\"lazy\" decoding=\"async\" class=\"wp-image-45087 alignleft\" src=\"https:\/\/xfp5095.phpnet.org\/wordpress\/wordpress\/wp-content\/uploads\/2024\/03\/Ramses-statue-partie-sup-decouv-240305-169x300.jpg\" alt=\"\" width=\"121\" height=\"215\" srcset=\"https:\/\/xfp5095.phpnet.org\/wordpress\/wordpress\/wp-content\/uploads\/2024\/03\/Ramses-statue-partie-sup-decouv-240305-169x300.jpg 169w, https:\/\/xfp5095.phpnet.org\/wordpress\/wordpress\/wp-content\/uploads\/2024\/03\/Ramses-statue-partie-sup-decouv-240305-576x1024.jpg 576w, https:\/\/xfp5095.phpnet.org\/wordpress\/wordpress\/wp-content\/uploads\/2024\/03\/Ramses-statue-partie-sup-decouv-240305.jpg 750w\" sizes=\"auto, (max-width: 121px) 100vw, 121px\" \/><\/a><span style=\"font-size: 20px;\"><a href=\"https:\/\/fr.euronews.com\/culture\/2024\/03\/13\/egypte-des-archeologues-decouvrent-la-moitie-manquante-de-lextraordinaire-statue-de-ramses\" target=\"_blank\" rel=\"noopener\">Euronews<\/a><\/span><\/strong><\/p>\n<p style=\"padding-left: 40px;\"><strong>Egypte : des arch\u00e9ologues d\u00e9couvrent la moiti\u00e9 manquante de l&#8217;extraordinaire statue de Rams\u00e8s II<\/strong><\/p>\n<p class=\"c-article-summary\" style=\"padding-left: 40px;\">Il y a pr\u00e8s d&#8217;un si\u00e8cle, la partie restante de la statue repr\u00e9sentant Rams\u00e8s II, l&#8217;un des souverains les plus importants de l&#8217;\u00c9gypte ancienne, a \u00e9t\u00e9 mise au jour au m\u00eame endroit.<br \/>\nLa moiti\u00e9 sup\u00e9rieure d&#8217;une statue du pharaon \u00e9gyptien, Rams\u00e8s II, a \u00e9t\u00e9 mise au jour par des arch\u00e9ologues, dans le sud de l&#8217;\u00c9gypte.<br \/>\nD\u00e9couvert sur le site d&#8217;El Ashmunein, le fragment de calcaire de 1,5 m\u00e8tre de haut a \u00e9t\u00e9 d\u00e9couvert dans le cadre d&#8217;une collaboration entre le Conseil supr\u00eame des antiquit\u00e9s d&#8217;\u00c9gypte et l&#8217;universit\u00e9 du Colorado, sous la direction de Bassem Gehad et d&#8217;Ivonna Trnka.<\/p>\n<div class=\"c-article-content js-article-content \" style=\"padding-left: 40px;\">\n<p style=\"padding-left: 40px;\">La statue repr\u00e9sente la t\u00eate, les \u00e9paules et la partie sup\u00e9rieure du torse du roi Rams\u00e8s II, \u00e9galement connu sous le nom de Rams\u00e8s le Grand, orn\u00e9 d&#8217;une double couronne et d&#8217;une coiffe royale en forme de cobra (uraeus)<br \/>\n<span style=\"color: #3366ff;\"><strong><a style=\"color: #3366ff;\" href=\"https:\/\/fr.euronews.com\/culture\/2024\/03\/13\/egypte-des-archeologues-decouvrent-la-moitie-manquante-de-lextraordinaire-statue-de-ramses\" target=\"_blank\" rel=\"noopener\">voir l&#8217;article complet Euronews\u00a0<\/a><\/strong><\/span><\/p>\n<\/div>\n<\/div>\n<div class=\"pt-cv-meta-fields\"><span class=\"entry-date\"> <time datetime=\"2024-03-17T07:00:34+01:00\">17 mars 2024<\/time><\/span><span> \/ <\/span><span class=\"terms\"> <a href='https:\/\/xfp5095.phpnet.org\/wordpress\/wordpress\/category\/egypte-decouvertes\/' title='Egypte_decouvertes' class='pt-cv-tax-egypte-decouvertes'>Egypte_decouvertes<\/a><\/span><\/div><\/div><\/div>\n<div class=\"col-md-12 col-sm-12 col-xs-12 pt-cv-content-item pt-cv-1-col\" ><div class='pt-cv-ifield'><a href=\"https:\/\/xfp5095.phpnet.org\/wordpress\/wordpress\/2023\/09\/27\/26-09-2023-8-chambres-decouvertes-a-linterieur-de-la-pyramide-de-sahure-dans-la-necropole-dabusir\/\" class=\"_self pt-cv-href-thumbnail pt-cv-thumb-default\" target=\"_self\" ><\/a>\n<h4 class=\"pt-cv-title\"><a href=\"https:\/\/xfp5095.phpnet.org\/wordpress\/wordpress\/2023\/09\/27\/26-09-2023-8-chambres-decouvertes-a-linterieur-de-la-pyramide-de-sahure-dans-la-necropole-dabusir\/\" class=\"_self\" target=\"_self\" >26\/09\/2023 : 8 chambres d\u00e9couvertes \u00e0 l&#8217;int\u00e9rieur de la pyramide de Sahure dans la n\u00e9cropole d&#8217;Abusir<\/a><\/h4>\n<div class=\"pt-cv-content\"><p style=\"padding-left: 40px;\"><a href=\"https:\/\/xfp5095.phpnet.org\/wordpress\/wordpress\/wp-content\/uploads\/2023\/09\/decouvertes-chambres-pyramide-Sahure-necropole-Abusir-230926.jpg\" target=\"_blank\" rel=\"noopener\" data-rel=\"lightbox-image-bGlnaHRib3gtaW1hZ2UtMA==\" data-rl_title=\"\" data-rl_caption=\"\" data-rl_title=\"\" data-rl_caption=\"\" title=\"\"><img loading=\"lazy\" decoding=\"async\" class=\"alignleft wp-image-43819\" src=\"https:\/\/xfp5095.phpnet.org\/wordpress\/wordpress\/wp-content\/uploads\/2023\/09\/decouvertes-chambres-pyramide-Sahure-necropole-Abusir-230926-300x200.jpg\" alt=\"\" width=\"153\" height=\"102\" srcset=\"https:\/\/xfp5095.phpnet.org\/wordpress\/wordpress\/wp-content\/uploads\/2023\/09\/decouvertes-chambres-pyramide-Sahure-necropole-Abusir-230926-300x200.jpg 300w, https:\/\/xfp5095.phpnet.org\/wordpress\/wordpress\/wp-content\/uploads\/2023\/09\/decouvertes-chambres-pyramide-Sahure-necropole-Abusir-230926-768x512.jpg 768w, https:\/\/xfp5095.phpnet.org\/wordpress\/wordpress\/wp-content\/uploads\/2023\/09\/decouvertes-chambres-pyramide-Sahure-necropole-Abusir-230926-600x400.jpg 600w, https:\/\/xfp5095.phpnet.org\/wordpress\/wordpress\/wp-content\/uploads\/2023\/09\/decouvertes-chambres-pyramide-Sahure-necropole-Abusir-230926.jpg 800w\" sizes=\"auto, (max-width: 153px) 100vw, 153px\" \/><\/a><img loading=\"lazy\" decoding=\"async\" class=\"wp-image-5011 alignleft\" src=\"https:\/\/xfp5095.phpnet.org\/wordpress\/wordpress\/wp-content\/uploads\/2019\/04\/ahramonline-logo-300x80.jpg\" alt=\"\" width=\"90\" height=\"24\" srcset=\"https:\/\/xfp5095.phpnet.org\/wordpress\/wordpress\/wp-content\/uploads\/2019\/04\/ahramonline-logo-300x80.jpg 300w, https:\/\/xfp5095.phpnet.org\/wordpress\/wordpress\/wp-content\/uploads\/2019\/04\/ahramonline-logo.jpg 450w\" sizes=\"auto, (max-width: 90px) 100vw, 90px\" \/>Une mission conjointe \u00e9gypto-allemande a fait une d\u00e9couverte sans pr\u00e9c\u00e9dent de huit chambres de stockage \u2013 ou magasins \u2013 jusqu&#8217;alors non document\u00e9es, dans la pyramide de Sahure, dans la n\u00e9cropole d&#8217;Abusir, au sud de Gizeh.<br \/>\nCette d\u00e9couverte a \u00e9t\u00e9 faite lors de travaux de conservation men\u00e9s par la mission arch\u00e9ologique germano-\u00e9gyptienne de l&#8217;Universit\u00e9 de W\u00fcrzburg dirig\u00e9e par l&#8217;\u00e9gyptologue Mohamed Ismail Khaled.\u00a0Les travaux ont d\u00e9but\u00e9 en 2019 et sont soutenus par l\u2019Antiquities Endowment Fund (AEF) de l\u2019American Research Center in Egypt (ARCE).<\/p>\n<p style=\"padding-left: 40px;\"><a href=\"https:\/\/english.ahram.org.eg\/News\/509072.aspx?fbclid=IwAR2qGJua3XyZo67XwAuSVeV9JHNVz_HTU8gabqX1z-iTODcoRINDcR5D63I\" target=\"_blank\" rel=\"noopener\">Voir l&#8217;article complet sur ahramonline<\/a><\/p>\n<\/div>\n<div class=\"pt-cv-meta-fields\"><span class=\"entry-date\"> <time datetime=\"2023-09-27T08:05:58+02:00\">27 septembre 2023<\/time><\/span><span> \/ <\/span><span class=\"terms\"> <a href='https:\/\/xfp5095.phpnet.org\/wordpress\/wordpress\/category\/egypte-decouvertes\/' title='Egypte_decouvertes' class='pt-cv-tax-egypte-decouvertes'>Egypte_decouvertes<\/a><\/span><\/div><\/div><\/div><\/div><\/div><\/div>\n<p style=\"padding-left: 40px;\"><strong><span style=\"font-size: 24px;\">D\u00e9couvertes plus anciennes<\/span><\/strong><\/p>\n<p style=\"padding-left: 40px;\"><div class=\"pt-cv-wrapper\"><div class=\"pt-cv-view pt-cv-grid pt-cv-colsys\" id=\"pt-cv-view-156f9a7jgl\"><div data-id=\"pt-cv-page-1\" class=\"pt-cv-page\" data-cvc=\"2\"><div class=\"col-md-6 col-sm-6 col-xs-12 pt-cv-content-item pt-cv-1-col\" ><div class='pt-cv-ifield'><a href=\"https:\/\/xfp5095.phpnet.org\/wordpress\/wordpress\/2023\/01\/20\/23-01-20-decouverte-a-louxor-une-nouvelle-tombe-royale\/\" class=\"_self pt-cv-href-thumbnail pt-cv-thumb-default\" target=\"_self\" ><\/a>\n<h4 class=\"pt-cv-title\"><a href=\"https:\/\/xfp5095.phpnet.org\/wordpress\/wordpress\/2023\/01\/20\/23-01-20-decouverte-a-louxor-une-nouvelle-tombe-royale\/\" class=\"_self\" target=\"_self\" >23\/01\/20 &#8211; d\u00e9couverte \u00e0 Louxor : une nouvelle tombe royale<\/a><\/h4>\n<div class=\"pt-cv-content\"><p style=\"padding-left: 40px;\"><a href=\"https:\/\/xfp5095.phpnet.org\/wordpress\/wordpress\/wp-content\/uploads\/2023\/01\/Louxor-tombe-dyn-16-230120-1.jpg\" target=\"_blank\" rel=\"noopener\" data-rel=\"lightbox-image-bGlnaHRib3gtaW1hZ2UtMA==\" data-rl_title=\"\" data-rl_caption=\"\" data-rl_title=\"\" data-rl_caption=\"\" title=\"\"><img loading=\"lazy\" decoding=\"async\" class=\"alignleft wp-image-41816 size-medium\" src=\"https:\/\/xfp5095.phpnet.org\/wordpress\/wordpress\/wp-content\/uploads\/2023\/01\/Louxor-tombe-dyn-16-230120-1-300x153.jpg\" alt=\"\" width=\"300\" height=\"153\" srcset=\"https:\/\/xfp5095.phpnet.org\/wordpress\/wordpress\/wp-content\/uploads\/2023\/01\/Louxor-tombe-dyn-16-230120-1-300x153.jpg 300w, https:\/\/xfp5095.phpnet.org\/wordpress\/wordpress\/wp-content\/uploads\/2023\/01\/Louxor-tombe-dyn-16-230120-1-768x392.jpg 768w, https:\/\/xfp5095.phpnet.org\/wordpress\/wordpress\/wp-content\/uploads\/2023\/01\/Louxor-tombe-dyn-16-230120-1.jpg 1316w\" sizes=\"auto, (max-width: 300px) 100vw, 300px\" \/><\/a>\u00a0 \u00a0 <img loading=\"lazy\" decoding=\"async\" class=\"alignnone wp-image-41814\" src=\"https:\/\/xfp5095.phpnet.org\/wordpress\/wordpress\/wp-content\/uploads\/2023\/01\/sud-ouest-logo.jpg\" alt=\"\" width=\"44\" height=\"37\" \/><\/p>\n<p style=\"padding-left: 40px;\"><span style=\"font-size: 14px;\"><strong>\u00c9gypte\u00a0: une nouvelle tombe royale d\u00e9couverte \u00e0 Louxor, la Th\u00e8bes des pharaons<br \/>\n<\/strong><\/span><span style=\"font-size: 14px;\"><strong>Une nouvelle tombe, probablement celle d\u2019une \u00e9pouse royale de la 18e dynastie, celle d\u2019Akhenaton et de Toutankhamon il y a pr\u00e8s de 3\u00a0500\u00a0ans, a \u00e9t\u00e9 d\u00e9couverte \u00e0 Louxor, la Th\u00e8bes des pharaons, r\u00e9v\u00e8lent samedi les autorit\u00e9s \u00e9gyptiennes<\/strong><\/span><\/p>\n<p style=\"padding-left: 40px;\"><strong>voir l&#8217;article complet :\u00a0<span style=\"color: #3366ff;\"> <a style=\"color: #3366ff;\" href=\"https:\/\/www.sudouest.fr\/international\/moyen-orient\/egypte-une-nouvelle-tombe-royale-decouverte-a-louxor-la-thebes-des-pharaons-13672858.php?fbclid=IwAR1UJjf7Kt3Q1_guEZZ0vclnEAK_H42SpNQWzpKJiX6txzPDosH3t0pTQ0A\" target=\"_blank\" rel=\"noopener\">TV7-Sud Ouest<\/a><\/span><\/strong><br \/>\n<strong>R\u00e9sum\u00e9 :<\/strong> lire la suite<br \/>\n <a href=\"https:\/\/xfp5095.phpnet.org\/wordpress\/wordpress\/2023\/01\/20\/23-01-20-decouverte-a-louxor-une-nouvelle-tombe-royale\/\" class=\"more-link\"><span aria-label=\"Lire la suite de 23\/01\/20 &#8211; d\u00e9couverte \u00e0 Louxor : une nouvelle tombe royale\">(suite&hellip;)<\/span><\/a><\/p>\n<\/div>\n<div class=\"pt-cv-meta-fields\"><span class=\"entry-date\"> <time datetime=\"2023-01-20T08:53:24+01:00\">20 janvier 2023<\/time><\/span><span> \/ <\/span><span class=\"terms\"> <a href='https:\/\/xfp5095.phpnet.org\/wordpress\/wordpress\/category\/archives\/archives-generales\/' title='Archives g\u00e9n\u00e9rales' class='pt-cv-tax-archives-generales'>Archives g\u00e9n\u00e9rales<\/a>, <a href='https:\/\/xfp5095.phpnet.org\/wordpress\/wordpress\/category\/egypte_decouvertes_anc\/' title='Egypte_decouvertes_anc' class='pt-cv-tax-egypte_decouvertes_anc'>Egypte_decouvertes_anc<\/a><\/span><\/div><\/div><\/div>\n<div class=\"col-md-6 col-sm-6 col-xs-12 pt-cv-content-item pt-cv-1-col\" ><div class='pt-cv-ifield'><a href=\"https:\/\/xfp5095.phpnet.org\/wordpress\/wordpress\/2023\/03\/02\/2-mars-2023-gizeh-decouverte-dun-corridor-dans-la-grande-pyramide\/\" class=\"_self pt-cv-href-thumbnail pt-cv-thumb-default\" target=\"_self\" ><\/a>\n<h4 class=\"pt-cv-title\"><a href=\"https:\/\/xfp5095.phpnet.org\/wordpress\/wordpress\/2023\/03\/02\/2-mars-2023-gizeh-decouverte-dun-corridor-dans-la-grande-pyramide\/\" class=\"_self\" target=\"_self\" >2 Mars 2023, Gizeh :D\u00e9couverte d&#8217;un corridor dans la grande Pyramide<\/a><\/h4>\n<div class=\"pt-cv-content\"><p style=\"padding-left: 40px;\"><a href=\"https:\/\/xfp5095.phpnet.org\/wordpress\/wordpress\/wp-content\/uploads\/2023\/03\/Giza-pyramid-pexels-photo-15127308.jpg\" target=\"_blank\" rel=\"noopener\" data-rel=\"lightbox-image-bGlnaHRib3gtaW1hZ2UtMA==\" data-rl_title=\"\" data-rl_caption=\"\" data-rl_title=\"\" data-rl_caption=\"\" title=\"\"><img loading=\"lazy\" decoding=\"async\" class=\"alignleft wp-image-42162\" src=\"https:\/\/xfp5095.phpnet.org\/wordpress\/wordpress\/wp-content\/uploads\/2023\/03\/Giza-pyramid-pexels-photo-15127308-300x188.jpg\" alt=\"\" width=\"207\" height=\"130\" srcset=\"https:\/\/xfp5095.phpnet.org\/wordpress\/wordpress\/wp-content\/uploads\/2023\/03\/Giza-pyramid-pexels-photo-15127308-300x188.jpg 300w, https:\/\/xfp5095.phpnet.org\/wordpress\/wordpress\/wp-content\/uploads\/2023\/03\/Giza-pyramid-pexels-photo-15127308-768x480.jpg 768w, https:\/\/xfp5095.phpnet.org\/wordpress\/wordpress\/wp-content\/uploads\/2023\/03\/Giza-pyramid-pexels-photo-15127308.jpg 800w\" sizes=\"auto, (max-width: 207px) 100vw, 207px\" \/><\/a>Information : Michel Pouplet<br \/>\n<span style=\"font-size: 20px;\"><strong><span style=\"color: #993366;\">2 Mars 2023, Gizeh :D\u00e9couverte d&#8217;un corridor dans la grande Pyramide<\/span><\/strong><\/span><br \/>\n<strong><a href=\"https:\/\/cde.news\/scientists-discover-corridor-in-great-pyramid-of-giza\/?fbclid=IwAR1rhKQtEckWHXZL7ttpfOdYhJzYiS56BRzo3l26lYui5SXjb89ZiSEOHUM\" target=\"_blank\" rel=\"noopener\">Voir un article complet sur<\/a>\u00a0 \u00a0<a href=\"https:\/\/cde.news\/scientists-discover-corridor-in-great-pyramid-of-giza\/?fbclid=IwAR1rhKQtEckWHXZL7ttpfOdYhJzYiS56BRzo3l26lYui5SXjb89ZiSEOHUM\" target=\"_blank\" rel=\"noopener\"><img loading=\"lazy\" decoding=\"async\" class=\"alignnone wp-image-42163\" src=\"https:\/\/xfp5095.phpnet.org\/wordpress\/wordpress\/wp-content\/uploads\/2023\/03\/CDE-News-logo.jpg\" alt=\"\" width=\"44\" height=\"30\" srcset=\"https:\/\/xfp5095.phpnet.org\/wordpress\/wordpress\/wp-content\/uploads\/2023\/03\/CDE-News-logo.jpg 242w, https:\/\/xfp5095.phpnet.org\/wordpress\/wordpress\/wp-content\/uploads\/2023\/03\/CDE-News-logo-130x90.jpg 130w\" sizes=\"auto, (max-width: 44px) 100vw, 44px\" \/><\/a><br \/>\n<span style=\"color: #3366ff;\"><a style=\"color: #3366ff;\" href=\"https:\/\/vimeo.com\/803685954?fbclid=IwAR3ldHTPAdNVygQE28FnySR--sReqrOhhq1aCyr7kWiNdxjWYH6Q6D7EmK8\" target=\"_blank\" rel=\"noopener\">Voir la vid\u00e9o de Scan Pyramid<\/a><br \/>\n<span style=\"color: #000000;\">Analyse de<\/span> <a href=\"https:\/\/xfp5095.phpnet.org\/wordpress\/wordpress\/wp-content\/uploads\/2023\/03\/Franck-Monnier-corridor-dans-la-grande-pyramide-230303.pdf\">Franck Monnier corridor dans la grande pyramide 230303<\/a><br \/>\n<a href=\"https:\/\/www.facebook.com\/profile.php?id=100005396808455\" target=\"_blank\" rel=\"noopener\">Franck Monnier sur Facebook<\/a><br \/>\n<\/span><\/strong><\/p>\n<p style=\"padding-left: 40px;\">Les responsables du Conseil supr\u00eame \u00e9gyptien des antiquit\u00e9s ont annonc\u00e9 la d\u00e9couverte d&#8217;un couloir cach\u00e9 de neuf pieds de long au-dessus de l&#8217;entr\u00e9e principale de la grande pyramide de Gizeh. Selon les chercheurs, le corridor pourrait conduire \u00e0 d&#8217;autres d\u00e9couvertes et acquisitions de la pyramide. La d\u00e9couverte a \u00e9t\u00e9 faite dans le cadre du projet Scan Pyramids qui, depuis 2015, utilise des technologies modernes, dont le scan de mouvement et les endoscopes, pour scanner \u00e0 l&#8217;int\u00e9rieur de la Grande Pyramide. Le couloir, qui sur les photos semble inachev\u00e9,<\/p>\n<p style=\"padding-left: 40px;\"> <a href=\"https:\/\/xfp5095.phpnet.org\/wordpress\/wordpress\/2023\/03\/02\/2-mars-2023-gizeh-decouverte-dun-corridor-dans-la-grande-pyramide\/\" class=\"more-link\"><span aria-label=\"Lire la suite de 2 Mars 2023, Gizeh :D\u00e9couverte d&#8217;un corridor dans la grande Pyramide\">(suite&hellip;)<\/span><\/a><\/p>\n<\/div>\n<div class=\"pt-cv-meta-fields\"><span class=\"entry-date\"> <time datetime=\"2023-03-02T18:25:05+01:00\">2 mars 2023<\/time><\/span><span> \/ <\/span><span class=\"terms\"> <a href='https:\/\/xfp5095.phpnet.org\/wordpress\/wordpress\/category\/egypte_decouvertes_anc\/' title='Egypte_decouvertes_anc' class='pt-cv-tax-egypte_decouvertes_anc'>Egypte_decouvertes_anc<\/a><\/span><\/div><\/div><\/div>\n<div class=\"col-md-6 col-sm-6 col-xs-12 pt-cv-content-item pt-cv-1-col\" ><div class='pt-cv-ifield'><a href=\"https:\/\/xfp5095.phpnet.org\/wordpress\/wordpress\/2023\/01\/30\/saqqara-26-01-23-decouverte-de-4-tombes-de-dignitaires\/\" class=\"_self pt-cv-href-thumbnail pt-cv-thumb-default\" target=\"_self\" ><\/a>\n<h4 class=\"pt-cv-title\"><a href=\"https:\/\/xfp5095.phpnet.org\/wordpress\/wordpress\/2023\/01\/30\/saqqara-26-01-23-decouverte-de-4-tombes-de-dignitaires\/\" class=\"_self\" target=\"_self\" >Saqqara &#8211; 26\/01\/23- D\u00e9couverte de 4 tombes de dignitaires<\/a><\/h4>\n<div class=\"pt-cv-content\"><p style=\"padding-left: 40px;\"><strong><a href=\"https:\/\/xfp5095.phpnet.org\/wordpress\/wordpress\/wp-content\/uploads\/2023\/01\/Saqqara-230122-decouverte-tombes-dignitaires.jpg\" target=\"_blank\" rel=\"noopener\" data-rel=\"lightbox-image-bGlnaHRib3gtaW1hZ2UtMA==\" data-rl_title=\"\" data-rl_caption=\"\" data-rl_title=\"\" data-rl_caption=\"\" title=\"\"><img loading=\"lazy\" decoding=\"async\" class=\"alignleft wp-image-41905\" src=\"https:\/\/xfp5095.phpnet.org\/wordpress\/wordpress\/wp-content\/uploads\/2023\/01\/Saqqara-230122-decouverte-tombes-dignitaires-300x225.jpg\" alt=\"\" width=\"193\" height=\"145\" srcset=\"https:\/\/xfp5095.phpnet.org\/wordpress\/wordpress\/wp-content\/uploads\/2023\/01\/Saqqara-230122-decouverte-tombes-dignitaires-300x225.jpg 300w, https:\/\/xfp5095.phpnet.org\/wordpress\/wordpress\/wp-content\/uploads\/2023\/01\/Saqqara-230122-decouverte-tombes-dignitaires-768x575.jpg 768w, https:\/\/xfp5095.phpnet.org\/wordpress\/wordpress\/wp-content\/uploads\/2023\/01\/Saqqara-230122-decouverte-tombes-dignitaires.jpg 1000w\" sizes=\"auto, (max-width: 193px) 100vw, 193px\" \/><\/a><\/strong><\/p>\n<p style=\"padding-left: 40px;\"><strong><img loading=\"lazy\" decoding=\"async\" class=\"alignnone wp-image-4188\" src=\"https:\/\/xfp5095.phpnet.org\/wordpress\/wordpress\/wp-content\/uploads\/2018\/11\/sciences-avenir-logo.jpg\" alt=\"\" width=\"67\" height=\"32\" \/>\u00a0 \u00a0L&#8217;\u00c9gypte annonce la d\u00e9couverte de quatre nouvelles tombes de dignitaires pharaoniques et d&#8217;une momie couverte d&#8217;or. <\/strong><strong>Vieille de plus de 4000 ans, la momie, couverte d&#8217;or, serait &#8220;l\u2019une des plus anciennes et des mieux conserv\u00e9es d\u2019\u00c9gypte en dehors des momies royales&#8221;.<\/strong><br \/>\nLa d\u00e9couverte de quatre tombes de dignitaires pharaoniques et d&#8217;une momie de plus de 4000 ans dans la n\u00e9cropole de Saqqara, pr\u00e8s du Caire, a \u00e9t\u00e9 annonc\u00e9e jeudi 26 janvier 2023 par l&#8217;\u00c9gypte lors d&#8217;une conf\u00e9rence de presse organis\u00e9e en grande pompe&#8230;.<br \/>\n&#8230; les tombeaux avaient \u00e9t\u00e9 scell\u00e9s sous les 5e et 6e dynasties, soit entre 2500 et 2100 ans avant J.-C.<\/p>\n<p style=\"padding-left: 40px;\"><span style=\"color: #3366ff;\"><strong><a style=\"color: #3366ff;\" href=\"https:\/\/www.sciencesetavenir.fr\/archeo-paleo\/archeologie\/l-egypte-annonce-la-decouverte-de-quatre-nouvelles-tombes-de-dignitaires-pharaoniques-et-d-une-momie-couverte-d-or_169121\" target=\"_blank\" rel=\"noopener\">Lire l&#8217;article complet sur &#8220;Sciences et Avenir&#8221;<\/a><\/strong><\/span><\/p>\n<\/div>\n<div class=\"pt-cv-meta-fields\"><span class=\"entry-date\"> <time datetime=\"2023-01-30T05:49:07+01:00\">30 janvier 2023<\/time><\/span><span> \/ <\/span><span class=\"terms\"> <a href='https:\/\/xfp5095.phpnet.org\/wordpress\/wordpress\/category\/egypte_decouvertes_anc\/' title='Egypte_decouvertes_anc' class='pt-cv-tax-egypte_decouvertes_anc'>Egypte_decouvertes_anc<\/a><\/span><\/div><\/div><\/div>\n<div class=\"col-md-6 col-sm-6 col-xs-12 pt-cv-content-item pt-cv-1-col\" ><div class='pt-cv-ifield'><a href=\"https:\/\/xfp5095.phpnet.org\/wordpress\/wordpress\/2021\/04\/09\/louxor-decouvertede-la-citee-doree-perdue-08-04-21\/\" class=\"_self pt-cv-href-thumbnail pt-cv-thumb-default\" target=\"_self\" ><\/a>\n<h4 class=\"pt-cv-title\"><a href=\"https:\/\/xfp5095.phpnet.org\/wordpress\/wordpress\/2021\/04\/09\/louxor-decouvertede-la-citee-doree-perdue-08-04-21\/\" class=\"_self\" target=\"_self\" >Louxor-d\u00e9couverte de la  &#8220;cit\u00e9e dor\u00e9e perdue&#8221;-08\/04\/21<\/a><\/h4>\n<div class=\"pt-cv-content\"><p style=\"padding-left: 40px;\"><a href=\"https:\/\/xfp5095.phpnet.org\/wordpress\/wordpress\/wp-content\/uploads\/2021\/04\/2021-dec-Louxor-cite-doree-perdue-.jpg\" target=\"_blank\" rel=\"noopener noreferrer\" data-rel=\"lightbox-image-bGlnaHRib3gtaW1hZ2UtMA==\" data-rl_title=\"\" data-rl_caption=\"\" data-rl_title=\"\" data-rl_caption=\"\" title=\"\"><img loading=\"lazy\" decoding=\"async\" class=\"alignleft wp-image-12061\" src=\"https:\/\/xfp5095.phpnet.org\/wordpress\/wordpress\/wp-content\/uploads\/2021\/04\/2021-dec-Louxor-cite-doree-perdue--300x179.jpg\" alt=\"\" width=\"220\" height=\"131\" srcset=\"https:\/\/xfp5095.phpnet.org\/wordpress\/wordpress\/wp-content\/uploads\/2021\/04\/2021-dec-Louxor-cite-doree-perdue--300x179.jpg 300w, https:\/\/xfp5095.phpnet.org\/wordpress\/wordpress\/wp-content\/uploads\/2021\/04\/2021-dec-Louxor-cite-doree-perdue-.jpg 460w\" sizes=\"auto, (max-width: 220px) 100vw, 220px\" \/><\/a><\/p>\n<p style=\"padding-left: 40px;\"><img loading=\"lazy\" decoding=\"async\" class=\"alignnone wp-image-5011\" src=\"https:\/\/xfp5095.phpnet.org\/wordpress\/wordpress\/wp-content\/uploads\/2019\/04\/ahramonline-logo-300x80.jpg\" alt=\"\" width=\"116\" height=\"31\" srcset=\"https:\/\/xfp5095.phpnet.org\/wordpress\/wordpress\/wp-content\/uploads\/2019\/04\/ahramonline-logo-300x80.jpg 300w, https:\/\/xfp5095.phpnet.org\/wordpress\/wordpress\/wp-content\/uploads\/2019\/04\/ahramonline-logo.jpg 450w\" sizes=\"auto, (max-width: 116px) 100vw, 116px\" \/>&nbsp; <a href=\"https:\/\/english.ahram.org.eg\/WriterArticles\/Nevine-ElAref\/283\/0.aspx\">Nevine El-Aref<\/a>&nbsp;, jeudi 8 avril 2021<br \/>\nvoir l&#8217;<span style=\"color: #3366ff;\"><strong><a style=\"color: #3366ff;\" href=\"https:\/\/english.ahram.org.eg\/News\/408778.aspx\" target=\"_blank\" rel=\"noopener noreferrer\">article complet<\/a><\/strong><\/span><br \/>\n<strong>l&#8217;\u00e9gyptologue Zahi Hawass annonce la d\u00e9couverte de la &#8220; cit\u00e9 dor\u00e9e perdue &#8221; vieille de 3000 ans \u00e0 Louxor<\/strong><br \/>\n&nbsp;La mission \u00e9gyptienne sous Zahi Hawass a d\u00e9couvert une ancienne ville \u00e9gyptienne \u00e0 Louxor &#8211; La mont\u00e9e d&#8217;Aton &#8211; qui a \u00e9t\u00e9 perdue sous les sables il y a 3000 ans.<br \/>\nLa ville &#8211; surnomm\u00e9e la cit\u00e9 dor\u00e9e perdue &#8211; date du r\u00e8gne d&#8217;Amenhotep III et a continu\u00e9 \u00e0 \u00eatre utilis\u00e9e par Toutankhamon et Ay.<br \/>\n<a href=\"https:\/\/xfp5095.phpnet.org\/wordpress\/wordpress\/wp-content\/uploads\/2021\/04\/2021-dec-Louxor-cite-doree-perdue-2.jpg\" target=\"_blank\" rel=\"noopener noreferrer\" data-rel=\"lightbox-image-bGlnaHRib3gtaW1hZ2UtMQ==\" data-rl_title=\"\" data-rl_caption=\"\" data-rl_title=\"\" data-rl_caption=\"\" title=\"\"><img loading=\"lazy\" decoding=\"async\" class=\"wp-image-12062 alignleft\" src=\"https:\/\/xfp5095.phpnet.org\/wordpress\/wordpress\/wp-content\/uploads\/2021\/04\/2021-dec-Louxor-cite-doree-perdue-2-263x300.jpg\" alt=\"\" width=\"95\" height=\"108\" srcset=\"https:\/\/xfp5095.phpnet.org\/wordpress\/wordpress\/wp-content\/uploads\/2021\/04\/2021-dec-Louxor-cite-doree-perdue-2-263x300.jpg 263w, https:\/\/xfp5095.phpnet.org\/wordpress\/wordpress\/wp-content\/uploads\/2021\/04\/2021-dec-Louxor-cite-doree-perdue-2.jpg 350w\" sizes=\"auto, (max-width: 95px) 100vw, 95px\" \/><\/a> <a href=\"https:\/\/xfp5095.phpnet.org\/wordpress\/wordpress\/wp-content\/uploads\/2021\/04\/2021-dec-Louxor-cite-doree-perdue-3.jpg\" target=\"_blank\" rel=\"noopener noreferrer\" data-rel=\"lightbox-image-bGlnaHRib3gtaW1hZ2UtMg==\" data-rl_title=\"\" data-rl_caption=\"\" data-rl_title=\"\" data-rl_caption=\"\" title=\"\"><img loading=\"lazy\" decoding=\"async\" class=\"wp-image-12063 alignright\" src=\"https:\/\/xfp5095.phpnet.org\/wordpress\/wordpress\/wp-content\/uploads\/2021\/04\/2021-dec-Louxor-cite-doree-perdue-3.jpg\" alt=\"\" width=\"87\" height=\"99\" srcset=\"https:\/\/xfp5095.phpnet.org\/wordpress\/wordpress\/wp-content\/uploads\/2021\/04\/2021-dec-Louxor-cite-doree-perdue-3.jpg 350w, https:\/\/xfp5095.phpnet.org\/wordpress\/wordpress\/wp-content\/uploads\/2021\/04\/2021-dec-Louxor-cite-doree-perdue-3-263x300.jpg 263w\" sizes=\"auto, (max-width: 87px) 100vw, 87px\" \/><\/a> &nbsp; &#8220;De nombreuses missions \u00e9trang\u00e8res ont cherch\u00e9 cette ville et ne l&#8217;ont jamais trouv\u00e9e. Nous avons commenc\u00e9 notre travail \u00e0 la recherche du temple mortuaire de Toutankhamon parce que les temples d&#8217;Horemheb et d&#8217;Ay ont \u00e9t\u00e9 trouv\u00e9s dans cette zone \u00bb, a d\u00e9clar\u00e9 Hawass.<\/p>\n<p style=\"padding-left: 40px;\">&nbsp;<\/p>\n<p style=\"padding-left: 40px;\"><a href=\"https:\/\/xfp5095.phpnet.org\/wordpress\/wordpress\/wp-content\/uploads\/2021\/04\/1930-Louxor-cite-doree-perdue-.jpg.jpg\" target=\"_blank\" rel=\"noopener noreferrer\" data-rel=\"lightbox-image-bGlnaHRib3gtaW1hZ2UtMw==\" data-rl_title=\"\" data-rl_caption=\"\" data-rl_title=\"\" data-rl_caption=\"\" title=\"\"><img loading=\"lazy\" decoding=\"async\" class=\"alignleft wp-image-12072\" src=\"https:\/\/xfp5095.phpnet.org\/wordpress\/wordpress\/wp-content\/uploads\/2021\/04\/1930-Louxor-cite-doree-perdue-.jpg-225x300.jpg\" alt=\"\" width=\"120\" height=\"160\" srcset=\"https:\/\/xfp5095.phpnet.org\/wordpress\/wordpress\/wp-content\/uploads\/2021\/04\/1930-Louxor-cite-doree-perdue-.jpg-225x300.jpg 225w, https:\/\/xfp5095.phpnet.org\/wordpress\/wordpress\/wp-content\/uploads\/2021\/04\/1930-Louxor-cite-doree-perdue-.jpg-768x1023.jpg 768w, https:\/\/xfp5095.phpnet.org\/wordpress\/wordpress\/wp-content\/uploads\/2021\/04\/1930-Louxor-cite-doree-perdue-.jpg.jpg 896w\" sizes=\"auto, (max-width: 120px) 100vw, 120px\" \/><\/a> Les plans et photos des fouilles r\u00e9alis\u00e9s dans les ann\u00e9es 1930 par Alexandre Varille, non loin de la zone mise au jour depuis septembre 2020. <b>Ce qui relativise ces annonces tr\u00e8s m\u00e9diatiques<\/b> car on voit clairement que les murs en zigzag \u00e9taient connus, d\u00e9j\u00e0. Le chantier men\u00e9 par les Fran\u00e7ais au temple d&#8217;Amenhotep Fils de Hapou, un grand personnage de la cour d&#8217;Amenhotep III, a \u00e9t\u00e9 recouvert par les sables depuis.<\/p>\n<\/div>\n<div class=\"pt-cv-meta-fields\"><span class=\"entry-date\"> <time datetime=\"2021-04-09T08:58:45+02:00\">9 avril 2021<\/time><\/span><span> \/ <\/span><span class=\"terms\"> <a href='https:\/\/xfp5095.phpnet.org\/wordpress\/wordpress\/category\/egypte_decouvertes_anc\/' title='Egypte_decouvertes_anc' class='pt-cv-tax-egypte_decouvertes_anc'>Egypte_decouvertes_anc<\/a><\/span><\/div><\/div><\/div>\n<div class=\"col-md-6 col-sm-6 col-xs-12 pt-cv-content-item pt-cv-1-col\" ><div class='pt-cv-ifield'><a href=\"https:\/\/xfp5095.phpnet.org\/wordpress\/wordpress\/2021\/08\/29\/decouverte-alexandrie-210827\/\" class=\"_self pt-cv-href-thumbnail pt-cv-thumb-default\" target=\"_self\" ><\/a>\n<h4 class=\"pt-cv-title\"><a href=\"https:\/\/xfp5095.phpnet.org\/wordpress\/wordpress\/2021\/08\/29\/decouverte-alexandrie-210827\/\" class=\"_self\" target=\"_self\" >Decouverte Alexandrie 210827<\/a><\/h4>\n<div class=\"pt-cv-content\"><p style=\"padding-left: 40px;\"><strong><a href=\"https:\/\/xfp5095.phpnet.org\/wordpress\/wordpress\/wp-content\/uploads\/2021\/08\/decouverte-alexandrie-210827.jpg\" target=\"_blank\" rel=\"noopener noreferrer\" data-rel=\"lightbox-image-bGlnaHRib3gtaW1hZ2UtMA==\" data-rl_title=\"\" data-rl_caption=\"\" data-rl_title=\"\" data-rl_caption=\"\" title=\"\"><img loading=\"lazy\" decoding=\"async\" class=\"alignleft wp-image-12591 \" src=\"https:\/\/xfp5095.phpnet.org\/wordpress\/wordpress\/wp-content\/uploads\/2021\/08\/decouverte-alexandrie-210827-300x212.jpg\" alt=\"\" width=\"241\" height=\"170\" srcset=\"https:\/\/xfp5095.phpnet.org\/wordpress\/wordpress\/wp-content\/uploads\/2021\/08\/decouverte-alexandrie-210827-300x212.jpg 300w, https:\/\/xfp5095.phpnet.org\/wordpress\/wordpress\/wp-content\/uploads\/2021\/08\/decouverte-alexandrie-210827-768x544.jpg 768w, https:\/\/xfp5095.phpnet.org\/wordpress\/wordpress\/wp-content\/uploads\/2021\/08\/decouverte-alexandrie-210827.jpg 993w\" sizes=\"auto, (max-width: 241px) 100vw, 241px\" \/><\/a><img loading=\"lazy\" decoding=\"async\" class=\" wp-image-12589 alignleft\" src=\"https:\/\/xfp5095.phpnet.org\/wordpress\/wordpress\/wp-content\/uploads\/2021\/08\/I24-logo.jpg\" alt=\"\" width=\"63\" height=\"48\"\/>&nbsp;&nbsp; Egypte: d\u00e9couverte \u00e0 Alexandrie de zones urbaines vieilles de 2.300 ans<br \/>\n<\/strong><strong>AFP&nbsp; <\/strong>27 ao\u00fbt 2021, 19:44derni\u00e8re modification 27 ao\u00fbt 2021, 22:23<\/p>\n<p style=\"padding-left: 40px;\"><span style=\"font-size: 12px;\">AFP Photo\/Egyptian Ministry of Antiquities<em>Illustration-The remains of a row of vats used for beer fermentation, in a complex which may be the world&#8217;s &#8220;oldest&#8221; high-production brewery, uncovered in the Abydos archaeological site in Egypt&#8217;s south, on February 13, 2021.<\/em><\/span><\/p>\n<p>Voir l&#8217;article complet :&nbsp; <a href=\"https:\/\/www.i24news.tv\/fr\/actu\/international\/moyen-orient\/1630085148-egypte-decouverte-a-alexandrie-de-zones-urbaines-vieilles-de-2-300-ans?fbclid=IwAR2N2HCX9Srk6KN3PNiTVBQNC5cuyfPWhlL-fP4KfgSUYULfojhvpQP54Jg\" target=\"_blank\" rel=\"noopener noreferrer\"><img loading=\"lazy\" decoding=\"async\" class=\"\" src=\"https:\/\/xfp5095.phpnet.org\/wordpress\/wordpress\/wp-content\/uploads\/2021\/08\/I24-logo.jpg\" width=\"43\" height=\"33\"\/><\/a>&nbsp; &nbsp; &nbsp; Voir autre article : <a href=\"https:\/\/www.geo.fr\/histoire\/egypte-decouverte-a-alexandrie-de-zones-urbaines-vieilles-de-2-300-ans-206059\" target=\"_blank\" rel=\"noopener noreferrer\"><img loading=\"lazy\" decoding=\"async\" class=\"alignnone wp-image-12590\" src=\"https:\/\/xfp5095.phpnet.org\/wordpress\/wordpress\/wp-content\/uploads\/2021\/08\/GEO-Logo.jpg\" alt=\"\" width=\"59\" height=\"26\"\/><\/a><\/p>\n<p style=\"padding-left: 40px;\"><strong>Ils ont d\u00e9couvert la moiti\u00e9 d&#8217;une statue en alb\u00e2tre repr\u00e9sentant &#8220;un empereur romain&#8221;<\/strong><\/p>\n<p style=\"padding-left: 40px;\">L&#8217;Egypte a annonc\u00e9 vendredi la d\u00e9couverte dans la ville d&#8217;Alexandrie de vestiges de zones &#8220;r\u00e9sidentielles et commerciales&#8221; datant au moins du IIe si\u00e8cle avant notre \u00e8re.<br \/>\n <a href=\"https:\/\/xfp5095.phpnet.org\/wordpress\/wordpress\/2021\/08\/29\/decouverte-alexandrie-210827\/\" class=\"more-link\"><span aria-label=\"Lire la suite de Decouverte Alexandrie 210827\">(suite&hellip;)<\/span><\/a><\/p>\n<\/div>\n<div class=\"pt-cv-meta-fields\"><span class=\"entry-date\"> <time datetime=\"2021-08-29T07:50:04+02:00\">29 ao\u00fbt 2021<\/time><\/span><span> \/ <\/span><span class=\"terms\"> <a href='https:\/\/xfp5095.phpnet.org\/wordpress\/wordpress\/category\/egypte_decouvertes_anc\/' title='Egypte_decouvertes_anc' class='pt-cv-tax-egypte_decouvertes_anc'>Egypte_decouvertes_anc<\/a><\/span><\/div><\/div><\/div>\n<div class=\"col-md-6 col-sm-6 col-xs-12 pt-cv-content-item pt-cv-1-col\" ><div class='pt-cv-ifield'><a href=\"https:\/\/xfp5095.phpnet.org\/wordpress\/wordpress\/2021\/01\/28\/saqqarah-decouverte-novembre-2020\/\" class=\"_self pt-cv-href-thumbnail pt-cv-thumb-default\" target=\"_self\" ><\/a>\n<h4 class=\"pt-cv-title\"><a href=\"https:\/\/xfp5095.phpnet.org\/wordpress\/wordpress\/2021\/01\/28\/saqqarah-decouverte-novembre-2020\/\" class=\"_self\" target=\"_self\" >Saqqarah : d\u00e9couverte novembre 2020<\/a><\/h4>\n<div class=\"pt-cv-content\"><p style=\"padding-left: 40px;\"><a href=\"https:\/\/xfp5095.phpnet.org\/wordpress\/wordpress\/wp-content\/uploads\/2021\/01\/Necropole-de-Saqqarah-KHALED-DESOUKI-AFP-.jpg\" data-rel=\"lightbox-image-bGlnaHRib3gtaW1hZ2UtMA==\" data-rl_title=\"\" data-rl_caption=\"\" data-rl_title=\"\" data-rl_caption=\"\" title=\"\"><img loading=\"lazy\" decoding=\"async\" class=\"alignleft wp-image-11670\" src=\"https:\/\/xfp5095.phpnet.org\/wordpress\/wordpress\/wp-content\/uploads\/2021\/01\/Necropole-de-Saqqarah-KHALED-DESOUKI-AFP--300x200.jpg\" alt=\"\" width=\"173\" height=\"115\" srcset=\"https:\/\/xfp5095.phpnet.org\/wordpress\/wordpress\/wp-content\/uploads\/2021\/01\/Necropole-de-Saqqarah-KHALED-DESOUKI-AFP--300x200.jpg 300w, https:\/\/xfp5095.phpnet.org\/wordpress\/wordpress\/wp-content\/uploads\/2021\/01\/Necropole-de-Saqqarah-KHALED-DESOUKI-AFP--600x400.jpg 600w, https:\/\/xfp5095.phpnet.org\/wordpress\/wordpress\/wp-content\/uploads\/2021\/01\/Necropole-de-Saqqarah-KHALED-DESOUKI-AFP-.jpg 720w\" sizes=\"auto, (max-width: 173px) 100vw, 173px\" \/><\/a>N\u00e9cropole de Saqqarah : le site de la mission arch\u00e9ologique de l&#8217;\u00e9gyptologue Zahi Hawass o\u00f9 ont effectu\u00e9es les nombreuses d\u00e9couvertes. (KHALED DESOUKI \/ AFP)<\/p>\n<p> <a href=\"https:\/\/xfp5095.phpnet.org\/wordpress\/wordpress\/2021\/01\/28\/saqqarah-decouverte-novembre-2020\/\" class=\"more-link\"><span aria-label=\"Lire la suite de Saqqarah : d\u00e9couverte novembre 2020\">(suite&hellip;)<\/span><\/a><\/p>\n<\/div>\n<div class=\"pt-cv-meta-fields\"><span class=\"entry-date\"> <time datetime=\"2021-01-28T09:44:26+01:00\">28 janvier 2021<\/time><\/span><span> \/ <\/span><span class=\"terms\"> <a href='https:\/\/xfp5095.phpnet.org\/wordpress\/wordpress\/category\/archives\/archives-generales\/' title='Archives g\u00e9n\u00e9rales' class='pt-cv-tax-archives-generales'>Archives g\u00e9n\u00e9rales<\/a>, <a href='https:\/\/xfp5095.phpnet.org\/wordpress\/wordpress\/category\/egypte_decouvertes_anc\/' title='Egypte_decouvertes_anc' class='pt-cv-tax-egypte_decouvertes_anc'>Egypte_decouvertes_anc<\/a><\/span><\/div><\/div><\/div>\n<div class=\"col-md-6 col-sm-6 col-xs-12 pt-cv-content-item pt-cv-1-col\" ><div class='pt-cv-ifield'><a href=\"https:\/\/xfp5095.phpnet.org\/wordpress\/wordpress\/2020\/07\/28\/les-decouvertes-majeures-de\/\" class=\"_self pt-cv-href-thumbnail pt-cv-thumb-default\" target=\"_self\" ><\/a>\n<h4 class=\"pt-cv-title\"><a href=\"https:\/\/xfp5095.phpnet.org\/wordpress\/wordpress\/2020\/07\/28\/les-decouvertes-majeures-de\/\" class=\"_self\" target=\"_self\" >Les decouvertes majeures de Saqqarah 2016<\/a><\/h4>\n<div class=\"pt-cv-content\"><div id=\"container\" class=\"style-scope ytd-channel-name\">\n<div id=\"text-container\" class=\"style-scope ytd-channel-name\" style=\"padding-left: 40px;\"><a class=\"yt-simple-endpoint style-scope yt-formatted-string\" dir=\"auto\" spellcheck=\"false\" href=\"https:\/\/www.youtube.com\/channel\/UCVoT8fZqVM44z6huWSaxUIQ\">National Geographic Royaume-Uni<\/a><\/div>\n<\/div>\n<p style=\"padding-left: 40px;\">\u00c0 l&#8217;int\u00e9rieur de l&#8217;ancienne n\u00e9cropole \u00e9gyptienne de Saqqarah, le Dr Ramadan Hussein et son \u00e9quipe travaillent \u00e0 la d\u00e9couverte d&#8217;un complexe fun\u00e9raire unique. Ramadan est intrigu\u00e9 par un mur au bas du puits de 100 pieds, et leur recherche risqu\u00e9e les m\u00e8ne \u00e0 l&#8217;une des plus grandes d\u00e9couvertes de la fouille jusqu&#8217;\u00e0 pr\u00e9sent. Royaume des momies sur National Geographic UK<\/p>\n<p style=\"padding-left: 40px;\"><em><span style=\"color: #3366ff;\"><a style=\"color: #3366ff;\" href=\"https:\/\/www.youtube.com\/watch?v=nf0gnpC2ayw\" target=\"_blank\" rel=\"noopener noreferrer\">Voir le podcast\u00a0<\/a><\/span><\/em><\/p>\n<\/div>\n<div class=\"pt-cv-meta-fields\"><span class=\"entry-date\"> <time datetime=\"2020-07-28T17:45:49+02:00\">28 juillet 2020<\/time><\/span><span> \/ <\/span><span class=\"terms\"> <a href='https:\/\/xfp5095.phpnet.org\/wordpress\/wordpress\/category\/egypte_decouvertes_anc\/' title='Egypte_decouvertes_anc' class='pt-cv-tax-egypte_decouvertes_anc'>Egypte_decouvertes_anc<\/a><\/span><\/div><\/div><\/div>\n<div class=\"col-md-6 col-sm-6 col-xs-12 pt-cv-content-item pt-cv-1-col\" ><div class='pt-cv-ifield'><a href=\"https:\/\/xfp5095.phpnet.org\/wordpress\/wordpress\/2020\/10\/05\/saqqara-decouverte-de-59-cercueils-intacts\/\" class=\"_self pt-cv-href-thumbnail pt-cv-thumb-default\" target=\"_self\" ><\/a>\n<h4 class=\"pt-cv-title\"><a href=\"https:\/\/xfp5095.phpnet.org\/wordpress\/wordpress\/2020\/10\/05\/saqqara-decouverte-de-59-cercueils-intacts\/\" class=\"_self\" target=\"_self\" >Saqqara : d\u00e9couverte de 59 sarcophages intacts<\/a><\/h4>\n<div class=\"pt-cv-content\"><p style=\"padding-left: 40px;\"><a href=\"https:\/\/xfp5095.phpnet.org\/wordpress\/wordpress\/wp-content\/uploads\/2020\/10\/saqqara-reteurs-201003.jpg\" target=\"_blank\" rel=\"noopener noreferrer\" data-rel=\"lightbox-image-bGlnaHRib3gtaW1hZ2UtMA==\" data-rl_title=\"\" data-rl_caption=\"\" data-rl_title=\"\" data-rl_caption=\"\" title=\"\"><img loading=\"lazy\" decoding=\"async\" class=\"alignleft wp-image-11075\" src=\"https:\/\/xfp5095.phpnet.org\/wordpress\/wordpress\/wp-content\/uploads\/2020\/10\/saqqara-reteurs-201003-300x179.jpg\" alt=\"\" width=\"174\" height=\"104\" \/><\/a><img loading=\"lazy\" decoding=\"async\" class=\"wp-image-5011 alignleft\" src=\"https:\/\/xfp5095.phpnet.org\/wordpress\/wordpress\/wp-content\/uploads\/2019\/04\/ahramonline-logo-300x80.jpg\" alt=\"\" width=\"94\" height=\"25\" srcset=\"https:\/\/xfp5095.phpnet.org\/wordpress\/wordpress\/wp-content\/uploads\/2019\/04\/ahramonline-logo-300x80.jpg 300w, https:\/\/xfp5095.phpnet.org\/wordpress\/wordpress\/wp-content\/uploads\/2019\/04\/ahramonline-logo.jpg 450w\" sizes=\"auto, (max-width: 94px) 100vw, 94px\" \/>Nevine El-Aref , samedi 3 oct.2020<br \/>\nPhoto : Reuters<br \/>\nune collection de 59 cercueils intacts de la 26e dynastie d\u00e9couverts dans la n\u00e9cropole \u00e9gyptienne de Saqqara<br \/>\nTous les sarcophages mis au jour sont en tr\u00e8s bon \u00e9tat de conservation et portent encore leurs couleurs d&#8217;origineUne mission arch\u00e9ologique \u00e9gyptienne a d\u00e9couvert une grande collection de cercueils intacts et scell\u00e9s dans la n\u00e9cropole de Saqqara.<br \/>\nUne soixantaine d&#8217;ambassadeurs et de repr\u00e9sentants des m\u00e9dias internationaux ont afflu\u00e9 sur les lieux samedi pour assister \u00e0 l&#8217;annonce de la nouvelle d\u00e9couverte. Sur place, pr\u00e8s de 40 sarcophages\u00a0 peints anthropo\u00efdes ont \u00e9t\u00e9 plac\u00e9s dans une grande tente, tandis que le reste des cercueils a \u00e9t\u00e9 expos\u00e9 \u00e0 l&#8217;int\u00e9rieur des tombes.<br \/>\nlire les articles complets :<br \/>\nahramonline- <a href=\"http:\/\/english.ahram.org.eg\/News\/386483.aspx\" target=\"_blank\" rel=\"noopener noreferrer\">Saqqara collection de 59 sarcophages<\/a><br \/>\nEgypt Today : <a href=\"https:\/\/www.egypttoday.com\/Article\/4\/92629\/Egypt%E2%80%99s-Min-of-Tourism-Antiquities-%E2%80%9C-Today-we-announce-the\" target=\"_blank\" rel=\"noopener noreferrer\">\u201c Today we announce the largest archaeological discovery in 2020\u201d<\/a><\/p>\n<h1 class=\"ArticleTitleH1\" style=\"padding-left: 40px;\"><\/h1>\n<p>&nbsp;<\/p>\n<\/div>\n<div class=\"pt-cv-meta-fields\"><span class=\"entry-date\"> <time datetime=\"2020-10-05T07:24:47+02:00\">5 octobre 2020<\/time><\/span><span> \/ <\/span><span class=\"terms\"> <a href='https:\/\/xfp5095.phpnet.org\/wordpress\/wordpress\/category\/egypte_decouvertes_anc\/' title='Egypte_decouvertes_anc' class='pt-cv-tax-egypte_decouvertes_anc'>Egypte_decouvertes_anc<\/a><\/span><\/div><\/div><\/div>\n<div class=\"col-md-6 col-sm-6 col-xs-12 pt-cv-content-item pt-cv-1-col\" ><div class='pt-cv-ifield'><a href=\"https:\/\/xfp5095.phpnet.org\/wordpress\/wordpress\/2020\/05\/14\/quatre-sphinx-a-tete-de-belier-sur-la-place-tahrir-mai-2020\/\" class=\"_self pt-cv-href-thumbnail pt-cv-thumb-default\" target=\"_self\" ><\/a>\n<h4 class=\"pt-cv-title\"><a href=\"https:\/\/xfp5095.phpnet.org\/wordpress\/wordpress\/2020\/05\/14\/quatre-sphinx-a-tete-de-belier-sur-la-place-tahrir-mai-2020\/\" class=\"_self\" target=\"_self\" >Quatre sphinx \u00e0 t\u00eate de b\u00e9lier sur la place Tahrir (Mai 2020)<\/a><\/h4>\n<div class=\"pt-cv-content\"><p style=\"padding-left: 40px;\"><strong><img loading=\"lazy\" decoding=\"async\" class=\"alignnone  wp-image-5011\" src=\"https:\/\/xfp5095.phpnet.org\/wordpress\/wordpress\/wp-content\/uploads\/2019\/04\/ahramonline-logo-300x80.jpg\" alt=\"\" width=\"120\" height=\"32\" srcset=\"https:\/\/xfp5095.phpnet.org\/wordpress\/wordpress\/wp-content\/uploads\/2019\/04\/ahramonline-logo-300x80.jpg 300w, https:\/\/xfp5095.phpnet.org\/wordpress\/wordpress\/wp-content\/uploads\/2019\/04\/ahramonline-logo.jpg 450w\" sizes=\"auto, (max-width: 120px) 100vw, 120px\" \/>\u00a0 \u00a0<a href=\"http:\/\/english.ahram.org.eg\/News\/368454.aspx\" target=\"_blank\" rel=\"noopener noreferrer\"> \u00a0Quatre sphinx \u00e0 t\u00eate de b\u00e9lier arrivent sur la place Tahrir<\/a><\/strong><br \/>\n<a href=\"https:\/\/xfp5095.phpnet.org\/wordpress\/wordpress\/wp-content\/uploads\/2020\/05\/expo-spinx-Karnak-Tahrir-200514.jpg\" target=\"_blank\" rel=\"noopener noreferrer\" data-rel=\"lightbox-image-bGlnaHRib3gtaW1hZ2UtMA==\" data-rl_title=\"\" data-rl_caption=\"\" data-rl_title=\"\" data-rl_caption=\"\" title=\"\"><img loading=\"lazy\" decoding=\"async\" class=\"alignleft wp-image-9958\" src=\"https:\/\/xfp5095.phpnet.org\/wordpress\/wordpress\/wp-content\/uploads\/2020\/05\/expo-spinx-Karnak-Tahrir-200514-300x179.jpg\" alt=\"\" width=\"169\" height=\"101\" srcset=\"https:\/\/xfp5095.phpnet.org\/wordpress\/wordpress\/wp-content\/uploads\/2020\/05\/expo-spinx-Karnak-Tahrir-200514-300x179.jpg 300w, https:\/\/xfp5095.phpnet.org\/wordpress\/wordpress\/wp-content\/uploads\/2020\/05\/expo-spinx-Karnak-Tahrir-200514.jpg 460w\" sizes=\"auto, (max-width: 169px) 100vw, 169px\" \/><\/a>Quatre sphinx \u00e0 t\u00eate de b\u00e9lier ont \u00e9t\u00e9 transport\u00e9s vendredi soir vers leur nouvelle exposition permanente sur la place Tahrir au centre-ville du Caire apr\u00e8s des mois de restauration.<\/p>\n<p style=\"padding-left: 40px;\">Les sphinx \u00e9taient \u00e0 l&#8217;origine situ\u00e9s dans la premi\u00e8re cour derri\u00e8re le premier pyl\u00f4ne du temple de Karnak \u00e0 Louxor. La cour \u00e9tait bord\u00e9e de 30 paires de sphinx.<\/p>\n<p> <a href=\"https:\/\/xfp5095.phpnet.org\/wordpress\/wordpress\/2020\/05\/14\/quatre-sphinx-a-tete-de-belier-sur-la-place-tahrir-mai-2020\/\" class=\"more-link\"><span aria-label=\"Lire la suite de Quatre sphinx \u00e0 t\u00eate de b\u00e9lier sur la place Tahrir (Mai 2020)\">(suite&hellip;)<\/span><\/a><\/p>\n<\/div>\n<div class=\"pt-cv-meta-fields\"><span class=\"entry-date\"> <time datetime=\"2020-05-14T08:41:20+02:00\">14 mai 2020<\/time><\/span><span> \/ <\/span><span class=\"terms\"> <a href='https:\/\/xfp5095.phpnet.org\/wordpress\/wordpress\/category\/egypte_decouvertes_anc\/' title='Egypte_decouvertes_anc' class='pt-cv-tax-egypte_decouvertes_anc'>Egypte_decouvertes_anc<\/a><\/span><\/div><\/div><\/div>\n<div class=\"col-md-6 col-sm-6 col-xs-12 pt-cv-content-item pt-cv-1-col\" ><div class='pt-cv-ifield'><a href=\"https:\/\/xfp5095.phpnet.org\/wordpress\/wordpress\/2020\/04\/26\/draa-abul-naga-a-louxor-decouverte-dune-momie-de-17-dynastie\/\" class=\"_self pt-cv-href-thumbnail pt-cv-thumb-default\" target=\"_self\" ><\/a>\n<h4 class=\"pt-cv-title\"><a href=\"https:\/\/xfp5095.phpnet.org\/wordpress\/wordpress\/2020\/04\/26\/draa-abul-naga-a-louxor-decouverte-dune-momie-de-17-dynastie\/\" class=\"_self\" target=\"_self\" >Draa Abul Naga \u00e0 Louxor: D\u00e9couverte d&#8217;une momie de la 17 eme  dynastie<\/a><\/h4>\n<div class=\"pt-cv-content\"><p style=\"padding-left: 40px;\"><a href=\"http:\/\/english.ahram.org.eg\/News\/367925.aspx\" target=\"_blank\" rel=\"noopener noreferrer\"><img loading=\"lazy\" decoding=\"async\" class=\"alignnone wp-image-5011\" src=\"https:\/\/xfp5095.phpnet.org\/wordpress\/wordpress\/wp-content\/uploads\/2019\/04\/ahramonline-logo-300x80.jpg\" alt=\"\" width=\"113\" height=\"30\" srcset=\"https:\/\/xfp5095.phpnet.org\/wordpress\/wordpress\/wp-content\/uploads\/2019\/04\/ahramonline-logo-300x80.jpg 300w, https:\/\/xfp5095.phpnet.org\/wordpress\/wordpress\/wp-content\/uploads\/2019\/04\/ahramonline-logo.jpg 450w\" sizes=\"auto, (max-width: 113px) 100vw, 113px\" \/><\/a><strong>\u00a0 <span style=\"color: #3366ff;\"><em><a style=\"color: #3366ff;\" href=\"http:\/\/english.ahram.org.eg\/News\/367925.aspx\" target=\"_blank\" rel=\"noopener noreferrer\">D\u00e9couverte d&#8217;une momie de la 17 e dynasties<\/a><\/em><\/span> dans un cercueil dans la n\u00e9cropole de Draa Abul Naga \u00e0 Louxor<\/strong><br \/>\nNevine El-Aref , vendredi 24 avr.2020<\/p>\n<p style=\"padding-left: 40px;\"><a href=\"https:\/\/xfp5095.phpnet.org\/wordpress\/wordpress\/wp-content\/uploads\/2020\/04\/Momie-17eD-Draa-abul-Naga-200424.jpg\" target=\"_blank\" rel=\"noopener noreferrer\" data-rel=\"lightbox-image-bGlnaHRib3gtaW1hZ2UtMA==\" data-rl_title=\"\" data-rl_caption=\"\" data-rl_title=\"\" data-rl_caption=\"\" title=\"\"><img loading=\"lazy\" decoding=\"async\" class=\"alignleft wp-image-9779\" src=\"https:\/\/xfp5095.phpnet.org\/wordpress\/wordpress\/wp-content\/uploads\/2020\/04\/Momie-17eD-Draa-abul-Naga-200424-300x179.jpg\" alt=\"\" width=\"188\" height=\"112\" srcset=\"https:\/\/xfp5095.phpnet.org\/wordpress\/wordpress\/wp-content\/uploads\/2020\/04\/Momie-17eD-Draa-abul-Naga-200424-300x179.jpg 300w, https:\/\/xfp5095.phpnet.org\/wordpress\/wordpress\/wp-content\/uploads\/2020\/04\/Momie-17eD-Draa-abul-Naga-200424.jpg 460w\" sizes=\"auto, (max-width: 188px) 100vw, 188px\" \/><\/a>Un cercueil anthropo\u00efde de la 17e dynastie contenant une momie, ainsi qu&#8217;une chapelle offrant des briques de boue et un tas de mat\u00e9riaux mixtes provenant d&#8217;\u00e9quipements fun\u00e9raires, ont \u00e9t\u00e9 mis au jour par une mission arch\u00e9ologique hispano-\u00e9gyptienne dans la n\u00e9cropole de Draa Abul Naga sur la Cisjordanie de Louxor.<br \/>\n <a href=\"https:\/\/xfp5095.phpnet.org\/wordpress\/wordpress\/2020\/04\/26\/draa-abul-naga-a-louxor-decouverte-dune-momie-de-17-dynastie\/\" class=\"more-link\"><span aria-label=\"Lire la suite de Draa Abul Naga \u00e0 Louxor: D\u00e9couverte d&#8217;une momie de la 17 eme  dynastie\">(suite&hellip;)<\/span><\/a><\/p>\n<\/div>\n<div class=\"pt-cv-meta-fields\"><span class=\"entry-date\"> <time datetime=\"2020-04-26T08:14:06+02:00\">26 avril 2020<\/time><\/span><span> \/ <\/span><span class=\"terms\"> <a href='https:\/\/xfp5095.phpnet.org\/wordpress\/wordpress\/category\/egypte_decouvertes_anc\/' title='Egypte_decouvertes_anc' class='pt-cv-tax-egypte_decouvertes_anc'>Egypte_decouvertes_anc<\/a><\/span><\/div><\/div><\/div>\n<div class=\"col-md-6 col-sm-6 col-xs-12 pt-cv-content-item pt-cv-1-col\" ><div class='pt-cv-ifield'><a href=\"https:\/\/xfp5095.phpnet.org\/wordpress\/wordpress\/2020\/04\/23\/heraclion-la-cite-perdue\/\" class=\"_self pt-cv-href-thumbnail pt-cv-thumb-default\" target=\"_self\" ><\/a>\n<h4 class=\"pt-cv-title\"><a href=\"https:\/\/xfp5095.phpnet.org\/wordpress\/wordpress\/2020\/04\/23\/heraclion-la-cite-perdue\/\" class=\"_self\" target=\"_self\" >H\u00e9raclion la cit\u00e9 perdue<\/a><\/h4>\n<div class=\"pt-cv-content\"><p style=\"padding-left: 40px;\"><a href=\"https:\/\/xfp5095.phpnet.org\/wordpress\/wordpress\/wp-content\/uploads\/2020\/04\/isis-heraclion.jpg\" target=\"_blank\" rel=\"noopener noreferrer\" data-rel=\"lightbox-image-bGlnaHRib3gtaW1hZ2UtMA==\" data-rl_title=\"\" data-rl_caption=\"\" data-rl_title=\"\" data-rl_caption=\"\" title=\"\"><img loading=\"lazy\" decoding=\"async\" class=\"alignleft wp-image-9765\" src=\"https:\/\/xfp5095.phpnet.org\/wordpress\/wordpress\/wp-content\/uploads\/2020\/04\/isis-heraclion-300x223.jpg\" alt=\"\" width=\"141\" height=\"105\" srcset=\"https:\/\/xfp5095.phpnet.org\/wordpress\/wordpress\/wp-content\/uploads\/2020\/04\/isis-heraclion-300x223.jpg 300w, https:\/\/xfp5095.phpnet.org\/wordpress\/wordpress\/wp-content\/uploads\/2020\/04\/isis-heraclion-768x572.jpg 768w, https:\/\/xfp5095.phpnet.org\/wordpress\/wordpress\/wp-content\/uploads\/2020\/04\/isis-heraclion.jpg 778w\" sizes=\"auto, (max-width: 141px) 100vw, 141px\" \/><\/a>Voir la tr\u00e8s belle \u00e9tude de Michel Bruno (Kemetmaa)<\/p>\n<p style=\"padding-left: 40px;\"><a href=\"https:\/\/xfp5095.phpnet.org\/wordpress\/wordpress\/wp-content\/uploads\/2020\/05\/Exposition_OSIRIS_a_l_IMA.pdf\">Exposition_OSIRIS_a_l_IMA<\/a><\/p>\n<p style=\"padding-left: 40px;\">voir le PPS:<em><strong> <a href=\"https:\/\/xfp5095.phpnet.org\/wordpress\/wordpress\/wp-content\/uploads\/2020\/04\/heeracleion21.pps\" class=\"mtli_attachment mtli_pps\" class=\"mtli_attachment mtli_pps\" target=\"_blank\" rel=\"noopener noreferrer\">heraclion21<\/a><br \/>\npour voir en direct, lire la suite<\/strong><\/em><\/p>\n<p> <a href=\"https:\/\/xfp5095.phpnet.org\/wordpress\/wordpress\/2020\/04\/23\/heraclion-la-cite-perdue\/\" class=\"more-link\"><span aria-label=\"Lire la suite de H\u00e9raclion la cit\u00e9 perdue\">(suite&hellip;)<\/span><\/a><\/p>\n<\/div>\n<div class=\"pt-cv-meta-fields\"><span class=\"entry-date\"> <time datetime=\"2020-04-23T09:22:30+02:00\">23 avril 2020<\/time><\/span><span> \/ <\/span><span class=\"terms\"> <a href='https:\/\/xfp5095.phpnet.org\/wordpress\/wordpress\/category\/egypte_decouvertes_anc\/' title='Egypte_decouvertes_anc' class='pt-cv-tax-egypte_decouvertes_anc'>Egypte_decouvertes_anc<\/a><\/span><\/div><\/div><\/div>\n<div class=\"col-md-6 col-sm-6 col-xs-12 pt-cv-content-item pt-cv-1-col\" ><div class='pt-cv-ifield'><a href=\"https:\/\/xfp5095.phpnet.org\/wordpress\/wordpress\/2020\/04\/13\/ouverture-au-public-de-la-pyramide-de-djoser\/\" class=\"_self pt-cv-href-thumbnail pt-cv-thumb-default\" target=\"_self\" ><\/a>\n<h4 class=\"pt-cv-title\"><a href=\"https:\/\/xfp5095.phpnet.org\/wordpress\/wordpress\/2020\/04\/13\/ouverture-au-public-de-la-pyramide-de-djoser\/\" class=\"_self\" target=\"_self\" >Ouverture au public de la pyramide de Djoser<\/a><\/h4>\n<div class=\"pt-cv-content\"><p style=\"padding-left: 40px;\"><a href=\"https:\/\/xfp5095.phpnet.org\/wordpress\/wordpress\/wp-content\/uploads\/2020\/03\/Djoser-ouv-200304-scaled.jpg\" target=\"_blank\" rel=\"noopener noreferrer\" data-rel=\"lightbox-image-bGlnaHRib3gtaW1hZ2UtMA==\" data-rl_title=\"\" data-rl_caption=\"\" data-rl_title=\"\" data-rl_caption=\"\" title=\"\"><img loading=\"lazy\" decoding=\"async\" class=\"alignleft wp-image-9188\" src=\"https:\/\/xfp5095.phpnet.org\/wordpress\/wordpress\/wp-content\/uploads\/2020\/03\/Djoser-ouv-200304-300x189.jpg\" alt=\"\" width=\"175\" height=\"110\" srcset=\"https:\/\/xfp5095.phpnet.org\/wordpress\/wordpress\/wp-content\/uploads\/2020\/03\/Djoser-ouv-200304-300x189.jpg 300w, https:\/\/xfp5095.phpnet.org\/wordpress\/wordpress\/wp-content\/uploads\/2020\/03\/Djoser-ouv-200304-1628x1024.jpg 1628w, https:\/\/xfp5095.phpnet.org\/wordpress\/wordpress\/wp-content\/uploads\/2020\/03\/Djoser-ouv-200304-768x483.jpg 768w, https:\/\/xfp5095.phpnet.org\/wordpress\/wordpress\/wp-content\/uploads\/2020\/03\/Djoser-ouv-200304-1536x966.jpg 1536w, https:\/\/xfp5095.phpnet.org\/wordpress\/wordpress\/wp-content\/uploads\/2020\/03\/Djoser-ouv-200304-2048x1288.jpg 2048w\" sizes=\"auto, (max-width: 175px) 100vw, 175px\" \/><\/a><span style=\"font-size: 20px;\"><strong><span style=\"color: #ff0000;\"> NEW Voir la<\/span><\/strong> <span style=\"background-color: #ffffff; color: #3366ff;\"><em><a style=\"background-color: #ffffff; color: #3366ff;\" href=\"https:\/\/xfp5095.phpnet.org\/wordpress\/wordpress\/egypte-newsletter\/\" target=\"_blank\" rel=\"noopener noreferrer\"><strong>Newsletter of Egytpt antiquities<\/strong><\/a><\/em><\/span><\/span><\/p>\n<p style=\"padding-left: 40px;\"><img loading=\"lazy\" decoding=\"async\" class=\"alignnone wp-image-9189\" src=\"https:\/\/xfp5095.phpnet.org\/wordpress\/wordpress\/wp-content\/uploads\/2020\/03\/pharaon-mag-logo-300x65.jpg\" alt=\"\" width=\"148\" height=\"32\" srcset=\"https:\/\/xfp5095.phpnet.org\/wordpress\/wordpress\/wp-content\/uploads\/2020\/03\/pharaon-mag-logo-300x65.jpg 300w, https:\/\/xfp5095.phpnet.org\/wordpress\/wordpress\/wp-content\/uploads\/2020\/03\/pharaon-mag-logo-768x166.jpg 768w, https:\/\/xfp5095.phpnet.org\/wordpress\/wordpress\/wp-content\/uploads\/2020\/03\/pharaon-mag-logo.jpg 1354w\" sizes=\"auto, (max-width: 148px) 100vw, 148px\" \/><br \/>\nLe ministre des antiquit\u00e9s a officiellement ouvert la pyramide de Djoser et la tombe sud du complexe. Apr\u00e8s presque 15 ans de travaux et de pol\u00e9miques, les touristes pourront p\u00e9n\u00e9trer au coeur de la pyramide \u00e0 degr\u00e9s par le entr\u00e9e et le couloir dit sa\u00efte. Ce couloir fut am\u00e9nag\u00e9 \u00e0 travers la ma\u00e7onnerie durant la 26e dynastie.<\/p>\n<p style=\"padding-left: 40px;\">Voir la suite sur <strong>:<a href=\"https:\/\/www.pharaon-magazine.fr\/actualites\/actualit\/pyramide-de-djoser-ouverture?fbclid=IwAR0rtVm1rxdxUnUpO73BW8UTeG8eAkGtx5YQe7gyamgJCIT4U7sBspPtp4g#.XmHq_4lyVRg.facebook\" target=\"_blank\" rel=\"noopener noreferrer\"> Pharaon Magazine &#8211; Djoser<\/a><\/strong><\/p>\n<p style=\"padding-left: 40px;\">Voir la video\u00a0 de Luxor Times en direct : <a href=\"https:\/\/youtu.be\/ma7qtMetPtQ\" target=\"_blank\" rel=\"noopener noreferrer\"><strong>Ouverture<\/strong> de Djoser<\/a><\/p>\n<\/div>\n<div class=\"pt-cv-meta-fields\"><span class=\"entry-date\"> <time datetime=\"2020-04-13T08:20:22+02:00\">13 avril 2020<\/time><\/span><span> \/ <\/span><span class=\"terms\"> <a href='https:\/\/xfp5095.phpnet.org\/wordpress\/wordpress\/category\/egypte_decouvertes_anc\/' title='Egypte_decouvertes_anc' class='pt-cv-tax-egypte_decouvertes_anc'>Egypte_decouvertes_anc<\/a><\/span><\/div><\/div><\/div>\n<div class=\"col-md-6 col-sm-6 col-xs-12 pt-cv-content-item pt-cv-1-col\" ><div class='pt-cv-ifield'><a href=\"https:\/\/xfp5095.phpnet.org\/wordpress\/wordpress\/2020\/04\/09\/abydos-decouverte-autour-du-temple-de-ramses-ii-09-04-20\/\" class=\"_self pt-cv-href-thumbnail pt-cv-thumb-default\" target=\"_self\" ><\/a>\n<h4 class=\"pt-cv-title\"><a href=\"https:\/\/xfp5095.phpnet.org\/wordpress\/wordpress\/2020\/04\/09\/abydos-decouverte-autour-du-temple-de-ramses-ii-09-04-20\/\" class=\"_self\" target=\"_self\" >Abydos : d\u00e9couverte autour du temple de Rams\u00e8s II-09\/04\/20<\/a><\/h4>\n<div class=\"pt-cv-content\"><p style=\"padding-left: 40px;\"><img loading=\"lazy\" decoding=\"async\" class=\"alignleft wp-image-9693\" src=\"https:\/\/xfp5095.phpnet.org\/wordpress\/wordpress\/wp-content\/uploads\/2020\/04\/abydos_decouv-2004-PharaoMag-300x200.jpg\" alt=\"\" width=\"171\" height=\"114\" srcset=\"https:\/\/xfp5095.phpnet.org\/wordpress\/wordpress\/wp-content\/uploads\/2020\/04\/abydos_decouv-2004-PharaoMag-300x200.jpg 300w, https:\/\/xfp5095.phpnet.org\/wordpress\/wordpress\/wp-content\/uploads\/2020\/04\/abydos_decouv-2004-PharaoMag.jpg 400w\" sizes=\"auto, (max-width: 171px) 100vw, 171px\" \/><\/p>\n<p style=\"padding-left: 80px;\"><a href=\"https:\/\/www.pharaon-magazine.fr\/actualites\/abydos\/abydos-d-couverte-autour-du-temple-de-rams-s-ii?fbclid=IwAR2DpFYux4Kgn0J0p4DJ0yg6W_g088BvFubZAyo_LMJmua0RpS23oZsTjtA#.Xo75Nn6pZ8s.facebook\" target=\"_blank\" rel=\"noopener noreferrer\"><img loading=\"lazy\" decoding=\"async\" class=\"alignnone wp-image-6567\" src=\"https:\/\/xfp5095.phpnet.org\/wordpress\/wordpress\/wp-content\/uploads\/2019\/09\/Pharaon-magazine-logo-300x65.jpg\" alt=\"\" width=\"111\" height=\"24\" srcset=\"https:\/\/xfp5095.phpnet.org\/wordpress\/wordpress\/wp-content\/uploads\/2019\/09\/Pharaon-magazine-logo-300x65.jpg 300w, https:\/\/xfp5095.phpnet.org\/wordpress\/wordpress\/wp-content\/uploads\/2019\/09\/Pharaon-magazine-logo-768x168.jpg 768w, https:\/\/xfp5095.phpnet.org\/wordpress\/wordpress\/wp-content\/uploads\/2019\/09\/Pharaon-magazine-logo.jpg 880w\" sizes=\"auto, (max-width: 111px) 100vw, 111px\" \/> \u00a0<\/a><br \/>\nAbydos : d\u00e9couverte autour du temple de Rams\u00e8s II-09\/04\/20<br \/>\nLa mission am\u00e9ricaine de l&#8217;universit\u00e9 de New York a continu\u00e9 son travail de d\u00e9gagement aux abords du temple de Rams\u00e8s II \u00e0 Abydos.<br \/>\n <a href=\"https:\/\/xfp5095.phpnet.org\/wordpress\/wordpress\/2020\/04\/09\/abydos-decouverte-autour-du-temple-de-ramses-ii-09-04-20\/\" class=\"more-link\"><span aria-label=\"Lire la suite de Abydos : d\u00e9couverte autour du temple de Rams\u00e8s II-09\/04\/20\">(suite&hellip;)<\/span><\/a><\/p>\n<\/div>\n<div class=\"pt-cv-meta-fields\"><span class=\"entry-date\"> <time datetime=\"2020-04-09T18:35:34+02:00\">9 avril 2020<\/time><\/span><span> \/ <\/span><span class=\"terms\"> <a href='https:\/\/xfp5095.phpnet.org\/wordpress\/wordpress\/category\/egypte_decouvertes_anc\/' title='Egypte_decouvertes_anc' class='pt-cv-tax-egypte_decouvertes_anc'>Egypte_decouvertes_anc<\/a><\/span><\/div><\/div><\/div>\n<div class=\"col-md-6 col-sm-6 col-xs-12 pt-cv-content-item pt-cv-1-col\" ><div class='pt-cv-ifield'><a href=\"https:\/\/xfp5095.phpnet.org\/wordpress\/wordpress\/2020\/03\/22\/decouverte-en-israel-03-2020\/\" class=\"_self pt-cv-href-thumbnail pt-cv-thumb-default\" target=\"_self\" ><\/a>\n<h4 class=\"pt-cv-title\"><a href=\"https:\/\/xfp5095.phpnet.org\/wordpress\/wordpress\/2020\/03\/22\/decouverte-en-israel-03-2020\/\" class=\"_self\" target=\"_self\" >D\u00e9couverte en Isra\u00ebl- 03\/2020<\/a><\/h4>\n<div class=\"pt-cv-content\"><p style=\"padding-left: 40px;\"><strong>\u00a0Atlit au sud d&#8217;Ha\u00effa\u00a0 \u00a0 <\/strong><img loading=\"lazy\" decoding=\"async\" class=\"alignnone  wp-image-9477\" src=\"https:\/\/xfp5095.phpnet.org\/wordpress\/wordpress\/wp-content\/uploads\/2020\/03\/edition-du-soir-logo.jpg\" alt=\"\" width=\"132\" height=\"27\" \/><strong><br \/>\n<a href=\"https:\/\/xfp5095.phpnet.org\/wordpress\/wordpress\/wp-content\/uploads\/2020\/03\/hiero-israel-202003.jpg\" target=\"_blank\" rel=\"noopener noreferrer\" data-rel=\"lightbox-image-bGlnaHRib3gtaW1hZ2UtMA==\" data-rl_title=\"\" data-rl_caption=\"\" data-rl_title=\"\" data-rl_caption=\"\" title=\"\"><img loading=\"lazy\" decoding=\"async\" class=\"alignleft wp-image-9476 size-medium\" src=\"https:\/\/xfp5095.phpnet.org\/wordpress\/wordpress\/wp-content\/uploads\/2020\/03\/hiero-israel-202003-300x110.jpg\" alt=\"\" width=\"300\" height=\"110\" srcset=\"https:\/\/xfp5095.phpnet.org\/wordpress\/wordpress\/wp-content\/uploads\/2020\/03\/hiero-israel-202003-300x110.jpg 300w, https:\/\/xfp5095.phpnet.org\/wordpress\/wordpress\/wp-content\/uploads\/2020\/03\/hiero-israel-202003.jpg 674w\" sizes=\"auto, (max-width: 300px) 100vw, 300px\" \/><\/a><\/strong><br \/>\nEn nageant, il d\u00e9couvre une pierre grav\u00e9e de hi\u00e9roglyphes vieux de 3\u00a0400\u00a0ans<br \/>\nUn v\u00e9t\u00e9rinaire qui nageait au large d\u2019Atlit, en Isra\u00ebl, est tomb\u00e9 par hasard sur une pierre grav\u00e9e il y a 3\u00a0400\u00a0ans. L\u2019artefact proviendrait d\u2019un important monument, sans doute un temple.<\/p>\n<p style=\"padding-left: 40px;\">Voir l&#8217;article complet : <strong><a href=\"https:\/\/www.ouest-france.fr\/leditiondusoir\/data\/80838\/reader\/reader.html?fbclid=IwAR1WJteE7Is-ZSFVYTH7PIWL-JxXW5nKzoTbQFpOTtHFswqWddGco9B1YO8#!preferred\/1\/package\/80838\/pub\/114512\/page\/7\" target=\"_blank\" rel=\"noopener noreferrer\">L&#8217;edition du soir-Decouverte \u00e0 Altit<\/a><\/strong><\/p>\n<\/div>\n<div class=\"pt-cv-meta-fields\"><span class=\"entry-date\"> <time datetime=\"2020-03-22T18:21:26+01:00\">22 mars 2020<\/time><\/span><span> \/ <\/span><span class=\"terms\"> <a href='https:\/\/xfp5095.phpnet.org\/wordpress\/wordpress\/category\/egypte_decouvertes_anc\/' title='Egypte_decouvertes_anc' class='pt-cv-tax-egypte_decouvertes_anc'>Egypte_decouvertes_anc<\/a><\/span><\/div><\/div><\/div>\n<div class=\"col-md-6 col-sm-6 col-xs-12 pt-cv-content-item pt-cv-1-col\" ><div class='pt-cv-ifield'><a href=\"https:\/\/xfp5095.phpnet.org\/wordpress\/wordpress\/2018\/08\/27\/decouverte-a-touna-el-gebel\/\" class=\"_self pt-cv-href-thumbnail pt-cv-thumb-default\" target=\"_self\" ><\/a>\n<h4 class=\"pt-cv-title\"><a href=\"https:\/\/xfp5095.phpnet.org\/wordpress\/wordpress\/2018\/08\/27\/decouverte-a-touna-el-gebel\/\" class=\"_self\" target=\"_self\" >D\u00e9couverte \u00e0 Touna El Gebel<\/a><\/h4>\n<div class=\"pt-cv-content\"><p>Image &#8220;Le Monde&#8221;<\/p>\n<p><a href=\"https:\/\/xfp5095.phpnet.org\/wordpress\/wordpress\/wp-content\/uploads\/2018\/08\/40-sarcophages-le-monde.jpg\" target=\"_blank\" rel=\"noopener noreferrer\" data-rel=\"lightbox-image-bGlnaHRib3gtaW1hZ2UtMA==\" data-rl_title=\"\" data-rl_caption=\"\" data-rl_title=\"\" data-rl_caption=\"\" title=\"\"><img loading=\"lazy\" decoding=\"async\" class=\"alignleft wp-image-3311\" src=\"https:\/\/xfp5095.phpnet.org\/wordpress\/wordpress\/wp-content\/uploads\/2018\/08\/40-sarcophages-le-monde-300x130.jpg\" alt=\"\" width=\"155\" height=\"67\" srcset=\"https:\/\/xfp5095.phpnet.org\/wordpress\/wordpress\/wp-content\/uploads\/2018\/08\/40-sarcophages-le-monde-300x130.jpg 300w, https:\/\/xfp5095.phpnet.org\/wordpress\/wordpress\/wp-content\/uploads\/2018\/08\/40-sarcophages-le-monde-768x333.jpg 768w, https:\/\/xfp5095.phpnet.org\/wordpress\/wordpress\/wp-content\/uploads\/2018\/08\/40-sarcophages-le-monde-1024x444.jpg 1024w, https:\/\/xfp5095.phpnet.org\/wordpress\/wordpress\/wp-content\/uploads\/2018\/08\/40-sarcophages-le-monde.jpg 1878w\" sizes=\"auto, (max-width: 155px) 100vw, 155px\" \/><\/a>D\u00e9couverte \u00e0 Touna el-Gebel dans la province de Mynia (sud le Caire) \u00e0 la fin de l\u2019ann\u00e9e 2017 d\u2019une grande n\u00e9cropole de 40 sarcophages, 8 chambres fun\u00e9raires, des grands-pr\u00eatres de Thot, des milliers de serviteurs fun\u00e9raires, des vases canopes en calcite, des bijoux, un masque en or.P\u00e9riode: sa\u00efte et ptol\u00e9ma\u00efque.<\/p>\n<p>Voir les liens<br \/>\n<a href=\"https:\/\/www.lexpress.fr\/actualite\/monde\/afrique\/egypte-17-momies-ont-ete-decouvertes-dans-le-centre-du-pays_1907828.html\" target=\"_blank\" rel=\"noopener noreferrer\">lexpress\/actualite\/monde\/afrique\/egypte<\/a><br \/>\n<a href=\"https:\/\/www.bbc.com\/news\/world-middle-east-43196877\" target=\"_blank\" rel=\"noopener noreferrer\">bbc\/news\/world-middle-east<\/a><br \/>\n<a style=\"background-color: #ffffff;\" href=\"https:\/\/www.ouest-france.fr\/monde\/egypte\/egypte-40-sarcophages-vieux-de-2000-ans-decouverts-au-sud-du-caire-5586953\" target=\"_blank\" rel=\"noopener noreferrer\">Le Monde<\/a><\/p>\n<\/div>\n<div class=\"pt-cv-meta-fields\"><span class=\"entry-date\"> <time datetime=\"2018-08-27T15:50:51+02:00\">27 ao\u00fbt 2018<\/time><\/span><span> \/ <\/span><span class=\"terms\"> <a href='https:\/\/xfp5095.phpnet.org\/wordpress\/wordpress\/category\/egypte_decouvertes_anc\/' title='Egypte_decouvertes_anc' class='pt-cv-tax-egypte_decouvertes_anc'>Egypte_decouvertes_anc<\/a><\/span><\/div><\/div><\/div>\n<div class=\"col-md-6 col-sm-6 col-xs-12 pt-cv-content-item pt-cv-1-col\" ><div class='pt-cv-ifield'><a href=\"https:\/\/xfp5095.phpnet.org\/wordpress\/wordpress\/2018\/09\/18\/egyptian-archaeological-mission-working-on-agakhan-site\/\" class=\"_self pt-cv-href-thumbnail pt-cv-thumb-default\" target=\"_self\" ><\/a>\n<h4 class=\"pt-cv-title\"><a href=\"https:\/\/xfp5095.phpnet.org\/wordpress\/wordpress\/2018\/09\/18\/egyptian-archaeological-mission-working-on-agakhan-site\/\" class=\"_self\" target=\"_self\" >Egyptian Archaeological Mission working on Agakhan site<\/a><\/h4>\n<div class=\"pt-cv-content\"><p>* MoA press release 18\/9\/2018<\/p>\n<p>Voir les photos : <a href=\"https:\/\/xfp5095.phpnet.org\/wordpress\/wordpress\/aswan18092018\/\" target=\"_blank\" rel=\"noopener noreferrer\">d\u00e9couverte Assouan<\/a><\/p>\n<p><a href=\"https:\/\/xfp5095.phpnet.org\/wordpress\/wordpress\/wp-content\/uploads\/2018\/09\/assouan-decouv-180918.jpg\" target=\"_blank\" rel=\"noopener noreferrer\" data-rel=\"lightbox-image-bGlnaHRib3gtaW1hZ2UtMA==\" data-rl_title=\"\" data-rl_caption=\"\" data-rl_title=\"\" data-rl_caption=\"\" title=\"\"><img loading=\"lazy\" decoding=\"async\" class=\"alignleft wp-image-3494\" src=\"https:\/\/xfp5095.phpnet.org\/wordpress\/wordpress\/wp-content\/uploads\/2018\/09\/assouan-decouv-180918-217x300.jpg\" alt=\"\" width=\"89\" height=\"123\" srcset=\"https:\/\/xfp5095.phpnet.org\/wordpress\/wordpress\/wp-content\/uploads\/2018\/09\/assouan-decouv-180918-217x300.jpg 217w, https:\/\/xfp5095.phpnet.org\/wordpress\/wordpress\/wp-content\/uploads\/2018\/09\/assouan-decouv-180918.jpg 555w\" sizes=\"auto, (max-width: 89px) 100vw, 89px\" \/><\/a>&#8220;An Egyptian Archaeological Mission working on Agakhan site<br \/>\nat the western bank in Aswan, succeed to uncovered a<br \/>\nsandstone coffin have a lid engraved in human body shape<br \/>\nand inside it a mummy wrapped in linen in A good condition,<br \/>\nin a tomb dating back to the late era.<\/p>\n<p> <a href=\"https:\/\/xfp5095.phpnet.org\/wordpress\/wordpress\/2018\/09\/18\/egyptian-archaeological-mission-working-on-agakhan-site\/\" class=\"more-link\"><span aria-label=\"Lire la suite de Egyptian Archaeological Mission working on Agakhan site\">(suite&hellip;)<\/span><\/a><\/p>\n<\/div>\n<div class=\"pt-cv-meta-fields\"><span class=\"entry-date\"> <time datetime=\"2018-09-18T17:51:10+02:00\">18 septembre 2018<\/time><\/span><span> \/ <\/span><span class=\"terms\"> <a href='https:\/\/xfp5095.phpnet.org\/wordpress\/wordpress\/category\/egypte_decouvertes_anc\/' title='Egypte_decouvertes_anc' class='pt-cv-tax-egypte_decouvertes_anc'>Egypte_decouvertes_anc<\/a><\/span><\/div><\/div><\/div>\n<div class=\"col-md-6 col-sm-6 col-xs-12 pt-cv-content-item pt-cv-1-col\" ><div class='pt-cv-ifield'><a href=\"https:\/\/xfp5095.phpnet.org\/wordpress\/wordpress\/2018\/10\/03\/the-discovery-of-the-tomb-of-priest-kaires\/\" class=\"_self pt-cv-href-thumbnail pt-cv-thumb-default\" target=\"_self\" ><\/a>\n<h4 class=\"pt-cv-title\"><a href=\"https:\/\/xfp5095.phpnet.org\/wordpress\/wordpress\/2018\/10\/03\/the-discovery-of-the-tomb-of-priest-kaires\/\" class=\"_self\" target=\"_self\" >The discovery of the tomb of priest Kaires<\/a><\/h4>\n<div class=\"pt-cv-content\"><p><span><br \/>\n<a href=\"https:\/\/xfp5095.phpnet.org\/wordpress\/wordpress\/wp-content\/uploads\/2018\/10\/5th-Dynasty-tomb-discovered-in-Abu-Sir-by-Luxor-Times.jpg\" target=\"_blank\" rel=\"noopener noreferrer\" data-rel=\"lightbox-image-bGlnaHRib3gtaW1hZ2UtMA==\" data-rl_title=\"\" data-rl_caption=\"\" data-rl_title=\"\" data-rl_caption=\"\" title=\"\"><img loading=\"lazy\" decoding=\"async\" class=\"wp-image-3742 alignleft\" src=\"https:\/\/xfp5095.phpnet.org\/wordpress\/wordpress\/wp-content\/uploads\/2018\/10\/5th-Dynasty-tomb-discovered-in-Abu-Sir-by-Luxor-Times-112x300.jpg\" alt=\"\" width=\"51\" height=\"137\" srcset=\"https:\/\/xfp5095.phpnet.org\/wordpress\/wordpress\/wp-content\/uploads\/2018\/10\/5th-Dynasty-tomb-discovered-in-Abu-Sir-by-Luxor-Times-112x300.jpg 112w, https:\/\/xfp5095.phpnet.org\/wordpress\/wordpress\/wp-content\/uploads\/2018\/10\/5th-Dynasty-tomb-discovered-in-Abu-Sir-by-Luxor-Times.jpg 239w\" sizes=\"auto, (max-width: 51px) 100vw, 51px\" \/><\/a>Apr\u00e8s deux semaines de travail dans sa concession arch\u00e9ologique sur le champ de la pyramide Abusir, l\u2019actuelle exp\u00e9dition de l\u2019Institut \u00e9gyptologique tch\u00e8que de la\u00a0<\/span>Facult\u00e9 des lettres de l\u2019Universit\u00e9 Charles a d\u00e9couvert un complexe fun\u00e9raire unique compos\u00e9 du confident royal et du pr\u00eatre Kaires.<\/p>\n<p>Voir l&#8217;article\u00a0<a href=\"https:\/\/cegu.ff.cuni.cz\/en\/2018\/10\/02\/the-discovery-of-the-tomb-of-priest-kaires\/\" target=\"_blank\" rel=\"noopener noreferrer\"> institut tch\u00e8que d\u2019arch\u00e9ologie<\/a><\/p>\n<p>et : <a href=\"https:\/\/luxortimesmagazine.blogspot.com\/2018\/10\/czech-archaeologists-discover-keeper-of.html?m=1\" target=\"_blank\" rel=\"noopener noreferrer\">louxor times magazine<\/a><\/p>\n<\/div>\n<div class=\"pt-cv-meta-fields\"><span class=\"entry-date\"> <time datetime=\"2018-10-03T12:20:44+02:00\">3 octobre 2018<\/time><\/span><span> \/ <\/span><span class=\"terms\"> <a href='https:\/\/xfp5095.phpnet.org\/wordpress\/wordpress\/category\/egypte_decouvertes_anc\/' title='Egypte_decouvertes_anc' class='pt-cv-tax-egypte_decouvertes_anc'>Egypte_decouvertes_anc<\/a><\/span><\/div><\/div><\/div>\n<div class=\"col-md-6 col-sm-6 col-xs-12 pt-cv-content-item pt-cv-1-col\" ><div class='pt-cv-ifield'><a href=\"https:\/\/xfp5095.phpnet.org\/wordpress\/wordpress\/2018\/10\/10\/entre-nil-blanc-ou-bleu-dernieres-decouvertes-nubiennes\/\" class=\"_self pt-cv-href-thumbnail pt-cv-thumb-default\" target=\"_self\" ><\/a>\n<h4 class=\"pt-cv-title\"><a href=\"https:\/\/xfp5095.phpnet.org\/wordpress\/wordpress\/2018\/10\/10\/entre-nil-blanc-ou-bleu-dernieres-decouvertes-nubiennes\/\" class=\"_self\" target=\"_self\" >Entre Nil blanc ou bleu, derni\u00e8res d\u00e9couvertes nubiennes<\/a><\/h4>\n<div class=\"pt-cv-content\"><p>Voir : <em><strong><a href=\"https:\/\/www.franceculture.fr\/emissions\/carbone-14-le-magazine-de-larcheologie\/entre-nil-blanc-ou-bleu-dernieres-decouvertes-nubiennes\" target=\"_blank\" rel=\"noopener noreferrer\">France culture\u00a0 -podcast<\/a><\/strong><\/em><\/p>\n<p>Emission du 7\/10\/18<\/p>\n<p>(sur site , cliquer sur la fl\u00e8che violette)<\/p>\n<p>Une fois n\u2019est pas coutume, la quatorzi\u00e8me conf\u00e9rence des \u00e9tudes nubiennes vient de se tenir \u00e0 Paris, une occasion rare pour croiser, entre Sorbonne et Mus\u00e9e du Louvre, les arch\u00e9ologues et sp\u00e9cialistes venus du monde entier et travaillant entre Nil bleu et Nil blanc, au Soudan\u2026<br \/>\n <a href=\"https:\/\/xfp5095.phpnet.org\/wordpress\/wordpress\/2018\/10\/10\/entre-nil-blanc-ou-bleu-dernieres-decouvertes-nubiennes\/\" class=\"more-link\"><span aria-label=\"Lire la suite de Entre Nil blanc ou bleu, derni\u00e8res d\u00e9couvertes nubiennes\">(suite&hellip;)<\/span><\/a><\/p>\n<\/div>\n<div class=\"pt-cv-meta-fields\"><span class=\"entry-date\"> <time datetime=\"2018-10-10T17:00:28+02:00\">10 octobre 2018<\/time><\/span><span> \/ <\/span><span class=\"terms\"> <a href='https:\/\/xfp5095.phpnet.org\/wordpress\/wordpress\/category\/egypte_decouvertes_anc\/' title='Egypte_decouvertes_anc' class='pt-cv-tax-egypte_decouvertes_anc'>Egypte_decouvertes_anc<\/a><\/span><\/div><\/div><\/div>\n<div class=\"col-md-6 col-sm-6 col-xs-12 pt-cv-content-item pt-cv-1-col\" ><div class='pt-cv-ifield'><a href=\"https:\/\/xfp5095.phpnet.org\/wordpress\/wordpress\/2018\/11\/25\/louxor-decouverte-de-la-tombe-de-thaw-irkhet-if\/\" class=\"_self pt-cv-href-thumbnail pt-cv-thumb-default\" target=\"_self\" ><\/a>\n<h4 class=\"pt-cv-title\"><a href=\"https:\/\/xfp5095.phpnet.org\/wordpress\/wordpress\/2018\/11\/25\/louxor-decouverte-de-la-tombe-de-thaw-irkhet-if\/\" class=\"_self\" target=\"_self\" >Louxor -Decouverte de la tombe de  Thaw-Irkhet-If<\/a><\/h4>\n<div class=\"pt-cv-content\"><p><span style=\"font-size: 8pt;\"><a href=\"https:\/\/xfp5095.phpnet.org\/wordpress\/wordpress\/wp-content\/uploads\/2018\/11\/decouv-momie-Thaw-Irkhet-If-181125.jpeg\" target=\"_blank\" rel=\"noopener noreferrer\" data-rel=\"lightbox-image-bGlnaHRib3gtaW1hZ2UtMA==\" data-rl_title=\"\" data-rl_caption=\"\" data-rl_title=\"\" data-rl_caption=\"\" title=\"\"><img loading=\"lazy\" decoding=\"async\" class=\"alignleft wp-image-4170 \" src=\"https:\/\/xfp5095.phpnet.org\/wordpress\/wordpress\/wp-content\/uploads\/2018\/11\/decouv-momie-Thaw-Irkhet-If-181125-300x200.jpeg\" alt=\"\" width=\"126\" height=\"84\" srcset=\"https:\/\/xfp5095.phpnet.org\/wordpress\/wordpress\/wp-content\/uploads\/2018\/11\/decouv-momie-Thaw-Irkhet-If-181125-300x200.jpeg 300w, https:\/\/xfp5095.phpnet.org\/wordpress\/wordpress\/wp-content\/uploads\/2018\/11\/decouv-momie-Thaw-Irkhet-If-181125-768x512.jpeg 768w, https:\/\/xfp5095.phpnet.org\/wordpress\/wordpress\/wp-content\/uploads\/2018\/11\/decouv-momie-Thaw-Irkhet-If-181125-600x400.jpeg 600w, https:\/\/xfp5095.phpnet.org\/wordpress\/wordpress\/wp-content\/uploads\/2018\/11\/decouv-momie-Thaw-Irkhet-If-181125.jpeg 900w\" sizes=\"auto, (max-width: 126px) 100vw, 126px\" \/><\/a><\/span><\/p>\n<p><span style=\"font-size: 8pt;\"><span style=\"font-size: 16px;\">(<\/span><span style=\"font-size: 8pt;\">(image BFM TV)<br \/>\n<strong>21 novembre 2018<br \/>\nPr\u00e8s de la tombe T33<\/strong><\/span><\/span><\/p>\n<p><span style=\"font-size: 12pt;\"><strong><br \/>\nDr. Khaled El-Enany Minister of Antiquities<\/strong> announced that\u00a0<\/span><span style=\"font-size: 12pt;\">the Egyptian archaeological mission\u00a0 working at Al-Asasef on\u00a0<\/span><span style=\"font-size: 12pt;\">the west Bank of Luxor succeeded to uncover a tomb that\u00a0<\/span><span style=\"font-size: 12pt;\">belongs to Thaw-Irkhet<\/span><\/p>\n<p> <a href=\"https:\/\/xfp5095.phpnet.org\/wordpress\/wordpress\/2018\/11\/25\/louxor-decouverte-de-la-tombe-de-thaw-irkhet-if\/\" class=\"more-link\"><span aria-label=\"Lire la suite de Louxor -Decouverte de la tombe de  Thaw-Irkhet-If\">(suite&hellip;)<\/span><\/a><\/p>\n<\/div>\n<div class=\"pt-cv-meta-fields\"><span class=\"entry-date\"> <time datetime=\"2018-11-25T07:43:12+01:00\">25 novembre 2018<\/time><\/span><span> \/ <\/span><span class=\"terms\"> <a href='https:\/\/xfp5095.phpnet.org\/wordpress\/wordpress\/category\/egypte_decouvertes_anc\/' title='Egypte_decouvertes_anc' class='pt-cv-tax-egypte_decouvertes_anc'>Egypte_decouvertes_anc<\/a><\/span><\/div><\/div><\/div>\n<div class=\"col-md-6 col-sm-6 col-xs-12 pt-cv-content-item pt-cv-1-col\" ><div class='pt-cv-ifield'><a href=\"https:\/\/xfp5095.phpnet.org\/wordpress\/wordpress\/2018\/11\/27\/exploration-en-direct-sciences-et-avenir\/\" class=\"_self pt-cv-href-thumbnail pt-cv-thumb-default\" target=\"_self\" ><\/a>\n<h4 class=\"pt-cv-title\"><a href=\"https:\/\/xfp5095.phpnet.org\/wordpress\/wordpress\/2018\/11\/27\/exploration-en-direct-sciences-et-avenir\/\" class=\"_self\" target=\"_self\" >exploration en direct-Sciences et Avenir<\/a><\/h4>\n<div class=\"pt-cv-content\"><p><a href=\"https:\/\/xfp5095.phpnet.org\/wordpress\/wordpress\/wp-content\/uploads\/2018\/11\/sciences-avenir-explo-direct.jpg\" target=\"_blank\" rel=\"noopener noreferrer\" data-rel=\"lightbox-image-bGlnaHRib3gtaW1hZ2UtMA==\" data-rl_title=\"\" data-rl_caption=\"\" data-rl_title=\"\" data-rl_caption=\"\" title=\"\"><img loading=\"lazy\" decoding=\"async\" class=\"alignleft wp-image-4187\" src=\"https:\/\/xfp5095.phpnet.org\/wordpress\/wordpress\/wp-content\/uploads\/2018\/11\/sciences-avenir-explo-direct-300x225.jpg\" alt=\"\" width=\"137\" height=\"103\" srcset=\"https:\/\/xfp5095.phpnet.org\/wordpress\/wordpress\/wp-content\/uploads\/2018\/11\/sciences-avenir-explo-direct-300x225.jpg 300w, https:\/\/xfp5095.phpnet.org\/wordpress\/wordpress\/wp-content\/uploads\/2018\/11\/sciences-avenir-explo-direct-768x575.jpg 768w, https:\/\/xfp5095.phpnet.org\/wordpress\/wordpress\/wp-content\/uploads\/2018\/11\/sciences-avenir-explo-direct.jpg 1000w\" sizes=\"auto, (max-width: 137px) 100vw, 137px\" \/><\/a><span style=\"font-size: 12pt;\"><strong>En direct d\u2019une exploration en Egypte sur le site de Sciences et Avenir<\/strong><\/span><\/p>\n<p><span style=\"font-size: 10pt;\">(image Sciences et avenir)<\/span><\/p>\n<p><span style=\"font-size: 10pt;\">D\u00e8s lundi, une \u00e9quipe de chercheurs racontera au jour le jour son exp\u00e9dition scientifique en Egypte avec une s\u00e9rie d&#8217;articles quotidiennement publi\u00e9s sur le site de\u00a0<em>Sciences et Avenir<\/em>.<br \/>\n<strong>Voir le site :\u00a0 \u00a0 \u00a0<\/strong><a href=\"https:\/\/www.sciencesetavenir.fr\/archeo-paleo\/archeologie\/en-direct-d-une-exploration-en-egypte_129465\" target=\"_blank\" rel=\"noopener noreferrer\"><img loading=\"lazy\" decoding=\"async\" class=\"alignnone wp-image-4188\" src=\"https:\/\/xfp5095.phpnet.org\/wordpress\/wordpress\/wp-content\/uploads\/2018\/11\/sciences-avenir-logo.jpg\" alt=\"\" width=\"54\" height=\"26\" \/><\/a><br \/>\n<\/span><\/p>\n<\/div>\n<div class=\"pt-cv-meta-fields\"><span class=\"entry-date\"> <time datetime=\"2018-11-27T18:37:58+01:00\">27 novembre 2018<\/time><\/span><span> \/ <\/span><span class=\"terms\"> <a href='https:\/\/xfp5095.phpnet.org\/wordpress\/wordpress\/category\/egypte_decouvertes_anc\/' title='Egypte_decouvertes_anc' class='pt-cv-tax-egypte_decouvertes_anc'>Egypte_decouvertes_anc<\/a><\/span><\/div><\/div><\/div>\n<div class=\"col-md-6 col-sm-6 col-xs-12 pt-cv-content-item pt-cv-1-col\" ><div class='pt-cv-ifield'><a href=\"https:\/\/xfp5095.phpnet.org\/wordpress\/wordpress\/2018\/12\/15\/saqqara-decouverte-2018\/\" class=\"_self pt-cv-href-thumbnail pt-cv-thumb-default\" target=\"_self\" ><\/a>\n<h4 class=\"pt-cv-title\"><a href=\"https:\/\/xfp5095.phpnet.org\/wordpress\/wordpress\/2018\/12\/15\/saqqara-decouverte-2018\/\" class=\"_self\" target=\"_self\" >Saqqara d\u00e9couverte 2018<\/a><\/h4>\n<div class=\"pt-cv-content\"><p><strong><span style=\"color: #3366ff;\">Sublime d\u00e9couverte d&#8217;une tombe de 4400 ans sur le site \u00e9gyptien de Saqqara<\/span><\/strong><\/p>\n<p style=\"padding-left: 30px;\"><a href=\"https:\/\/xfp5095.phpnet.org\/wordpress\/wordpress\/wp-content\/uploads\/2018\/12\/Saqqara_decouv-martch-2018.jpg\" target=\"_blank\" rel=\"noopener noreferrer\" data-rel=\"lightbox-image-bGlnaHRib3gtaW1hZ2UtMA==\" data-rl_title=\"\" data-rl_caption=\"\" data-rl_title=\"\" data-rl_caption=\"\" title=\"\"><img loading=\"lazy\" decoding=\"async\" class=\"alignleft wp-image-4270\" src=\"https:\/\/xfp5095.phpnet.org\/wordpress\/wordpress\/wp-content\/uploads\/2018\/12\/Saqqara_decouv-martch-2018-300x200.jpg\" alt=\"\" width=\"128\" height=\"86\" srcset=\"https:\/\/xfp5095.phpnet.org\/wordpress\/wordpress\/wp-content\/uploads\/2018\/12\/Saqqara_decouv-martch-2018-300x200.jpg 300w, https:\/\/xfp5095.phpnet.org\/wordpress\/wordpress\/wp-content\/uploads\/2018\/12\/Saqqara_decouv-martch-2018-768x511.jpg 768w, https:\/\/xfp5095.phpnet.org\/wordpress\/wordpress\/wp-content\/uploads\/2018\/12\/Saqqara_decouv-martch-2018-600x400.jpg 600w, https:\/\/xfp5095.phpnet.org\/wordpress\/wordpress\/wp-content\/uploads\/2018\/12\/Saqqara_decouv-martch-2018.jpg 901w\" sizes=\"auto, (max-width: 128px) 100vw, 128px\" \/><\/a><span style=\"font-size: 8pt;\">Photo du magazine\u00a0 <strong>Paris-Match-AFP<\/strong><\/span><\/p>\n<p class=\"entete\" style=\"padding-left: 30px;\"><span style=\"font-size: 10pt;\">Article de <b>Paris-Match<\/b><\/span><br \/>\n<span style=\"font-size: 10pt;\">Pr\u00e8s du Caire, une mission arch\u00e9ologique \u00e9gyptienne a mis au jour la tombe du pr\u00eatre nomm\u00e9 &#8220;Wahtye&#8221;, qui vivait pendant le r\u00e8gne de N\u00e9ferirkar\u00ea, lors de la Ve dynastie.<\/span><\/p>\n<p style=\"padding-left: 30px;\">Voir :\u00a0 le site\u00a0 \u00a0<a href=\"https:\/\/www.parismatch.com\/Actu\/Sciences\/Sublime-decouverte-d-une-tombe-de-4400-ans-sur-le-site-de-Saqqara-1594648\" target=\"_blank\" rel=\"noopener noreferrer\"><img loading=\"lazy\" decoding=\"async\" class=\"alignnone wp-image-4284\" src=\"https:\/\/xfp5095.phpnet.org\/wordpress\/wordpress\/wp-content\/uploads\/2018\/12\/Paris-Match-logo.jpg\" alt=\"\" width=\"48\" height=\"30\" \/>\u00a0\u00a0\u00a0<\/a>Voir : <a href=\"https:\/\/actu.orange.fr\/societe\/culture\/egypte-decouverte-d-une-tombe-de-plus-de-4-400-ans-a-saqqara-CNT000001b5r90.html\" target=\"_blank\" rel=\"noopener noreferrer\">l<strong>e site d&#8217;Orange<\/strong><\/a><\/p>\n<p style=\"padding-left: 30px;\">voir sur Youtube :\u00a0 <strong>\u00a0<a href=\"https:\/\/www.youtube.com\/watch?v=KD7sBPSDC9o\" target=\"_blank\" rel=\"noopener noreferrer\">Saqqara1\u00a0<\/a> \u00a0 \u00a0<a href=\"https:\/\/www.youtube.com\/watch?v=xBptOw1mn_o\" target=\"_blank\" rel=\"noopener noreferrer\">Saqqara2\u00a0<\/a>\u00a0\u00a0<\/strong><\/p>\n<div style=\"padding-left: 30px;\">\n<p style=\"padding-left: 30px;\">\n<\/p><\/div>\n<\/div>\n<div class=\"pt-cv-meta-fields\"><span class=\"entry-date\"> <time datetime=\"2018-12-15T19:06:48+01:00\">15 d\u00e9cembre 2018<\/time><\/span><span> \/ <\/span><span class=\"terms\"> <a href='https:\/\/xfp5095.phpnet.org\/wordpress\/wordpress\/category\/egypte_decouvertes_anc\/' title='Egypte_decouvertes_anc' class='pt-cv-tax-egypte_decouvertes_anc'>Egypte_decouvertes_anc<\/a><\/span><\/div><\/div><\/div>\n<div class=\"col-md-6 col-sm-6 col-xs-12 pt-cv-content-item pt-cv-1-col\" ><div class='pt-cv-ifield'><a href=\"https:\/\/xfp5095.phpnet.org\/wordpress\/wordpress\/2019\/01\/01\/decoiverte-le-projet-scan-pyramids\/\" class=\"_self pt-cv-href-thumbnail pt-cv-thumb-default\" target=\"_self\" ><\/a>\n<h4 class=\"pt-cv-title\"><a href=\"https:\/\/xfp5095.phpnet.org\/wordpress\/wordpress\/2019\/01\/01\/decoiverte-le-projet-scan-pyramids\/\" class=\"_self\" target=\"_self\" >D\u00e9couverte : le projet Scan Pyramids<\/a><\/h4>\n<div class=\"pt-cv-content\"><p style=\"padding-left: 30px;\"><span style=\"font-size: 12pt;\"><strong><img loading=\"lazy\" decoding=\"async\" class=\"wp-image-4436 alignleft\" src=\"https:\/\/xfp5095.phpnet.org\/wordpress\/wordpress\/wp-content\/uploads\/2019\/01\/le_monde-logo-300x90.jpg\" alt=\"\" width=\"104\" height=\"31\" srcset=\"https:\/\/xfp5095.phpnet.org\/wordpress\/wordpress\/wp-content\/uploads\/2019\/01\/le_monde-logo-300x90.jpg 300w, https:\/\/xfp5095.phpnet.org\/wordpress\/wordpress\/wp-content\/uploads\/2019\/01\/le_monde-logo.jpg 494w\" sizes=\"auto, (max-width: 104px) 100vw, 104px\" \/><\/strong>article\u00a0<strong><br \/>\n<a href=\"https:\/\/www.lemonde.fr\/archeologie\/article\/2017\/11\/02\/detection-d-une-grande-cavite-inconnue-au-c-ur-de-la-pyramide-de-kheops_5209258_1650751.html\" target=\"_blank\" rel=\"noopener noreferrer\">Pyramide de Kh\u00e9ops : d\u00e9tection d\u2019une grande cavit\u00e9 inconnue au c\u0153ur de l\u2019\u00e9difice<\/a><\/strong><\/span><\/p>\n<p style=\"padding-left: 60px;\"><a href=\"https:\/\/xfp5095.phpnet.org\/wordpress\/wordpress\/wp-content\/uploads\/2019\/01\/scan-pyramids-2.jpg\" target=\"_blank\" rel=\"noopener noreferrer\" data-rel=\"lightbox-image-bGlnaHRib3gtaW1hZ2UtMA==\" data-rl_title=\"\" data-rl_caption=\"\" data-rl_title=\"\" data-rl_caption=\"\" title=\"\"><img loading=\"lazy\" decoding=\"async\" class=\"alignleft wp-image-4444\" src=\"https:\/\/xfp5095.phpnet.org\/wordpress\/wordpress\/wp-content\/uploads\/2019\/01\/scan-pyramids-2-300x201.jpg\" alt=\"\" width=\"124\" height=\"83\" srcset=\"https:\/\/xfp5095.phpnet.org\/wordpress\/wordpress\/wp-content\/uploads\/2019\/01\/scan-pyramids-2-300x201.jpg 300w, https:\/\/xfp5095.phpnet.org\/wordpress\/wordpress\/wp-content\/uploads\/2019\/01\/scan-pyramids-2-768x515.jpg 768w, https:\/\/xfp5095.phpnet.org\/wordpress\/wordpress\/wp-content\/uploads\/2019\/01\/scan-pyramids-2-1024x687.jpg 1024w, https:\/\/xfp5095.phpnet.org\/wordpress\/wordpress\/wp-content\/uploads\/2019\/01\/scan-pyramids-2-600x400.jpg 600w, https:\/\/xfp5095.phpnet.org\/wordpress\/wordpress\/wp-content\/uploads\/2019\/01\/scan-pyramids-2.jpg 1045w\" sizes=\"auto, (max-width: 124px) 100vw, 124px\" \/><\/a>\u00a0 \u00a0Du haut de cette pyramide, quarante-cinq si\u00e8cles nous contemplent. Quarante-cinq si\u00e8cles d\u2019Histoire, mais aussi de secrets et de d\u00e9fis lanc\u00e9s aux \u00e9gyptologues, car \u00e0 l\u2019heure actuelle, aucun consensus n\u2019existe sur la mani\u00e8re dont la pyramide du pharaon Kh\u00e9ops, la plus grande du plateau de Gizeh, a \u00e9t\u00e9 \u00e9difi\u00e9e.<\/p>\n<p style=\"padding-left: 60px;\">Voir l&#8217;article sur le site\u00a0 \u00a0:\u00a0<span style=\"font-size: 12pt;\"><strong><a href=\"https:\/\/www.lemonde.fr\/archeologie\/article\/2017\/11\/02\/detection-d-une-grande-cavite-inconnue-au-c-ur-de-la-pyramide-de-kheops_5209258_1650751.html\" target=\"_blank\" rel=\"noopener noreferrer\"><img loading=\"lazy\" decoding=\"async\" class=\"alignnone wp-image-4436\" src=\"https:\/\/xfp5095.phpnet.org\/wordpress\/wordpress\/wp-content\/uploads\/2019\/01\/le_monde-logo-300x90.jpg\" alt=\"\" width=\"81\" height=\"24\" srcset=\"https:\/\/xfp5095.phpnet.org\/wordpress\/wordpress\/wp-content\/uploads\/2019\/01\/le_monde-logo-300x90.jpg 300w, https:\/\/xfp5095.phpnet.org\/wordpress\/wordpress\/wp-content\/uploads\/2019\/01\/le_monde-logo.jpg 494w\" sizes=\"auto, (max-width: 81px) 100vw, 81px\" \/><\/a><br \/>\n<\/strong>Voir le site de <strong><a href=\"https:\/\/www.francetvinfo.fr\/monde\/afrique\/egypte\/egypte-des-chercheurs-decouvrent-une-cavite-aussi-volumineuse-qu-un-avion-dans-la-pyramide-de-kheops_2448614.html\" target=\"_blank\" rel=\"noopener noreferrer\">France Info<\/a><br \/>\n<\/strong>voir le site de <a href=\"http:\/\/www.scanpyramids.org\/\" target=\"_blank\" rel=\"noopener noreferrer\"><strong>Scan Pyramids<\/strong><\/a><\/span><\/p>\n<p style=\"padding-left: 60px;\"> <a href=\"https:\/\/xfp5095.phpnet.org\/wordpress\/wordpress\/2019\/01\/01\/decoiverte-le-projet-scan-pyramids\/\" class=\"more-link\"><span aria-label=\"Lire la suite de D\u00e9couverte : le projet Scan Pyramids\">(suite&hellip;)<\/span><\/a><\/p>\n<\/div>\n<div class=\"pt-cv-meta-fields\"><span class=\"entry-date\"> <time datetime=\"2019-01-01T06:56:27+01:00\">1 janvier 2019<\/time><\/span><span> \/ <\/span><span class=\"terms\"> <a href='https:\/\/xfp5095.phpnet.org\/wordpress\/wordpress\/category\/egypte_decouvertes_anc\/' title='Egypte_decouvertes_anc' class='pt-cv-tax-egypte_decouvertes_anc'>Egypte_decouvertes_anc<\/a><\/span><\/div><\/div><\/div>\n<div class=\"col-md-6 col-sm-6 col-xs-12 pt-cv-content-item pt-cv-1-col\" ><div class='pt-cv-ifield'><a href=\"https:\/\/xfp5095.phpnet.org\/wordpress\/wordpress\/2019\/01\/29\/projet-de-recherche-qubbet-el-hawa\/\" class=\"_self pt-cv-href-thumbnail pt-cv-thumb-default\" target=\"_self\" ><\/a>\n<h4 class=\"pt-cv-title\"><a href=\"https:\/\/xfp5095.phpnet.org\/wordpress\/wordpress\/2019\/01\/29\/projet-de-recherche-qubbet-el-hawa\/\" class=\"_self\" target=\"_self\" >Projet de recherche Qubbet el-Hawa<\/a><\/h4>\n<div class=\"pt-cv-content\"><p style=\"padding-left: 30px;\"><strong>D\u00e9couvertes-\u00a0<\/strong>Site<strong>\u00a0&#8220;<a href=\"https:\/\/www.ees.ac.uk\/qhrp\" target=\"_blank\" rel=\"noopener noreferrer\">Egypt Exploration society&#8221;<\/a><\/strong><\/p>\n<p><a href=\"https:\/\/xfp5095.phpnet.org\/wordpress\/wordpress\/wp-content\/uploads\/2019\/01\/Qubbet-el-Hawa.jpg\" target=\"_blank\" rel=\"noopener noreferrer\" data-rel=\"lightbox-image-bGlnaHRib3gtaW1hZ2UtMA==\" data-rl_title=\"\" data-rl_caption=\"\" data-rl_title=\"\" data-rl_caption=\"\" title=\"\"><img loading=\"lazy\" decoding=\"async\" class=\"alignleft wp-image-4579\" src=\"https:\/\/xfp5095.phpnet.org\/wordpress\/wordpress\/wp-content\/uploads\/2019\/01\/Qubbet-el-Hawa-300x167.jpg\" alt=\"\" width=\"154\" height=\"86\" srcset=\"https:\/\/xfp5095.phpnet.org\/wordpress\/wordpress\/wp-content\/uploads\/2019\/01\/Qubbet-el-Hawa-300x167.jpg 300w, https:\/\/xfp5095.phpnet.org\/wordpress\/wordpress\/wp-content\/uploads\/2019\/01\/Qubbet-el-Hawa-768x428.jpg 768w, https:\/\/xfp5095.phpnet.org\/wordpress\/wordpress\/wp-content\/uploads\/2019\/01\/Qubbet-el-Hawa.jpg 1000w\" sizes=\"auto, (max-width: 154px) 100vw, 154px\" \/><\/a>La n\u00e9cropole de Qubbet el-Hawa (d\u00f4me anglo-saxon des vents) est situ\u00e9e \u00e0 Ouest-Assouan, au sud du village nubien de Gharb Aswan.<\/p>\n<p>Ce qui ressemble \u00e0 une immense dune de sable recouvrant une formation massive de gr\u00e8s nubien abrite l\u2019un des cimeti\u00e8res les plus dens\u00e9ment occup\u00e9s de l\u2019\u00c9gypte ancienne, datant du XVIIIe si\u00e8cle environ.\u00a02500 avant JC \u00e0 l&#8217;\u00e9poque romaine.\u00a0La partie principale du site contient des s\u00e9pultures de l&#8217;Ancien Empire au Nouvel Empire.<\/p>\n<p style=\"padding-left: 30px;\">\n<\/p><\/div>\n<div class=\"pt-cv-meta-fields\"><span class=\"entry-date\"> <time datetime=\"2019-01-29T11:16:48+01:00\">29 janvier 2019<\/time><\/span><span> \/ <\/span><span class=\"terms\"> <a href='https:\/\/xfp5095.phpnet.org\/wordpress\/wordpress\/category\/egypte_decouvertes_anc\/' title='Egypte_decouvertes_anc' class='pt-cv-tax-egypte_decouvertes_anc'>Egypte_decouvertes_anc<\/a><\/span><\/div><\/div><\/div>\n<div class=\"col-md-6 col-sm-6 col-xs-12 pt-cv-content-item pt-cv-1-col\" ><div class='pt-cv-ifield'><a href=\"https:\/\/xfp5095.phpnet.org\/wordpress\/wordpress\/2019\/02\/04\/decouverte-a-tuna-el-gebel\/\" class=\"_self pt-cv-href-thumbnail pt-cv-thumb-default\" target=\"_self\" ><\/a>\n<h4 class=\"pt-cv-title\"><a href=\"https:\/\/xfp5095.phpnet.org\/wordpress\/wordpress\/2019\/02\/04\/decouverte-a-tuna-el-gebel\/\" class=\"_self\" target=\"_self\" >D\u00e9couverte \u00e0 Tuna el-G\u00e9bel.<\/a><\/h4>\n<div class=\"pt-cv-content\"><p><a href=\"https:\/\/xfp5095.phpnet.org\/wordpress\/wordpress\/wp-content\/uploads\/2019\/02\/Tuna-el-gebel-momies-2019.jpg\" target=\"_blank\" rel=\"noopener noreferrer\" data-rel=\"lightbox-image-bGlnaHRib3gtaW1hZ2UtMA==\" data-rl_title=\"\" data-rl_caption=\"\" data-rl_title=\"\" data-rl_caption=\"\" title=\"\"><img loading=\"lazy\" decoding=\"async\" class=\"alignleft wp-image-4667\" src=\"https:\/\/xfp5095.phpnet.org\/wordpress\/wordpress\/wp-content\/uploads\/2019\/02\/Tuna-el-gebel-momies-2019-300x181.jpg\" alt=\"\" width=\"110\" height=\"66\" srcset=\"https:\/\/xfp5095.phpnet.org\/wordpress\/wordpress\/wp-content\/uploads\/2019\/02\/Tuna-el-gebel-momies-2019-300x181.jpg 300w, https:\/\/xfp5095.phpnet.org\/wordpress\/wordpress\/wp-content\/uploads\/2019\/02\/Tuna-el-gebel-momies-2019-768x464.jpg 768w, https:\/\/xfp5095.phpnet.org\/wordpress\/wordpress\/wp-content\/uploads\/2019\/02\/Tuna-el-gebel-momies-2019.jpg 841w\" sizes=\"auto, (max-width: 110px) 100vw, 110px\" \/><\/a><strong>TUNA EL-GEBEL<\/strong><br \/>\n<strong><a href=\"https:\/\/www.lemonde.fr\/sciences\/article\/2019\/02\/03\/des-dizaines-de-momies-de-plus-de-deux-mille-ans-decouvertes-en-egypte_5418433_1650684.html\" target=\"_blank\" rel=\"noopener noreferrer\">Image et article voir :\u00a0 &#8220;le Monde-<\/a>\u00a0<\/strong><\/p>\n<p>Vid\u00e9os\u00a0:<br \/>\n<strong><a href=\"http:\/\/luxortimes.com\/2019\/02\/exclusive-video-mummies-more-mummies\/\" target=\"_blank\" rel=\"noopener noreferrer\">luxortimes.com\/video-mummies-more-mummies\/<\/a><br \/>\n<\/strong><\/p>\n<p><strong>\u00a0<a href=\"http:\/\/luxortimes.com\/2019\/02\/exclusive-video-the-mummies-discovered-by-mini-university\/\">luxortimes.com\/the-mummies-discovered-by-mini-university\/<\/a>&gt;<\/strong><\/p>\n<p>LE CAIRE &#8211; 2 f\u00e9vrier 2019: Le ministre des Antiquit\u00e9s Khaled Anany a annonc\u00e9 samedi la d\u00e9couverte de deux cimeti\u00e8res contenant cinq puits, dont deux pour l&#8217;inhumation dans la zone arch\u00e9ologique de Tuna el Gebel, dans le gouvernorat de Minya &#8211;\u00a0Les momies d\u00e9couvertes \u00e9taient recouvertes de couches de carton et de vaisselle.<\/p>\n<p> <a href=\"https:\/\/xfp5095.phpnet.org\/wordpress\/wordpress\/2019\/02\/04\/decouverte-a-tuna-el-gebel\/\" class=\"more-link\"><span aria-label=\"Lire la suite de D\u00e9couverte \u00e0 Tuna el-G\u00e9bel.\">(suite&hellip;)<\/span><\/a><\/p>\n<\/div>\n<div class=\"pt-cv-meta-fields\"><span class=\"entry-date\"> <time datetime=\"2019-02-04T11:17:45+01:00\">4 f\u00e9vrier 2019<\/time><\/span><span> \/ <\/span><span class=\"terms\"> <a href='https:\/\/xfp5095.phpnet.org\/wordpress\/wordpress\/category\/egypte_decouvertes_anc\/' title='Egypte_decouvertes_anc' class='pt-cv-tax-egypte_decouvertes_anc'>Egypte_decouvertes_anc<\/a><\/span><\/div><\/div><\/div>\n<div class=\"col-md-6 col-sm-6 col-xs-12 pt-cv-content-item pt-cv-1-col\" ><div class='pt-cv-ifield'><a href=\"https:\/\/xfp5095.phpnet.org\/wordpress\/wordpress\/2019\/02\/28\/decouverte-en-egypte-dans-le-gebel-el-silsila\/\" class=\"_self pt-cv-href-thumbnail pt-cv-thumb-default\" target=\"_self\" ><\/a>\n<h4 class=\"pt-cv-title\"><a href=\"https:\/\/xfp5095.phpnet.org\/wordpress\/wordpress\/2019\/02\/28\/decouverte-en-egypte-dans-le-gebel-el-silsila\/\" class=\"_self\" target=\"_self\" >d\u00e9couverte en Egypte dans le Gebel El-Silsila<\/a><\/h4>\n<div class=\"pt-cv-content\"><p style=\"padding-left: 30px;\"><a href=\"https:\/\/xfp5095.phpnet.org\/wordpress\/wordpress\/wp-content\/uploads\/2019\/02\/Gebel-el-silsila-luxortimes.jpg\" target=\"_blank\" rel=\"noopener noreferrer\" data-rel=\"lightbox-image-bGlnaHRib3gtaW1hZ2UtMA==\" data-rl_title=\"\" data-rl_caption=\"\" data-rl_title=\"\" data-rl_caption=\"\" title=\"\"><img loading=\"lazy\" decoding=\"async\" class=\"alignleft wp-image-4797\" src=\"https:\/\/xfp5095.phpnet.org\/wordpress\/wordpress\/wp-content\/uploads\/2019\/02\/Gebel-el-silsila-luxortimes-300x203.jpg\" alt=\"\" width=\"129\" height=\"87\" srcset=\"https:\/\/xfp5095.phpnet.org\/wordpress\/wordpress\/wp-content\/uploads\/2019\/02\/Gebel-el-silsila-luxortimes-300x203.jpg 300w, https:\/\/xfp5095.phpnet.org\/wordpress\/wordpress\/wp-content\/uploads\/2019\/02\/Gebel-el-silsila-luxortimes.jpg 600w\" sizes=\"auto, (max-width: 129px) 100vw, 129px\" \/><\/a>\u00a0 \u00a0Photo Luxor Times<\/p>\n<p style=\"padding-left: 30px;\"><strong>E<span style=\"font-size: 10pt;\">xtrait de l&#8217;articcle de\u00a0<\/span><\/strong><span style=\"font-size: 10pt;\"><img loading=\"lazy\" decoding=\"async\" class=\"\" src=\"http:\/\/english.ahram.org.eg\/Responsive\/img\/online.jpg\" width=\"86\" height=\"19\" \/><\/span><\/p>\n<p style=\"padding-left: 30px;\"><span style=\"font-size: 10pt;\">Une mission su\u00e9do-\u00e9gyptienne dirig\u00e9e par Maria Nilsson et John Ward de l&#8217;Universit\u00e9 de Lund a d\u00e9couvert un atelier de gr\u00e8s du Nouvel Empire et plusieurs sculptures lors de fouilles effectu\u00e9es sur le site arch\u00e9ologique de Gebel El-Silsila \u00e0 Assouan.<\/span><br \/>\n<strong><span style=\"font-size: 10pt;\">Voir les articles\u00a0 avec les photos sur les sites :\u00a0<\/span><a style=\"background-color: #ffffff;\" href=\"http:\/\/luxortimes.com\/2019\/02\/new-kingdom-workshop-uncovered-in-gebel-el-silsila\/\" target=\"_blank\" rel=\"noopener noreferrer\">Lusxor Times\u00a0\u00a0\u00a0\u00a0<\/a><a style=\"background-color: #ffffff;\" href=\"http:\/\/english.ahram.org.eg\/News\/326232.aspx\" target=\"_blank\" rel=\"noopener noreferrer\">Ahramonline<\/a><\/strong><br \/>\n <a href=\"https:\/\/xfp5095.phpnet.org\/wordpress\/wordpress\/2019\/02\/28\/decouverte-en-egypte-dans-le-gebel-el-silsila\/\" class=\"more-link\"><span aria-label=\"Lire la suite de d\u00e9couverte en Egypte dans le Gebel El-Silsila\">(suite&hellip;)<\/span><\/a><\/p>\n<\/div>\n<div class=\"pt-cv-meta-fields\"><span class=\"entry-date\"> <time datetime=\"2019-02-28T06:13:07+01:00\">28 f\u00e9vrier 2019<\/time><\/span><span> \/ <\/span><span class=\"terms\"> <a href='https:\/\/xfp5095.phpnet.org\/wordpress\/wordpress\/category\/egypte_decouvertes_anc\/' title='Egypte_decouvertes_anc' class='pt-cv-tax-egypte_decouvertes_anc'>Egypte_decouvertes_anc<\/a><\/span><\/div><\/div><\/div>\n<div class=\"col-md-6 col-sm-6 col-xs-12 pt-cv-content-item pt-cv-1-col\" ><div class='pt-cv-ifield'><a href=\"https:\/\/xfp5095.phpnet.org\/wordpress\/wordpress\/2019\/04\/06\/decouverte-d-une-tombe-de-lepoque-ptolemaique\/\" class=\"_self pt-cv-href-thumbnail pt-cv-thumb-default\" target=\"_self\" ><\/a>\n<h4 class=\"pt-cv-title\"><a href=\"https:\/\/xfp5095.phpnet.org\/wordpress\/wordpress\/2019\/04\/06\/decouverte-d-une-tombe-de-lepoque-ptolemaique\/\" class=\"_self\" target=\"_self\" >d\u00e9couverte d&#8217; une tombe de l&#8217;\u00e9poque ptol\u00e9ma\u00efque \u00e0 Sohag<\/a><\/h4>\n<div class=\"pt-cv-content\"><p style=\"padding-left: 30px;\"><img loading=\"lazy\" decoding=\"async\" class=\"alignnone size-full wp-image-5041\" src=\"https:\/\/xfp5095.phpnet.org\/wordpress\/wordpress\/wp-content\/uploads\/2019\/04\/new-yor-times-logo.jpg\" alt=\"\" width=\"272\" height=\"38\" \/><img loading=\"lazy\" decoding=\"async\" class=\"alignnone wp-image-5011\" src=\"https:\/\/xfp5095.phpnet.org\/wordpress\/wordpress\/wp-content\/uploads\/2019\/04\/ahramonline-logo-300x80.jpg\" alt=\"\" width=\"114\" height=\"31\" srcset=\"https:\/\/xfp5095.phpnet.org\/wordpress\/wordpress\/wp-content\/uploads\/2019\/04\/ahramonline-logo-300x80.jpg 300w, https:\/\/xfp5095.phpnet.org\/wordpress\/wordpress\/wp-content\/uploads\/2019\/04\/ahramonline-logo.jpg 450w\" sizes=\"auto, (max-width: 114px) 100vw, 114px\" \/><\/p>\n<p>&nbsp;<\/p>\n<p style=\"padding-left: 30px;\"><img loading=\"lazy\" decoding=\"async\" class=\"alignnone wp-image-5011\" src=\"https:\/\/xfp5095.phpnet.org\/wordpress\/wordpress\/wp-content\/uploads\/2019\/04\/ahramonline-logo-300x80.jpg\" alt=\"\" width=\"101\" height=\"27\" srcset=\"https:\/\/xfp5095.phpnet.org\/wordpress\/wordpress\/wp-content\/uploads\/2019\/04\/ahramonline-logo-300x80.jpg 300w, https:\/\/xfp5095.phpnet.org\/wordpress\/wordpress\/wp-content\/uploads\/2019\/04\/ahramonline-logo.jpg 450w\" sizes=\"auto, (max-width: 101px) 100vw, 101px\" \/><\/p>\n<p style=\"padding-left: 30px;\"><span style=\"font-size: 12pt;\"><strong>une tombe de l&#8217;\u00e9poque ptol\u00e9ma\u00efque d\u00e9couverte \u00e0 Sohag, en Haute-\u00c9gypte<\/strong><\/span><\/p>\n<p style=\"padding-left: 30px;\"><a href=\"https:\/\/xfp5095.phpnet.org\/wordpress\/wordpress\/wp-content\/uploads\/2019\/04\/decouv-sohag-tombe-2.jpg\" target=\"_blank\" rel=\"noopener noreferrer\" data-rel=\"lightbox-image-bGlnaHRib3gtaW1hZ2UtMA==\" data-rl_title=\"\" data-rl_caption=\"\" data-rl_title=\"\" data-rl_caption=\"\" title=\"\"><img loading=\"lazy\" decoding=\"async\" class=\"alignleft wp-image-5010 \" src=\"https:\/\/xfp5095.phpnet.org\/wordpress\/wordpress\/wp-content\/uploads\/2019\/04\/decouv-sohag-tombe-2-300x179.jpg\" alt=\"\" width=\"129\" height=\"77\" srcset=\"https:\/\/xfp5095.phpnet.org\/wordpress\/wordpress\/wp-content\/uploads\/2019\/04\/decouv-sohag-tombe-2-300x179.jpg 300w, https:\/\/xfp5095.phpnet.org\/wordpress\/wordpress\/wp-content\/uploads\/2019\/04\/decouv-sohag-tombe-2.jpg 460w\" sizes=\"auto, (max-width: 129px) 100vw, 129px\" \/><\/a>(images Ahramonline)<\/p>\n<p style=\"padding-left: 30px;\">Toutou et son \u00e9pouse, un musicien, ont tous deux d\u00e9couvert la s\u00e9pulture exceptionnellement bien peinte de l\u2019\u00e9poque\u00a0ptol\u00e9ma\u00efque d&#8217;un noble, qui a \u00e9t\u00e9 d\u00e9couverte sur le site arch\u00e9ologique d&#8217;Al-Dayabat dans le gouvernorat de Sohag.<\/p>\n<p style=\"padding-left: 30px;\"> <a href=\"https:\/\/xfp5095.phpnet.org\/wordpress\/wordpress\/2019\/04\/06\/decouverte-d-une-tombe-de-lepoque-ptolemaique\/\" class=\"more-link\"><span aria-label=\"Lire la suite de d\u00e9couverte d&#8217; une tombe de l&#8217;\u00e9poque ptol\u00e9ma\u00efque \u00e0 Sohag\">(suite&hellip;)<\/span><\/a><\/p>\n<\/div>\n<div class=\"pt-cv-meta-fields\"><span class=\"entry-date\"> <time datetime=\"2019-04-06T12:12:34+02:00\">6 avril 2019<\/time><\/span><span> \/ <\/span><span class=\"terms\"> <a href='https:\/\/xfp5095.phpnet.org\/wordpress\/wordpress\/category\/egypte_decouvertes_anc\/' title='Egypte_decouvertes_anc' class='pt-cv-tax-egypte_decouvertes_anc'>Egypte_decouvertes_anc<\/a><\/span><\/div><\/div><\/div>\n<div class=\"col-md-6 col-sm-6 col-xs-12 pt-cv-content-item pt-cv-1-col\" ><div class='pt-cv-ifield'><a href=\"https:\/\/xfp5095.phpnet.org\/wordpress\/wordpress\/2019\/04\/16\/scoop-decouverte-dune-pharaonne-14e-siecle-av-jc\/\" class=\"_self pt-cv-href-thumbnail pt-cv-thumb-default\" target=\"_self\" ><\/a>\n<h4 class=\"pt-cv-title\"><a href=\"https:\/\/xfp5095.phpnet.org\/wordpress\/wordpress\/2019\/04\/16\/scoop-decouverte-dune-pharaonne-14e-siecle-av-jc\/\" class=\"_self\" target=\"_self\" >Scoop : D\u00e9couverte d&#8217;une pharaonne 14e si\u00e8cle av JC<\/a><\/h4>\n<div class=\"pt-cv-content\"><p style=\"padding-left: 30px;\"><a href=\"https:\/\/xfp5095.phpnet.org\/wordpress\/wordpress\/wp-content\/uploads\/2019\/04\/Musee-Ashmolean-princesses.jpg\" target=\"_blank\" rel=\"noopener noreferrer\" data-rel=\"lightbox-image-bGlnaHRib3gtaW1hZ2UtMA==\" data-rl_title=\"\" data-rl_caption=\"\" data-rl_title=\"\" data-rl_caption=\"\" title=\"\"><img loading=\"lazy\" decoding=\"async\" class=\"alignleft wp-image-5068\" src=\"https:\/\/xfp5095.phpnet.org\/wordpress\/wordpress\/wp-content\/uploads\/2019\/04\/Musee-Ashmolean-princesses-300x212.jpg\" alt=\"\" width=\"102\" height=\"72\" srcset=\"https:\/\/xfp5095.phpnet.org\/wordpress\/wordpress\/wp-content\/uploads\/2019\/04\/Musee-Ashmolean-princesses-300x212.jpg 300w, https:\/\/xfp5095.phpnet.org\/wordpress\/wordpress\/wp-content\/uploads\/2019\/04\/Musee-Ashmolean-princesses-768x542.jpg 768w, https:\/\/xfp5095.phpnet.org\/wordpress\/wordpress\/wp-content\/uploads\/2019\/04\/Musee-Ashmolean-princesses.jpg 1000w\" sizes=\"auto, (max-width: 102px) 100vw, 102px\" \/><\/a><span style=\"font-size: 10pt;\">article de <strong>JC Gavreau<\/strong> sur\u00a0\u00a0<img loading=\"lazy\" decoding=\"async\" class=\"alignnone wp-image-5070\" src=\"https:\/\/xfp5095.phpnet.org\/wordpress\/wordpress\/wp-content\/uploads\/2019\/04\/UQAM-logo.jpg\" alt=\"\" width=\"44\" height=\"17\" srcset=\"https:\/\/xfp5095.phpnet.org\/wordpress\/wordpress\/wp-content\/uploads\/2019\/04\/UQAM-logo.jpg 162w, https:\/\/xfp5095.phpnet.org\/wordpress\/wordpress\/wp-content\/uploads\/2019\/04\/UQAM-logo-150x62.jpg 150w\" sizes=\"auto, (max-width: 44px) 100vw, 44px\" \/><\/span><br \/>\n<em><span style=\"font-size: 10pt;\"><strong><a href=\"https:\/\/www.actualites.uqam.ca\/2019\/decouverte-une-pharaonne\" target=\"_blank\" rel=\"noopener noreferrer\">D\u00e9couverte d\u2019une pharaonne <\/a><\/strong><\/span><\/em><span style=\"color: #3366ff;\"><span style=\"color: #000000;\">par une \u00e9gyptologue franco canadienne<\/span><\/span> <strong><span style=\"color: #3366ff;\">Val\u00e9rie Angelot<\/span><\/strong><\/p>\n<p style=\"padding-left: 30px;\"><span style=\"font-size: 10pt;\">Les \u00e9gyptologues du monde entier savent depuis une cinquantaine d\u2019ann\u00e9es qu\u2019une femme a r\u00e9gn\u00e9 sur l\u2019\u00c9gypte au 14<sup>e\u00a0<\/sup>si\u00e8cle avant J-C, entre le d\u00e9c\u00e8s du pharaon Akhenaton et l\u2019av\u00e8nement au pouvoir de son fils, le jeune Toutankhamon (v.1345-1327)<br \/>\nArticle en pdf\u00a0 de JC Gavreau :\u00a0<em><a href=\"https:\/\/xfp5095.phpnet.org\/wordpress\/wordpress\/wp-content\/uploads\/2019\/04\/De\u0301couverte-d\u2019une-pharaonne-UQAM.pdf\" target=\"_blank\" rel=\"noopener noreferrer\">De\u0301couverte d\u2019une pharaonne &#8211; UQAM<\/a><\/em><\/span><\/p>\n<p style=\"padding-left: 30px;\"><span style=\"font-size: 10pt;\">et articles de\u00a0<strong class=\"author\">Fabrice Cecchi <\/strong>sur\u00a0\u00a0<img loading=\"lazy\" decoding=\"async\" class=\"alignnone wp-image-5069\" src=\"https:\/\/xfp5095.phpnet.org\/wordpress\/wordpress\/wp-content\/uploads\/2019\/04\/RTL-INFO-logo.jpg\" alt=\"\" width=\"44\" height=\"18\" \/><\/span><br \/>\n<span style=\"font-size: 10pt;\"><em><strong><a href=\"https:\/\/www.rtl.be\/info\/magazine\/culture\/une-egyptologue-belge-annonce-une-decouverte-exceptionnelle-deux-reines-auraient-regne-ensemble-1115606.aspx\" target=\"_blank\" rel=\"noopener noreferrer\">&#8211; une d\u00e9couverte exceptionnelle: deux reines auraient r\u00e9gn\u00e9 ensemble<\/a><br \/>\n<\/strong><strong style=\"font-size: 10pt;\"><a href=\"https:\/\/www.rtl.be\/info\/magazine\/culture\/comment-devient-on-egyptologue-valerie-nous-raconte-son-metier-passion-1115634.aspx\" target=\"_blank\" rel=\"noopener noreferrer\">&#8211; Comment devient-on \u00e9gyptologue?\u00a0<\/a><\/strong><\/em><strong><br \/>\n<\/strong><\/span><\/p>\n<\/div>\n<div class=\"pt-cv-meta-fields\"><span class=\"entry-date\"> <time datetime=\"2019-04-16T16:55:44+02:00\">16 avril 2019<\/time><\/span><span> \/ <\/span><span class=\"terms\"> <a href='https:\/\/xfp5095.phpnet.org\/wordpress\/wordpress\/category\/egypte_decouvertes_anc\/' title='Egypte_decouvertes_anc' class='pt-cv-tax-egypte_decouvertes_anc'>Egypte_decouvertes_anc<\/a><\/span><\/div><\/div><\/div>\n<div class=\"col-md-6 col-sm-6 col-xs-12 pt-cv-content-item pt-cv-1-col\" ><div class='pt-cv-ifield'><a href=\"https:\/\/xfp5095.phpnet.org\/wordpress\/wordpress\/2019\/11\/26\/decouverte-a-saqqarah-novembre-2019\/\" class=\"_self pt-cv-href-thumbnail pt-cv-thumb-default\" target=\"_self\" ><\/a>\n<h4 class=\"pt-cv-title\"><a href=\"https:\/\/xfp5095.phpnet.org\/wordpress\/wordpress\/2019\/11\/26\/decouverte-a-saqqarah-novembre-2019\/\" class=\"_self\" target=\"_self\" >D\u00e9couverte \u00e0 Saqqarah novembre 2019<\/a><\/h4>\n<div class=\"pt-cv-content\"><p style=\"padding-left: 40px;\"><span style=\"color: #800080;\"><strong>Conf\u00e9rence de de presse du 23 novembre 2019<\/strong><\/span><\/p>\n<p style=\"padding-left: 40px;\">(voir aussi les\u00a0 <em><span style=\"color: #3366ff;\"><a style=\"color: #3366ff;\" href=\"https:\/\/xfp5095.phpnet.org\/wordpress\/wordpress\/egypte-newsletter\/\" target=\"_blank\" rel=\"noopener noreferrer\">newsletter du minist\u00e8re des antiquit\u00e9s)<\/a><\/span><\/em><\/p>\n<p style=\"padding-left: 40px;\">* Deux tr\u00e8s belles photos avec le communiqu\u00e9 de presse qui n&#8217;\u00e9taient pas dans les trois articles de presse \u00e9num\u00e9r\u00e9s pr\u00e9c\u00e9demment:<\/p>\n<p style=\"padding-left: 40px;\"><a href=\"https:\/\/xfp5095.phpnet.org\/wordpress\/wordpress\/wp-content\/uploads\/2019\/11\/MOA-decoiuv-saqqara-1911-1.jpg\" target=\"_blank\" rel=\"noopener noreferrer\" data-rel=\"lightbox-image-bGlnaHRib3gtaW1hZ2UtMA==\" data-rl_title=\"\" data-rl_caption=\"\" data-rl_title=\"\" data-rl_caption=\"\" title=\"\"><img loading=\"lazy\" decoding=\"async\" class=\"alignleft wp-image-8045\" src=\"https:\/\/xfp5095.phpnet.org\/wordpress\/wordpress\/wp-content\/uploads\/2019\/11\/MOA-decoiuv-saqqara-1911-1-237x300.jpg\" alt=\"\" width=\"166\" height=\"210\" srcset=\"https:\/\/xfp5095.phpnet.org\/wordpress\/wordpress\/wp-content\/uploads\/2019\/11\/MOA-decoiuv-saqqara-1911-1-237x300.jpg 237w, https:\/\/xfp5095.phpnet.org\/wordpress\/wordpress\/wp-content\/uploads\/2019\/11\/MOA-decoiuv-saqqara-1911-1-809x1024.jpg 809w, https:\/\/xfp5095.phpnet.org\/wordpress\/wordpress\/wp-content\/uploads\/2019\/11\/MOA-decoiuv-saqqara-1911-1-768x972.jpg 768w, https:\/\/xfp5095.phpnet.org\/wordpress\/wordpress\/wp-content\/uploads\/2019\/11\/MOA-decoiuv-saqqara-1911-1.jpg 1011w\" sizes=\"auto, (max-width: 166px) 100vw, 166px\" \/><\/a>* Communiqu\u00e9 de presse du MoA du 23\/11\/19:<\/p>\n<p style=\"padding-left: 40px;\">&#8220;Le ministre des Antiquit\u00e9s, le Dr. Khaled El-Enany a annonc\u00e9 aujourd&#8217;hui dans une conf\u00e9rence de presse une nouvelle d\u00e9couverte dans la n\u00e9cropole de Saqqara r\u00e9alis\u00e9e par une mission \u00a0arch\u00e9ologique \u00e9gyptienne dirig\u00e9e par le Dr Mostafa Waziri, secr\u00e9taire g\u00e9n\u00e9ral du Conseil supr\u00eame des\u00a0Antiquit\u00e9s, \u00e0 la n\u00e9cropole des animaux sacr\u00e9s, o\u00f9 des dizaines de chats momifi\u00e9s et de scarab\u00e9es m\u00e9ticuleusement momifi\u00e9s ainsi que d&#8217;autres momies de cobras et de crocodiles, ainsi que la tombe exceptionnellement bien conserv\u00e9e de la cinqui\u00e8me dynastie royale<\/p>\n<p> <a href=\"https:\/\/xfp5095.phpnet.org\/wordpress\/wordpress\/2019\/11\/26\/decouverte-a-saqqarah-novembre-2019\/\" class=\"more-link\"><span aria-label=\"Lire la suite de D\u00e9couverte \u00e0 Saqqarah novembre 2019\">(suite&hellip;)<\/span><\/a><\/p>\n<\/div>\n<div class=\"pt-cv-meta-fields\"><span class=\"entry-date\"> <time datetime=\"2019-11-26T07:40:51+01:00\">26 novembre 2019<\/time><\/span><span> \/ <\/span><span class=\"terms\"> <a href='https:\/\/xfp5095.phpnet.org\/wordpress\/wordpress\/category\/egypte_decouvertes_anc\/' title='Egypte_decouvertes_anc' class='pt-cv-tax-egypte_decouvertes_anc'>Egypte_decouvertes_anc<\/a><\/span><\/div><\/div><\/div>\n<div class=\"col-md-6 col-sm-6 col-xs-12 pt-cv-content-item pt-cv-1-col\" ><div class='pt-cv-ifield'><a href=\"https:\/\/xfp5095.phpnet.org\/wordpress\/wordpress\/2019\/12\/01\/tt-33-decouverte-francaise\/\" class=\"_self pt-cv-href-thumbnail pt-cv-thumb-default\" target=\"_self\" ><\/a>\n<h4 class=\"pt-cv-title\"><a href=\"https:\/\/xfp5095.phpnet.org\/wordpress\/wordpress\/2019\/12\/01\/tt-33-decouverte-francaise\/\" class=\"_self\" target=\"_self\" >TT 33- d\u00e9couverte fran\u00e7aise nov 19<\/a><\/h4>\n<div class=\"pt-cv-content\"><h1 class=\"post-title entry-title\" style=\"padding-left: 40px;\"><strong><span style=\"font-size: 16px;\"><a href=\"https:\/\/xfp5095.phpnet.org\/wordpress\/wordpress\/wp-content\/uploads\/2019\/12\/Sarcoph-TT33-191130-A8DECE24-786B-443B-B845-B247356B4968.jpeg\" target=\"_blank\" rel=\"noopener noreferrer\" data-rel=\"lightbox-image-bGlnaHRib3gtaW1hZ2UtMA==\" data-rl_title=\"\" data-rl_caption=\"\" data-rl_title=\"\" data-rl_caption=\"\" title=\"\"><img loading=\"lazy\" decoding=\"async\" class=\"alignleft wp-image-8474\" src=\"https:\/\/xfp5095.phpnet.org\/wordpress\/wordpress\/wp-content\/uploads\/2019\/12\/Sarcoph-TT33-191130-A8DECE24-786B-443B-B845-B247356B4968-225x300.jpeg\" alt=\"\" width=\"106\" height=\"141\" srcset=\"https:\/\/xfp5095.phpnet.org\/wordpress\/wordpress\/wp-content\/uploads\/2019\/12\/Sarcoph-TT33-191130-A8DECE24-786B-443B-B845-B247356B4968-225x300.jpeg 225w, https:\/\/xfp5095.phpnet.org\/wordpress\/wordpress\/wp-content\/uploads\/2019\/12\/Sarcoph-TT33-191130-A8DECE24-786B-443B-B845-B247356B4968.jpeg 768w\" sizes=\"auto, (max-width: 106px) 100vw, 106px\" \/><\/a>\u00a0 Des arch\u00e9ologues fran\u00e7ais d\u00e9couvrent des cercueils en bois \u00e9gyptiens anciens<br \/>\n<\/span><\/strong><\/h1>\n<p style=\"padding-left: 40px;\">La mission arch\u00e9ologique conjointe de l<strong>&#8216;Institut Fran\u00e7ais d&#8217;Arch\u00e9ologie Orientale (IFAO) et de l&#8217;Universit\u00e9 de Strasbourg dirig\u00e9e par M. Fr\u00e9d\u00e9ric Colin<\/strong> a mis au jour 3 cercueils en bois dans la cour de la tombe de Padiam\u00e9nop\u00e9 (TT 33).<\/p>\n<p style=\"padding-left: 40px;\">Le Dr. Mostafa Waziry a d\u00e9clar\u00e9: \u00abLes cercueils sont dat\u00e9s de la 18\u00e8me dynastie et sont en bon \u00e9tat de conservation.\u00a0Ils portent des sc\u00e8nes et des inscriptions color\u00e9es.<\/p>\n<p style=\"padding-left: 40px;\">Voir l&#8217;aticle complet : <a href=\"http:\/\/luxortimes.com\/2019\/11\/french-archaeologists-unearth-ancient-egyptian-wooden-coffins\/\" target=\"_blank\" rel=\"noopener noreferrer\"><img loading=\"lazy\" decoding=\"async\" class=\"alignnone wp-image-8475\" src=\"https:\/\/xfp5095.phpnet.org\/wordpress\/wordpress\/wp-content\/uploads\/2019\/12\/Louxor-Times-logo-300x56.jpg\" alt=\"\" width=\"214\" height=\"40\" srcset=\"https:\/\/xfp5095.phpnet.org\/wordpress\/wordpress\/wp-content\/uploads\/2019\/12\/Louxor-Times-logo-300x56.jpg 300w, https:\/\/xfp5095.phpnet.org\/wordpress\/wordpress\/wp-content\/uploads\/2019\/12\/Louxor-Times-logo-1024x191.jpg 1024w, https:\/\/xfp5095.phpnet.org\/wordpress\/wordpress\/wp-content\/uploads\/2019\/12\/Louxor-Times-logo-768x144.jpg 768w, https:\/\/xfp5095.phpnet.org\/wordpress\/wordpress\/wp-content\/uploads\/2019\/12\/Louxor-Times-logo-1536x287.jpg 1536w, https:\/\/xfp5095.phpnet.org\/wordpress\/wordpress\/wp-content\/uploads\/2019\/12\/Louxor-Times-logo.jpg 1771w\" sizes=\"auto, (max-width: 214px) 100vw, 214px\" \/><\/a><\/p>\n<\/div>\n<div class=\"pt-cv-meta-fields\"><span class=\"entry-date\"> <time datetime=\"2019-12-01T17:15:00+01:00\">1 d\u00e9cembre 2019<\/time><\/span><span> \/ <\/span><span class=\"terms\"> <a href='https:\/\/xfp5095.phpnet.org\/wordpress\/wordpress\/category\/egypte_decouvertes_anc\/' title='Egypte_decouvertes_anc' class='pt-cv-tax-egypte_decouvertes_anc'>Egypte_decouvertes_anc<\/a><\/span><\/div><\/div><\/div>\n<div class=\"col-md-6 col-sm-6 col-xs-12 pt-cv-content-item pt-cv-1-col\" ><div class='pt-cv-ifield'><a href=\"https:\/\/xfp5095.phpnet.org\/wordpress\/wordpress\/2019\/12\/12\/giiseh-decouverte-buste-de-ramses-ii-2019\/\" class=\"_self pt-cv-href-thumbnail pt-cv-thumb-default\" target=\"_self\" ><\/a>\n<h4 class=\"pt-cv-title\"><a href=\"https:\/\/xfp5095.phpnet.org\/wordpress\/wordpress\/2019\/12\/12\/giiseh-decouverte-buste-de-ramses-ii-2019\/\" class=\"_self\" target=\"_self\" >Gizeh &#8211; d\u00e9couverte buste de Ramses II-2019<\/a><\/h4>\n<div class=\"pt-cv-content\"><p style=\"padding-left: 40px;\"><a href=\"https:\/\/xfp5095.phpnet.org\/wordpress\/wordpress\/wp-content\/uploads\/2019\/12\/Buste-Ramses-II-Gizeh-2019-1.jpg\" target=\"_blank\" rel=\"noopener noreferrer\" data-rel=\"lightbox-image-bGlnaHRib3gtaW1hZ2UtMA==\" data-rl_title=\"\" data-rl_caption=\"\" data-rl_title=\"\" data-rl_caption=\"\" title=\"\"><img loading=\"lazy\" decoding=\"async\" class=\"alignleft wp-image-8530\" src=\"https:\/\/xfp5095.phpnet.org\/wordpress\/wordpress\/wp-content\/uploads\/2019\/12\/Buste-Ramses-II-Gizeh-2019-1-225x300.jpg\" alt=\"\" width=\"101\" height=\"135\" srcset=\"https:\/\/xfp5095.phpnet.org\/wordpress\/wordpress\/wp-content\/uploads\/2019\/12\/Buste-Ramses-II-Gizeh-2019-1-225x300.jpg 225w, https:\/\/xfp5095.phpnet.org\/wordpress\/wordpress\/wp-content\/uploads\/2019\/12\/Buste-Ramses-II-Gizeh-2019-1.jpg 500w\" sizes=\"auto, (max-width: 101px) 100vw, 101px\" \/><\/a><span style=\"font-size: 14px;\"><strong>Buste en granit rouge unique de Rams\u00e8s II mis au jour sur un terrain priv\u00e9 \u00e0 Gizeh<\/strong><\/span><br \/>\n<img loading=\"lazy\" decoding=\"async\" class=\"alignnone wp-image-5011\" src=\"https:\/\/xfp5095.phpnet.org\/wordpress\/wordpress\/wp-content\/uploads\/2019\/04\/ahramonline-logo-300x80.jpg\" alt=\"\" width=\"101\" height=\"27\" srcset=\"https:\/\/xfp5095.phpnet.org\/wordpress\/wordpress\/wp-content\/uploads\/2019\/04\/ahramonline-logo-300x80.jpg 300w, https:\/\/xfp5095.phpnet.org\/wordpress\/wordpress\/wp-content\/uploads\/2019\/04\/ahramonline-logo.jpg 450w\" sizes=\"auto, (max-width: 101px) 100vw, 101px\" \/><\/p>\n<p dir=\"LTR\" style=\"padding-left: 40px;\">Une mission arch\u00e9ologique \u00e9gyptienne du minist\u00e8re des Antiquit\u00e9s a mis au jour un buste royal en granit rouge du roi Rams\u00e8s II arborant le \u00abKa\u00bb, symbole de puissance, de force vitale et d&#8217;esprit.<\/p>\n<p dir=\"LTR\" style=\"padding-left: 40px;\">La d\u00e9couverte a \u00e9t\u00e9 faite lors de fouilles sur des terres priv\u00e9es dans le village de Mit Rahina \u00e0 Gizeh, apr\u00e8s que le propri\u00e9taire a \u00e9t\u00e9 surpris en train d&#8217;effectuer des travaux d&#8217;excavation ill\u00e9gaux sur le site.<\/p>\n<p dir=\"LTR\"> <a href=\"https:\/\/xfp5095.phpnet.org\/wordpress\/wordpress\/2019\/12\/12\/giiseh-decouverte-buste-de-ramses-ii-2019\/\" class=\"more-link\"><span aria-label=\"Lire la suite de Gizeh &#8211; d\u00e9couverte buste de Ramses II-2019\">(suite&hellip;)<\/span><\/a><\/p>\n<\/div>\n<div class=\"pt-cv-meta-fields\"><span class=\"entry-date\"> <time datetime=\"2019-12-12T17:31:50+01:00\">12 d\u00e9cembre 2019<\/time><\/span><span> \/ <\/span><span class=\"terms\"> <a href='https:\/\/xfp5095.phpnet.org\/wordpress\/wordpress\/category\/egypte_decouvertes_anc\/' title='Egypte_decouvertes_anc' class='pt-cv-tax-egypte_decouvertes_anc'>Egypte_decouvertes_anc<\/a><\/span><\/div><\/div><\/div>\n<div class=\"col-md-6 col-sm-6 col-xs-12 pt-cv-content-item pt-cv-1-col\" ><div class='pt-cv-ifield'><a href=\"https:\/\/xfp5095.phpnet.org\/wordpress\/wordpress\/2019\/12\/18\/decouverte-dun-sphinx-2019-mynya-el-gebel\/\" class=\"_self pt-cv-href-thumbnail pt-cv-thumb-default\" target=\"_self\" ><\/a>\n<h4 class=\"pt-cv-title\"><a href=\"https:\/\/xfp5095.phpnet.org\/wordpress\/wordpress\/2019\/12\/18\/decouverte-dun-sphinx-2019-mynya-el-gebel\/\" class=\"_self\" target=\"_self\" >D\u00e9couverte d&#8217;un sphinx -2019 &#8211; Mynya el Gebel<\/a><\/h4>\n<div class=\"pt-cv-content\"><p style=\"padding-left: 40px;\"><span style=\"font-size: 14px;\"><strong>D\u00e9cembre 2019 &#8211; Une statue de Sphinx d\u00e9couverte dans le gouvernorat\u00a0 de Minya El-Gebel<\/strong><\/span><\/p>\n<p style=\"padding-left: 40px;\"><a href=\"https:\/\/xfp5095.phpnet.org\/wordpress\/wordpress\/wp-content\/uploads\/2019\/12\/egypt-decouverte-Myna-sphynx-1.jpg\" target=\"_blank\" rel=\"noopener noreferrer\" data-rel=\"lightbox-image-bGlnaHRib3gtaW1hZ2UtMA==\" data-rl_title=\"\" data-rl_caption=\"\" data-rl_title=\"\" data-rl_caption=\"\" title=\"\"><img loading=\"lazy\" decoding=\"async\" class=\"alignleft wp-image-8600\" src=\"https:\/\/xfp5095.phpnet.org\/wordpress\/wordpress\/wp-content\/uploads\/2019\/12\/egypt-decouverte-Myna-sphynx-1-300x179.jpg\" alt=\"\" width=\"104\" height=\"62\" srcset=\"https:\/\/xfp5095.phpnet.org\/wordpress\/wordpress\/wp-content\/uploads\/2019\/12\/egypt-decouverte-Myna-sphynx-1-300x179.jpg 300w, https:\/\/xfp5095.phpnet.org\/wordpress\/wordpress\/wp-content\/uploads\/2019\/12\/egypt-decouverte-Myna-sphynx-1.jpg 460w\" sizes=\"auto, (max-width: 104px) 100vw, 104px\" \/><\/a>\u00a0 <a href=\"http:\/\/english.ahram.org.eg\/News\/357726.aspx\" target=\"_blank\" rel=\"noopener noreferrer\"><img loading=\"lazy\" decoding=\"async\" class=\"alignnone wp-image-5011\" src=\"https:\/\/xfp5095.phpnet.org\/wordpress\/wordpress\/wp-content\/uploads\/2019\/04\/ahramonline-logo-300x80.jpg\" alt=\"\" width=\"83\" height=\"22\" srcset=\"https:\/\/xfp5095.phpnet.org\/wordpress\/wordpress\/wp-content\/uploads\/2019\/04\/ahramonline-logo-300x80.jpg 300w, https:\/\/xfp5095.phpnet.org\/wordpress\/wordpress\/wp-content\/uploads\/2019\/04\/ahramonline-logo.jpg 450w\" sizes=\"auto, (max-width: 83px) 100vw, 83px\" \/><\/a><\/p>\n<p style=\"padding-left: 40px;\">La mission arch\u00e9ologique \u00e9gyptienne, dirig\u00e9e par Sayed Abdel-Malek, a d\u00e9couvert une petite statue royale d&#8217;un sphinx dans la zone arch\u00e9ologique de Tuna El-Gebel dans le gouvernorat de Minya, en Haute-\u00c9gypte.<br \/>\n<a href=\"https:\/\/xfp5095.phpnet.org\/wordpress\/wordpress\/wp-content\/uploads\/2019\/12\/egypt-decouverte-Myna-sphynx-1.jpg\" target=\"_blank\" rel=\"noopener noreferrer\" data-rel=\"lightbox-image-bGlnaHRib3gtaW1hZ2UtMQ==\" data-rl_title=\"\" data-rl_caption=\"\" data-rl_title=\"\" data-rl_caption=\"\" title=\"\"><br \/>\n<\/a><\/p>\n<p> <a href=\"https:\/\/xfp5095.phpnet.org\/wordpress\/wordpress\/2019\/12\/18\/decouverte-dun-sphinx-2019-mynya-el-gebel\/\" class=\"more-link\"><span aria-label=\"Lire la suite de D\u00e9couverte d&#8217;un sphinx -2019 &#8211; Mynya el Gebel\">(suite&hellip;)<\/span><\/a><\/p>\n<\/div>\n<div class=\"pt-cv-meta-fields\"><span class=\"entry-date\"> <time datetime=\"2019-12-18T20:43:32+01:00\">18 d\u00e9cembre 2019<\/time><\/span><span> \/ <\/span><span class=\"terms\"> <a href='https:\/\/xfp5095.phpnet.org\/wordpress\/wordpress\/category\/egypte_decouvertes_anc\/' title='Egypte_decouvertes_anc' class='pt-cv-tax-egypte_decouvertes_anc'>Egypte_decouvertes_anc<\/a><\/span><\/div><\/div><\/div>\n<div class=\"col-md-6 col-sm-6 col-xs-12 pt-cv-content-item pt-cv-1-col\" ><div class='pt-cv-ifield'><a href=\"https:\/\/xfp5095.phpnet.org\/wordpress\/wordpress\/2019\/12\/20\/decouverte-dun-horus-2019-louxor\/\" class=\"_self pt-cv-href-thumbnail pt-cv-thumb-default\" target=\"_self\" ><\/a>\n<h4 class=\"pt-cv-title\"><a href=\"https:\/\/xfp5095.phpnet.org\/wordpress\/wordpress\/2019\/12\/20\/decouverte-dun-horus-2019-louxor\/\" class=\"_self\" target=\"_self\" >D\u00e9couverte d\u2019un Horus -2019 \u2013 Louxor<\/a><\/h4>\n<div class=\"pt-cv-content\"><p style=\"padding-left: 40px;\">Un colosse de granodiorite d&#8217;Horus mis au jour \u00e0 Louxor en \u00c9gypte<br \/>\n<a href=\"https:\/\/xfp5095.phpnet.org\/wordpress\/wordpress\/wp-content\/uploads\/2019\/12\/egypt-decouverte-louxor1912.jpg\" target=\"_blank\" rel=\"noopener noreferrer\" data-rel=\"lightbox-image-bGlnaHRib3gtaW1hZ2UtMA==\" data-rl_title=\"\" data-rl_caption=\"\" data-rl_title=\"\" data-rl_caption=\"\" title=\"\"><img loading=\"lazy\" decoding=\"async\" class=\"alignleft wp-image-8606\" src=\"https:\/\/xfp5095.phpnet.org\/wordpress\/wordpress\/wp-content\/uploads\/2019\/12\/egypt-decouverte-louxor1912-203x300.jpg\" alt=\"\" width=\"81\" height=\"120\" srcset=\"https:\/\/xfp5095.phpnet.org\/wordpress\/wordpress\/wp-content\/uploads\/2019\/12\/egypt-decouverte-louxor1912-203x300.jpg 203w, https:\/\/xfp5095.phpnet.org\/wordpress\/wordpress\/wp-content\/uploads\/2019\/12\/egypt-decouverte-louxor1912.jpg 400w\" sizes=\"auto, (max-width: 81px) 100vw, 81px\" \/><\/a> <a href=\"http:\/\/english.ahram.org.eg\/NewsContentP\/9\/358052\/Heritage\/A-granodiorite-colossus-of-Horus-unearthed-in-Egyp.aspx\" target=\"_blank\" rel=\"noopener noreferrer\"><img loading=\"lazy\" decoding=\"async\" class=\"alignnone wp-image-5011\" src=\"https:\/\/xfp5095.phpnet.org\/wordpress\/wordpress\/wp-content\/uploads\/2019\/04\/ahramonline-logo-300x80.jpg\" alt=\"\" width=\"83\" height=\"22\" srcset=\"https:\/\/xfp5095.phpnet.org\/wordpress\/wordpress\/wp-content\/uploads\/2019\/04\/ahramonline-logo-300x80.jpg 300w, https:\/\/xfp5095.phpnet.org\/wordpress\/wordpress\/wp-content\/uploads\/2019\/04\/ahramonline-logo.jpg 450w\" sizes=\"auto, (max-width: 83px) 100vw, 83px\" \/><\/a><\/p>\n<p><span>Au cours de fouilles effectu\u00e9es au temple fun\u00e9raire du roi Amenhotep III, une mission arch\u00e9ologique germano-\u00e9gyptienne dirig\u00e9e par Horig Sourouzian a mis au jour une grande partie d&#8217;un colosse granodiorite d&#8217;un dieu debout \u00e0 t\u00eate de faucon Horus.<\/span><\/p>\n<p><span>Sourouzian a d\u00e9clar\u00e9 que la statue n&#8217;avait pas de jambes et que les bras \u00e9taient cass\u00e9s, mais la t\u00eate et le torse \u00e9taient tr\u00e8s bien conserv\u00e9s.<\/span><\/p>\n<p>Lire l&#8217;article : <a href=\"http:\/\/english.ahram.org.eg\/NewsContentP\/9\/358052\/Heritage\/A-granodiorite-colossus-of-Horus-unearthed-in-Egyp.aspx\" target=\"_blank\" rel=\"noopener noreferrer\"><img loading=\"lazy\" decoding=\"async\" class=\"alignnone wp-image-5011\" src=\"https:\/\/xfp5095.phpnet.org\/wordpress\/wordpress\/wp-content\/uploads\/2019\/04\/ahramonline-logo-300x80.jpg\" alt=\"\" width=\"83\" height=\"22\" srcset=\"https:\/\/xfp5095.phpnet.org\/wordpress\/wordpress\/wp-content\/uploads\/2019\/04\/ahramonline-logo-300x80.jpg 300w, https:\/\/xfp5095.phpnet.org\/wordpress\/wordpress\/wp-content\/uploads\/2019\/04\/ahramonline-logo.jpg 450w\" sizes=\"auto, (max-width: 83px) 100vw, 83px\" \/><\/a><\/p>\n<\/div>\n<div class=\"pt-cv-meta-fields\"><span class=\"entry-date\"> <time datetime=\"2019-12-20T08:29:28+01:00\">20 d\u00e9cembre 2019<\/time><\/span><span> \/ <\/span><span class=\"terms\"> <a href='https:\/\/xfp5095.phpnet.org\/wordpress\/wordpress\/category\/egypte_decouvertes_anc\/' title='Egypte_decouvertes_anc' class='pt-cv-tax-egypte_decouvertes_anc'>Egypte_decouvertes_anc<\/a><\/span><\/div><\/div><\/div>\n<div class=\"col-md-6 col-sm-6 col-xs-12 pt-cv-content-item pt-cv-1-col\" ><div class='pt-cv-ifield'><a href=\"https:\/\/xfp5095.phpnet.org\/wordpress\/wordpress\/2020\/02\/03\/decouverte-des-tombes-communes-de-grands-pretres-decouverts-en-haute-egypte\/\" class=\"_self pt-cv-href-thumbnail pt-cv-thumb-default\" target=\"_self\" ><\/a>\n<h4 class=\"pt-cv-title\"><a href=\"https:\/\/xfp5095.phpnet.org\/wordpress\/wordpress\/2020\/02\/03\/decouverte-des-tombes-communes-de-grands-pretres-decouverts-en-haute-egypte\/\" class=\"_self\" target=\"_self\" >Des tombes communes de grands pr\u00eatres d\u00e9couvertes en Haute-Egypte<\/a><\/h4>\n<div class=\"pt-cv-content\"><p style=\"padding-left: 40px;\"><a href=\"https:\/\/xfp5095.phpnet.org\/wordpress\/wordpress\/wp-content\/uploads\/2020\/02\/Tombes-communales-pretres-200202.jpg\" target=\"_blank\" rel=\"noopener noreferrer\" data-rel=\"lightbox-image-bGlnaHRib3gtaW1hZ2UtMA==\" data-rl_title=\"\" data-rl_caption=\"\" data-rl_title=\"\" data-rl_caption=\"\" title=\"\"><img loading=\"lazy\" decoding=\"async\" class=\"alignleft wp-image-8991 \" src=\"https:\/\/xfp5095.phpnet.org\/wordpress\/wordpress\/wp-content\/uploads\/2020\/02\/Tombes-communales-pretres-200202-300x179.jpg\" alt=\"\" width=\"184\" height=\"110\" srcset=\"https:\/\/xfp5095.phpnet.org\/wordpress\/wordpress\/wp-content\/uploads\/2020\/02\/Tombes-communales-pretres-200202-300x179.jpg 300w, https:\/\/xfp5095.phpnet.org\/wordpress\/wordpress\/wp-content\/uploads\/2020\/02\/Tombes-communales-pretres-200202.jpg 460w\" sizes=\"auto, (max-width: 184px) 100vw, 184px\" \/><\/a>\u00a0 Le ministre \u00e9gyptien du Tourisme et des Antiquit\u00e9s Khaled El-Enany a annonc\u00e9 la d\u00e9couverte de tombes communales pour les grands pr\u00eatres sur le site arch\u00e9ologique d&#8217;Al-Ghoreifa \u00e0 Tuna El-Gabal \u00e0 Minya, qui marque la premi\u00e8re d\u00e9couverte arch\u00e9ologique par le minist\u00e8re du Tourisme et des Antiquit\u00e9s en l&#8217;ann\u00e9e 2020.<br \/>\nVoir l&#8217;article complet\u00a0 :<a href=\"http:\/\/english.ahram.org.eg\/News\/362609.aspx\" target=\"_blank\" rel=\"noopener noreferrer\"><img loading=\"lazy\" decoding=\"async\" class=\"alignnone wp-image-5011\" src=\"https:\/\/xfp5095.phpnet.org\/wordpress\/wordpress\/wp-content\/uploads\/2019\/04\/ahramonline-logo-300x80.jpg\" alt=\"\" width=\"105\" height=\"28\" srcset=\"https:\/\/xfp5095.phpnet.org\/wordpress\/wordpress\/wp-content\/uploads\/2019\/04\/ahramonline-logo-300x80.jpg 300w, https:\/\/xfp5095.phpnet.org\/wordpress\/wordpress\/wp-content\/uploads\/2019\/04\/ahramonline-logo.jpg 450w\" sizes=\"auto, (max-width: 105px) 100vw, 105px\" \/><\/a><\/p>\n<\/div>\n<div class=\"pt-cv-meta-fields\"><span class=\"entry-date\"> <time datetime=\"2020-02-03T18:27:35+01:00\">3 f\u00e9vrier 2020<\/time><\/span><span> \/ <\/span><span class=\"terms\"> <a href='https:\/\/xfp5095.phpnet.org\/wordpress\/wordpress\/category\/egypte_decouvertes_anc\/' title='Egypte_decouvertes_anc' class='pt-cv-tax-egypte_decouvertes_anc'>Egypte_decouvertes_anc<\/a><\/span><\/div><\/div><\/div>\n<div class=\"col-md-6 col-sm-6 col-xs-12 pt-cv-content-item pt-cv-1-col\" ><div class='pt-cv-ifield'><a href=\"https:\/\/xfp5095.phpnet.org\/wordpress\/wordpress\/2020\/02\/14\/83-tombes-anciennes-decouvertes-dans-le-delta-du-nil\/\" class=\"_self pt-cv-href-thumbnail pt-cv-thumb-default\" target=\"_self\" ><\/a>\n<h4 class=\"pt-cv-title\"><a href=\"https:\/\/xfp5095.phpnet.org\/wordpress\/wordpress\/2020\/02\/14\/83-tombes-anciennes-decouvertes-dans-le-delta-du-nil\/\" class=\"_self\" target=\"_self\" >83 tombes anciennes d\u00e9couvertes dans le delta du Nil<\/a><\/h4>\n<div class=\"pt-cv-content\"><p dir=\"LTR\" style=\"padding-left: 40px;\"><a href=\"https:\/\/xfp5095.phpnet.org\/wordpress\/wordpress\/wp-content\/uploads\/2020\/02\/83-tombes-delta-200214.jpg\" target=\"_blank\" rel=\"noopener noreferrer\" data-rel=\"lightbox-image-bGlnaHRib3gtaW1hZ2UtMA==\" data-rl_title=\"\" data-rl_caption=\"\" data-rl_title=\"\" data-rl_caption=\"\" title=\"\"><img loading=\"lazy\" decoding=\"async\" class=\"alignleft wp-image-9051\" src=\"https:\/\/xfp5095.phpnet.org\/wordpress\/wordpress\/wp-content\/uploads\/2020\/02\/83-tombes-delta-200214-300x179.jpg\" alt=\"\" width=\"161\" height=\"96\" srcset=\"https:\/\/xfp5095.phpnet.org\/wordpress\/wordpress\/wp-content\/uploads\/2020\/02\/83-tombes-delta-200214-300x179.jpg 300w, https:\/\/xfp5095.phpnet.org\/wordpress\/wordpress\/wp-content\/uploads\/2020\/02\/83-tombes-delta-200214.jpg 460w\" sizes=\"auto, (max-width: 161px) 100vw, 161px\" \/><\/a>\u00a0 <a href=\"http:\/\/english.ahram.org.eg\/News\/363414.aspx\" target=\"_blank\" rel=\"noopener noreferrer\"><img loading=\"lazy\" decoding=\"async\" class=\"alignnone wp-image-5011\" src=\"https:\/\/xfp5095.phpnet.org\/wordpress\/wordpress\/wp-content\/uploads\/2019\/04\/ahramonline-logo-300x80.jpg\" alt=\"\" width=\"83\" height=\"22\" srcset=\"https:\/\/xfp5095.phpnet.org\/wordpress\/wordpress\/wp-content\/uploads\/2019\/04\/ahramonline-logo-300x80.jpg 300w, https:\/\/xfp5095.phpnet.org\/wordpress\/wordpress\/wp-content\/uploads\/2019\/04\/ahramonline-logo.jpg 450w\" sizes=\"auto, (max-width: 83px) 100vw, 83px\" \/><\/a>Une mission arch\u00e9ologique \u00e9gyptienne affili\u00e9e au Conseil supr\u00eame des antiquit\u00e9s a annonc\u00e9 mercredi la d\u00e9couverte de 83 tombes lors de fouilles arch\u00e9ologiques dans la r\u00e9gion d&#8217;Om El-Khelgan dans le gouvernorat \u00e9gyptien de Daqahliya dans le delta du Nil. <a href=\"https:\/\/xfp5095.phpnet.org\/wordpress\/wordpress\/2020\/02\/14\/83-tombes-anciennes-decouvertes-dans-le-delta-du-nil\/\" class=\"more-link\"><span aria-label=\"Lire la suite de 83 tombes anciennes d\u00e9couvertes dans le delta du Nil\">(suite&hellip;)<\/span><\/a><\/p>\n<\/div>\n<div class=\"pt-cv-meta-fields\"><span class=\"entry-date\"> <time datetime=\"2020-02-14T08:51:45+01:00\">14 f\u00e9vrier 2020<\/time><\/span><span> \/ <\/span><span class=\"terms\"> <a href='https:\/\/xfp5095.phpnet.org\/wordpress\/wordpress\/category\/egypte_decouvertes_anc\/' title='Egypte_decouvertes_anc' class='pt-cv-tax-egypte_decouvertes_anc'>Egypte_decouvertes_anc<\/a><\/span><\/div><\/div><\/div>\n<div class=\"col-md-6 col-sm-6 col-xs-12 pt-cv-content-item pt-cv-1-col\" ><div class='pt-cv-ifield'><a href=\"https:\/\/xfp5095.phpnet.org\/wordpress\/wordpress\/2020\/02\/27\/26-02-20-tombe-de-toutankhamon-une-nouvelle-analyse-une-nouvelle-polemique\/\" class=\"_self pt-cv-href-thumbnail pt-cv-thumb-default\" target=\"_self\" ><\/a>\n<h4 class=\"pt-cv-title\"><a href=\"https:\/\/xfp5095.phpnet.org\/wordpress\/wordpress\/2020\/02\/27\/26-02-20-tombe-de-toutankhamon-une-nouvelle-analyse-une-nouvelle-polemique\/\" class=\"_self\" target=\"_self\" >26\/02\/20- Tombe de Toutankhamon : une nouvelle analyse, une nouvelle pol\u00e9mique<\/a><\/h4>\n<div class=\"pt-cv-content\"><p style=\"padding-left: 40px;\"><a href=\"https:\/\/xfp5095.phpnet.org\/wordpress\/wordpress\/wp-content\/uploads\/2020\/02\/tombe-Toutankhamon-2002.png\" target=\"_blank\" rel=\"noopener noreferrer\" data-rel=\"lightbox-image-bGlnaHRib3gtaW1hZ2UtMA==\" data-rl_title=\"\" data-rl_caption=\"\" data-rl_title=\"\" data-rl_caption=\"\" title=\"\"><img loading=\"lazy\" decoding=\"async\" class=\"alignleft wp-image-9128\" src=\"https:\/\/xfp5095.phpnet.org\/wordpress\/wordpress\/wp-content\/uploads\/2020\/02\/tombe-Toutankhamon-2002-300x284.png\" alt=\"\" width=\"125\" height=\"118\" srcset=\"https:\/\/xfp5095.phpnet.org\/wordpress\/wordpress\/wp-content\/uploads\/2020\/02\/tombe-Toutankhamon-2002-300x284.png 300w, https:\/\/xfp5095.phpnet.org\/wordpress\/wordpress\/wp-content\/uploads\/2020\/02\/tombe-Toutankhamon-2002.png 400w\" sizes=\"auto, (max-width: 125px) 100vw, 125px\" \/><\/a>\u00a0 <img loading=\"lazy\" decoding=\"async\" class=\"alignnone wp-image-6567\" src=\"https:\/\/xfp5095.phpnet.org\/wordpress\/wordpress\/wp-content\/uploads\/2019\/09\/Pharaon-magazine-logo-300x65.jpg\" alt=\"\" width=\"120\" height=\"26\" srcset=\"https:\/\/xfp5095.phpnet.org\/wordpress\/wordpress\/wp-content\/uploads\/2019\/09\/Pharaon-magazine-logo-300x65.jpg 300w, https:\/\/xfp5095.phpnet.org\/wordpress\/wordpress\/wp-content\/uploads\/2019\/09\/Pharaon-magazine-logo-768x168.jpg 768w, https:\/\/xfp5095.phpnet.org\/wordpress\/wordpress\/wp-content\/uploads\/2019\/09\/Pharaon-magazine-logo.jpg 880w\" sizes=\"auto, (max-width: 120px) 100vw, 120px\" \/><br \/>\nNouveau rebondissement dans les salles inconnues mais introuvables de la tombe de Toutankhamon.<br \/>\nSoyons imm\u00e9diatement clairs :<br \/>\n1 dire comme certains journaux le font que les suppos\u00e9es salles d\u00e9couvertes seraient la tombe de N\u00e9fertiti est une invention et ne repose sur strictement aucune donn\u00e9e scientifique, ni aucune preuve.<br \/>\n2 les suppos\u00e9s vides \/ cavit\u00e9s \/ salles : elles ne sont ni d\u00e9couvertes, ni connues. Leurs existences sont uniquement suppos\u00e9es par les analyses g\u00e9omagn\u00e9tiques et radars pour p\u00e9n\u00e9trer le sol et les environs de la tombe de Toutankhmon<\/p>\n<p style=\"padding-left: 40px;\">Voir l&#8217;article complet ;\u00a0<span style=\"color: #3366ff;\"><strong><a style=\"color: #3366ff;\" href=\"https:\/\/www.pharaon-magazine.fr\/actualites\/actualit\/tombe-de-toutankhamon-une-nouvelle-analyse-une-nouvelle-pol-mique?fbclid=IwAR3l5vnbcthDB9FvO1x-8vMtiHyaONnXrcg4GtdgcL8290KhB_jmbIfn-Ek#.Xla5lEzH3DY.facebook\" target=\"_blank\" rel=\"noopener noreferrer\"> Pharaon Magazine &#8211; tombe de Toutankhamon<\/a><\/strong><\/span><\/p>\n<p style=\"padding-left: 40px;\">\n<\/p><\/div>\n<div class=\"pt-cv-meta-fields\"><span class=\"entry-date\"> <time datetime=\"2020-02-27T06:23:25+01:00\">27 f\u00e9vrier 2020<\/time><\/span><span> \/ <\/span><span class=\"terms\"> <a href='https:\/\/xfp5095.phpnet.org\/wordpress\/wordpress\/category\/egypte_decouvertes_anc\/' title='Egypte_decouvertes_anc' class='pt-cv-tax-egypte_decouvertes_anc'>Egypte_decouvertes_anc<\/a><\/span><\/div><\/div><\/div><\/div><\/div><\/div>\n","protected":false},"excerpt":{"rendered":"<p>D\u00e9couvertes r\u00e9centes D\u00e9couvertes plus anciennes<\/p>\n","protected":false},"author":1,"featured_media":0,"parent":0,"menu_order":0,"comment_status":"closed","ping_status":"closed","template":"","meta":{"colormag_page_container_layout":"default_layout","colormag_page_sidebar_layout":"default_layout","_crdt_document":"","advgb_blocks_editor_width":"","advgb_blocks_columns_visual_guide":"","footnotes":""},"class_list":["post-3504","page","type-page","status-publish","hentry"],"coauthors":[],"author_meta":{"author_link":"https:\/\/xfp5095.phpnet.org\/wordpress\/wordpress\/author\/tusseaugilbert\/","display_name":"Tusseau-Webmestre Gilbert"},"relative_dates":{"created":"Posted 8 ann\u00e9es ago","modified":"Updated 6 ann\u00e9es ago"},"absolute_dates":{"created":"Posted on 19 septembre 2018","modified":"Updated on 29 mars 2020"},"absolute_dates_time":{"created":"Posted on 19 septembre 2018 6 h 33 min","modified":"Updated on 29 mars 2020 8 h 28 min"},"featured_img_caption":"","featured_img":false,"series_order":"","post_mailing_queue_ids":[],"_links":{"self":[{"href":"https:\/\/xfp5095.phpnet.org\/wordpress\/wordpress\/wp-json\/wp\/v2\/pages\/3504","targetHints":{"allow":["GET"]}}],"collection":[{"href":"https:\/\/xfp5095.phpnet.org\/wordpress\/wordpress\/wp-json\/wp\/v2\/pages"}],"about":[{"href":"https:\/\/xfp5095.phpnet.org\/wordpress\/wordpress\/wp-json\/wp\/v2\/types\/page"}],"author":[{"embeddable":true,"href":"https:\/\/xfp5095.phpnet.org\/wordpress\/wordpress\/wp-json\/wp\/v2\/users\/1"}],"replies":[{"embeddable":true,"href":"https:\/\/xfp5095.phpnet.org\/wordpress\/wordpress\/wp-json\/wp\/v2\/comments?post=3504"}],"version-history":[{"count":0,"href":"https:\/\/xfp5095.phpnet.org\/wordpress\/wordpress\/wp-json\/wp\/v2\/pages\/3504\/revisions"}],"wp:attachment":[{"href":"https:\/\/xfp5095.phpnet.org\/wordpress\/wordpress\/wp-json\/wp\/v2\/media?parent=3504"}],"curies":[{"name":"wp","href":"https:\/\/api.w.org\/{rel}","templated":true}]}}