{"id":4237,"date":"2018-12-09T09:59:29","date_gmt":"2018-12-09T08:59:29","guid":{"rendered":"https:\/\/xfp5095.phpnet.org\/wordpress\/wordpress\/?page_id=4237"},"modified":"2018-12-09T10:03:55","modified_gmt":"2018-12-09T09:03:55","slug":"expositions","status":"publish","type":"page","link":"https:\/\/xfp5095.phpnet.org\/wordpress\/wordpress\/expositions\/","title":{"rendered":"Expositions"},"content":{"rendered":"<div class=\"pt-cv-wrapper\"><div class=\"pt-cv-view pt-cv-grid pt-cv-colsys\" id=\"pt-cv-view-8cf524471y\"><div data-id=\"pt-cv-page-1\" class=\"pt-cv-page\" data-cvc=\"1\"><div class=\"col-md-12 col-sm-12 col-xs-12 pt-cv-content-item pt-cv-1-col\" ><div class='pt-cv-ifield'><a href=\"https:\/\/xfp5095.phpnet.org\/wordpress\/wordpress\/2026\/04\/09\/expo-vif-musee-champollion-reflets-du-nil\/\" class=\"_self pt-cv-href-thumbnail pt-cv-thumb-default\" target=\"_self\" ><\/a>\n<h4 class=\"pt-cv-title\"><a href=\"https:\/\/xfp5095.phpnet.org\/wordpress\/wordpress\/2026\/04\/09\/expo-vif-musee-champollion-reflets-du-nil\/\" class=\"_self\" target=\"_self\" >Expo- Vif &#8211; Mus\u00e9e Champollion : &#8220;Reflets du Nil&#8230;&#8221;<\/a><\/h4>\n<div class=\"pt-cv-content\"><div dir=\"auto\" style=\"padding-left: 40px;\"><span style=\"font-size: 14px;\"><strong><a href=\"https:\/\/xfp5095.phpnet.org\/wordpress\/wordpress\/wp-content\/uploads\/2026\/04\/reflet-du-Nil-expo-musee-champollion.jpg\" target=\"_blank\" rel=\"noopener\" data-rel=\"lightbox-image-bGlnaHRib3gtaW1hZ2UtMA==\" data-rl_title=\"\" data-rl_caption=\"\" data-rl_title=\"\" data-rl_caption=\"\" title=\"\"><img loading=\"lazy\" decoding=\"async\" class=\"alignleft wp-image-55803 \" src=\"https:\/\/xfp5095.phpnet.org\/wordpress\/wordpress\/wp-content\/uploads\/2026\/04\/reflet-du-Nil-expo-musee-champollion-200x300.jpg\" alt=\"\" width=\"174\" height=\"261\" srcset=\"https:\/\/xfp5095.phpnet.org\/wordpress\/wordpress\/wp-content\/uploads\/2026\/04\/reflet-du-Nil-expo-musee-champollion-200x300.jpg 200w, https:\/\/xfp5095.phpnet.org\/wordpress\/wordpress\/wp-content\/uploads\/2026\/04\/reflet-du-Nil-expo-musee-champollion-683x1024.jpg 683w, https:\/\/xfp5095.phpnet.org\/wordpress\/wordpress\/wp-content\/uploads\/2026\/04\/reflet-du-Nil-expo-musee-champollion-768x1152.jpg 768w, https:\/\/xfp5095.phpnet.org\/wordpress\/wordpress\/wp-content\/uploads\/2026\/04\/reflet-du-Nil-expo-musee-champollion-1024x1536.jpg 1024w, https:\/\/xfp5095.phpnet.org\/wordpress\/wordpress\/wp-content\/uploads\/2026\/04\/reflet-du-Nil-expo-musee-champollion.jpg 1365w\" sizes=\"auto, (max-width: 174px) 100vw, 174px\" \/><\/a><\/strong><\/span><\/div>\n<div dir=\"auto\" style=\"padding-left: 40px;\"><\/div>\n<div dir=\"auto\" style=\"padding-left: 40px;\"><strong><span style=\"color: #800080;\"><span style=\"color: #000000;\">Exposition<\/span><br \/>\n&#8220;Reflets du Nil. Du monde antique aux rives d\u2019aujourd\u2019hui&#8221;.<br \/>\n<\/span><\/strong>\n<div dir=\"auto\" style=\"padding-left: 40px;\"><span style=\"font-size: 14px;\"><strong>Mus\u00e9e Champollion &#8211;<br \/>\n1 rue du portail rouge<br \/>\n38400 Vif &#8211;<br \/>\nDu 4 avril au 22 novembre 2026<br \/>\n04 57 58 88 50<br \/>\n<\/strong><\/span><\/div>\n<div dir=\"auto\" style=\"padding-left: 40px;\"><\/div>\n<\/div>\n<div dir=\"auto\"><strong>Entr\u00e9e gratuite<\/strong><\/div>\n<div dir=\"auto\" style=\"padding-left: 40px;\"><span style=\"font-size: 14px;\">L\u2019occasion pour petits et grands de d\u00e9couvrir une cinquantaine d\u2019objets, v\u00e9ritables \u00ab reflets du Nil \u00bb et de s\u2019interroger sur les liens qui unissent depuis l\u2019Antiquit\u00e9 les \u00c9gyptiens \u00e0 ce fleuve nourricier.<\/span><\/div>\n<div dir=\"auto\" style=\"padding-left: 40px;\"><span style=\"font-size: 14px;\">Consulter le site internet du mus\u00e9e pour conna\u00eetre les nouveaux horaires d\u2019ouverture et retrouver le calendrier des visites guid\u00e9es et des ateliers<\/span><\/div>\n<div dir=\"auto\" style=\"padding-left: 40px;\">\n<div dir=\"auto\" style=\"padding-left: 40px;\"><\/div>\n<\/div>\n<\/div><\/div><\/div>\n<div class=\"col-md-12 col-sm-12 col-xs-12 pt-cv-content-item pt-cv-1-col\" ><div class='pt-cv-ifield'><a href=\"https:\/\/xfp5095.phpnet.org\/wordpress\/wordpress\/2024\/11\/22\/montpellier-exposition-2024\/\" class=\"_self pt-cv-href-thumbnail pt-cv-thumb-default\" target=\"_self\" ><\/a>\n<h4 class=\"pt-cv-title\"><a href=\"https:\/\/xfp5095.phpnet.org\/wordpress\/wordpress\/2024\/11\/22\/montpellier-exposition-2024\/\" class=\"_self\" target=\"_self\" >Montpellier &#8211; exposition 2024<\/a><\/h4>\n<div class=\"pt-cv-content\"><div class=\"\">\n<p class=\"\" style=\"padding-left: 40px;\"><strong><a href=\"https:\/\/xfp5095.phpnet.org\/wordpress\/wordpress\/wp-content\/uploads\/2023\/04\/2024_affiche_senteurs_celestes.jpg\" target=\"_blank\" rel=\"noopener\" data-rel=\"lightbox-image-bGlnaHRib3gtaW1hZ2UtMA==\" data-rl_title=\"\" data-rl_caption=\"\" data-rl_title=\"\" data-rl_caption=\"\" title=\"\"><img loading=\"lazy\" decoding=\"async\" class=\"alignleft wp-image-45956\" src=\"https:\/\/xfp5095.phpnet.org\/wordpress\/wordpress\/wp-content\/uploads\/2023\/04\/2024_affiche_senteurs_celestes.jpg\" alt=\"\" width=\"125\" height=\"185\" srcset=\"https:\/\/xfp5095.phpnet.org\/wordpress\/wordpress\/wp-content\/uploads\/2023\/04\/2024_affiche_senteurs_celestes.jpg 812w, https:\/\/xfp5095.phpnet.org\/wordpress\/wordpress\/wp-content\/uploads\/2023\/04\/2024_affiche_senteurs_celestes-203x300.jpg 203w, https:\/\/xfp5095.phpnet.org\/wordpress\/wordpress\/wp-content\/uploads\/2023\/04\/2024_affiche_senteurs_celestes-693x1024.jpg 693w, https:\/\/xfp5095.phpnet.org\/wordpress\/wordpress\/wp-content\/uploads\/2023\/04\/2024_affiche_senteurs_celestes-768x1135.jpg 768w\" sizes=\"auto, (max-width: 125px) 100vw, 125px\" \/><\/a>Montpellier &#8211; exposition 2024<\/strong><\/p>\n<p class=\"\" style=\"padding-left: 40px;\"><span style=\"color: #993366;\"><span class=\"\"><strong class=\"\">&#8220;<\/strong><\/span><span class=\"\"><em class=\"\"><strong class=\"\">Senteurs c\u00e9lestes, ar\u00f4mes du pass\u00e9. Parfums et aromates dans l&#8217;Antiquit\u00e9 m\u00e9diterran\u00e9enne<\/strong><\/em><\/span><span class=\"\"><strong class=\"\">&#8221; <\/strong><\/span><\/span><\/p>\n<p class=\"\" style=\"padding-left: 40px;\"><span class=\"\"><strong class=\"\">du 20 juin 2024 jusqu&#8217;au 3 f\u00e9vrier 2025 au Site arch\u00e9ologique Lattara-mus\u00e9e Henri Prades de Montpellier M\u00e9diterran\u00e9e M\u00e9tropole.<br \/>\n<\/strong>Voir l&#8217;article sur le site\u00a0 du<strong><a href=\"https:\/\/museearcheo.montpellier3m.fr\/expositions-temporaires\" target=\"_blank\" rel=\"noopener\"> mus\u00e9e Henri Prades<\/a><\/strong><\/span><\/p>\n<p style=\"padding-left: 40px;\">Kemetmaa organise, le vendredi 17 janvier, une visite guid\u00e9e au mus\u00e9e de Lattes de l\u2019exposition<\/p>\n<p style=\"padding-left: 40px;\">Sous r\u00e9serve d\u2019un minimum de 15 participants, cette visite se d\u00e9roulera \u00e0 partir de 15h00. Le tarif sera de 25\u20ac incluant le ticket d\u2019entr\u00e9e et la visite guid\u00e9e.<\/p>\n<p style=\"padding-left: 40px;\">Merci de vous inscrire aupr\u00e8s de Gw\u00e9na\u00eblle avant le 5 janvier 2025.<\/p>\n<\/div>\n<\/div><\/div><\/div>\n<div class=\"col-md-12 col-sm-12 col-xs-12 pt-cv-content-item pt-cv-1-col\" ><div class='pt-cv-ifield'><a href=\"https:\/\/xfp5095.phpnet.org\/wordpress\/wordpress\/2024\/06\/22\/les-baux-deprovence-legypte-des-pharaons-de-kheops-a-ramses-ii\/\" class=\"_self pt-cv-href-thumbnail pt-cv-thumb-default\" target=\"_self\" ><\/a>\n<h4 class=\"pt-cv-title\"><a href=\"https:\/\/xfp5095.phpnet.org\/wordpress\/wordpress\/2024\/06\/22\/les-baux-deprovence-legypte-des-pharaons-de-kheops-a-ramses-ii\/\" class=\"_self\" target=\"_self\" >Les Baux deProvence &#8211; L\u2019\u00c9gypte des Pharaons, de Kh\u00e9ops \u00e0 Rams\u00e8s II<\/a><\/h4>\n<div class=\"pt-cv-content\"><p style=\"padding-left: 40px;\"><strong><a href=\"https:\/\/xfp5095.phpnet.org\/wordpress\/wordpress\/wp-content\/uploads\/2024\/06\/Simulation-lEgypte-des-Pharaons-\u00a9-Culturespaces-Apres-la-nuit-scaled-e1712313997738-1.jpg\" target=\"_blank\" rel=\"noopener\" data-rel=\"lightbox-image-bGlnaHRib3gtaW1hZ2UtMA==\" data-rl_title=\"\" data-rl_caption=\"\" data-rl_title=\"\" data-rl_caption=\"\" title=\"\"><img loading=\"lazy\" decoding=\"async\" class=\"wp-image-45960 alignleft\" src=\"https:\/\/xfp5095.phpnet.org\/wordpress\/wordpress\/wp-content\/uploads\/2024\/06\/Simulation-lEgypte-des-Pharaons-\u00a9-Culturespaces-Apres-la-nuit-scaled-e1712313997738-1-300x169.jpg\" alt=\"\" width=\"225\" height=\"127\" srcset=\"https:\/\/xfp5095.phpnet.org\/wordpress\/wordpress\/wp-content\/uploads\/2024\/06\/Simulation-lEgypte-des-Pharaons-\u00a9-Culturespaces-Apres-la-nuit-scaled-e1712313997738-1-300x169.jpg 300w, https:\/\/xfp5095.phpnet.org\/wordpress\/wordpress\/wp-content\/uploads\/2024\/06\/Simulation-lEgypte-des-Pharaons-\u00a9-Culturespaces-Apres-la-nuit-scaled-e1712313997738-1-1813x1024.jpg 1813w, https:\/\/xfp5095.phpnet.org\/wordpress\/wordpress\/wp-content\/uploads\/2024\/06\/Simulation-lEgypte-des-Pharaons-\u00a9-Culturespaces-Apres-la-nuit-scaled-e1712313997738-1-768x434.jpg 768w, https:\/\/xfp5095.phpnet.org\/wordpress\/wordpress\/wp-content\/uploads\/2024\/06\/Simulation-lEgypte-des-Pharaons-\u00a9-Culturespaces-Apres-la-nuit-scaled-e1712313997738-1-1536x868.jpg 1536w, https:\/\/xfp5095.phpnet.org\/wordpress\/wordpress\/wp-content\/uploads\/2024\/06\/Simulation-lEgypte-des-Pharaons-\u00a9-Culturespaces-Apres-la-nuit-scaled-e1712313997738-1-2048x1157.jpg 2048w\" sizes=\"auto, (max-width: 225px) 100vw, 225px\" \/><\/a>Les Baux de Provence<br \/>\n<\/strong><strong>les Carri\u00e8res de Lumi\u00e8re du 19 avril au 5 janvier 2025<\/strong><\/p>\n<p style=\"padding-left: 40px;\"><strong><span style=\"color: #993366;\">L\u2019\u00c9gypte des Pharaons, de Kh\u00e9ops \u00e0 Rams\u00e8s II<\/span> <\/strong>( Programme long)<br \/>\nVoir le site des <a href=\"https:\/\/www.lesbauxdeprovence.com\/activites\/art-et-culture\/carrieres-de-lumieres\/\" target=\"_blank\" rel=\"noopener\">Baux de Provence<\/a><\/p>\n<p style=\"padding-left: 40px;\">Remontez le temps et red\u00e9couvrez l\u2019\u00c9gypte des pharaons \u00e0 travers les chefs-d\u2019\u0153uvre de cette civilisation mythique qui s\u2019\u00e9tend sur trois mill\u00e9naires.<br \/>\nDe la gen\u00e8se de l\u2019\u00c9gypte antique aux batailles mythiques qui ont rythm\u00e9 la vie des grands souverains, le visiteur est invit\u00e9 \u00e0 remonter le Nil pour d\u00e9couvrir la richesse, le g\u00e9nie et la sagesse de cette civilisation qui fascine encore nos contemporains.<\/p>\n<p style=\"padding-left: 40px;\">Cette exposition est susceptible\u00a0 de faire l&#8217;objet d&#8217;une sortie Kemetmaa en fonction du nombre de personnes int\u00e9ress\u00e9es, avec organisation du covoiturage<\/p>\n<\/div><\/div><\/div>\n<div class=\"col-md-12 col-sm-12 col-xs-12 pt-cv-content-item pt-cv-1-col\" ><div class='pt-cv-ifield'><a href=\"https:\/\/xfp5095.phpnet.org\/wordpress\/wordpress\/2024\/04\/28\/musee-daquitaine-exposition-egypte-ptolemaique\/\" class=\"_self pt-cv-href-thumbnail pt-cv-thumb-default\" target=\"_self\" ><\/a>\n<h4 class=\"pt-cv-title\"><a href=\"https:\/\/xfp5095.phpnet.org\/wordpress\/wordpress\/2024\/04\/28\/musee-daquitaine-exposition-egypte-ptolemaique\/\" class=\"_self\" target=\"_self\" >Mus\u00e9e d&#8217;Aquitaine &#8211; exposition : &#8220;Egypte Ptol\u00e9ma\u00efque&#8221;<\/a><\/h4>\n<div class=\"pt-cv-content\"><p style=\"padding-left: 40px;\"><strong><a href=\"https:\/\/xfp5095.phpnet.org\/wordpress\/wordpress\/wp-content\/uploads\/2024\/04\/expo-bordeaus-260624-vivre-mourir-egypte.png\" target=\"_blank\" rel=\"noopener\" data-rel=\"lightbox-image-bGlnaHRib3gtaW1hZ2UtMA==\" data-rl_title=\"\" data-rl_caption=\"\" data-rl_title=\"\" data-rl_caption=\"\" title=\"\"><img loading=\"lazy\" decoding=\"async\" class=\"alignleft wp-image-45570\" src=\"https:\/\/xfp5095.phpnet.org\/wordpress\/wordpress\/wp-content\/uploads\/2024\/04\/expo-bordeaus-260624-vivre-mourir-egypte-210x300.png\" alt=\"\" width=\"125\" height=\"179\" srcset=\"https:\/\/xfp5095.phpnet.org\/wordpress\/wordpress\/wp-content\/uploads\/2024\/04\/expo-bordeaus-260624-vivre-mourir-egypte-210x300.png 210w, https:\/\/xfp5095.phpnet.org\/wordpress\/wordpress\/wp-content\/uploads\/2024\/04\/expo-bordeaus-260624-vivre-mourir-egypte.png 517w\" sizes=\"auto, (max-width: 125px) 100vw, 125px\" \/><\/a>Exposition 26 juin 2024<\/strong><br \/>\n<strong><span style=\"color: #993366;\"><i>Vivre et mourir en Egypte, d\u2019Alexandre le Grand \u00e0 Cl\u00e9op\u00e2tre<br \/>\n<\/i><a href=\"https:\/\/xfp5095.phpnet.org\/wordpress\/wordpress\/wp-content\/uploads\/2024\/04\/Vivre-et-mourir-en-Egypte-dossier-de-presentation.pdf\" target=\"_blank\" rel=\"noopener\"><span style=\"color: #3366ff;\">Voir le programme de l&#8217;exposition<\/span><\/a><i><\/i><\/span><\/strong><\/p>\n<p><span style=\"color: #3366ff;\"><a style=\"color: #3366ff;\" href=\"https:\/\/www.musee-aquitaine-bordeaux.fr\/\">www.musee-aquitaine-bordeaux.fr<\/a><\/span><\/p>\n<p>&nbsp;<\/p>\n<p>&nbsp;<\/p>\n<p style=\"padding-left: 40px;\"><i><\/i><strong><a href=\"https:\/\/xfp5095.phpnet.org\/wordpress\/wordpress\/wp-content\/uploads\/2024\/04\/Bordeaux-colloqe-27-280624.png\" target=\"_blank\" rel=\"noopener\" data-rel=\"lightbox-image-bGlnaHRib3gtaW1hZ2UtMQ==\" data-rl_title=\"\" data-rl_caption=\"\" data-rl_title=\"\" data-rl_caption=\"\" title=\"\"><img loading=\"lazy\" decoding=\"async\" class=\"alignleft wp-image-45571\" src=\"https:\/\/xfp5095.phpnet.org\/wordpress\/wordpress\/wp-content\/uploads\/2024\/04\/Bordeaux-colloqe-27-280624-210x300.png\" alt=\"\" width=\"116\" height=\"166\" srcset=\"https:\/\/xfp5095.phpnet.org\/wordpress\/wordpress\/wp-content\/uploads\/2024\/04\/Bordeaux-colloqe-27-280624-210x300.png 210w, https:\/\/xfp5095.phpnet.org\/wordpress\/wordpress\/wp-content\/uploads\/2024\/04\/Bordeaux-colloqe-27-280624.png 555w\" sizes=\"auto, (max-width: 116px) 100vw, 116px\" \/><\/a>Colloque les 27 et 28 juin 2024<\/strong><br \/>\nVoir le <span style=\"color: #3366ff;\"><strong><a style=\"color: #3366ff;\" href=\"https:\/\/sharedocs.huma-num.fr\/wl\/?id=qQuHTKV0s5TvVCZLI26xVizFFDB8M570\" target=\"_blank\" rel=\"noopener\">programme du colloque<\/a><\/strong><\/span><\/p>\n<p style=\"padding-left: 80px;\">Mus\u00e9e d&#8217;Aquitaine<br \/>\n(+33) 5 56 01 51 12<br \/>\n<a href=\"https:\/\/www.musee-aquitaine-bordeaux.fr\/\"><strong>www.musee-aquitaine-bordeaux.fr<\/strong><\/a><br \/>\n20 cours Pasteur<br \/>\n33000 Bordeaux<\/p>\n<\/div><\/div><\/div>\n<div class=\"col-md-12 col-sm-12 col-xs-12 pt-cv-content-item pt-cv-1-col\" ><div class='pt-cv-ifield'><a href=\"https:\/\/xfp5095.phpnet.org\/wordpress\/wordpress\/2023\/09\/12\/la-valette-9e-salon-du-livre-de-jardin-17-09-23\/\" class=\"_self pt-cv-href-thumbnail pt-cv-thumb-default\" target=\"_self\" ><\/a>\n<h4 class=\"pt-cv-title\"><a href=\"https:\/\/xfp5095.phpnet.org\/wordpress\/wordpress\/2023\/09\/12\/la-valette-9e-salon-du-livre-de-jardin-17-09-23\/\" class=\"_self\" target=\"_self\" >La Valette-9e salon du livre de jardin- 17\/09\/23<\/a><\/h4>\n<div class=\"pt-cv-content\"><p style=\"padding-left: 40px;\"><a href=\"https:\/\/xfp5095.phpnet.org\/wordpress\/wordpress\/wp-content\/uploads\/2023\/08\/Jardin-d-Orves-la-valette.jpg\" target=\"_blank\" rel=\"noopener\" data-rel=\"lightbox-image-bGlnaHRib3gtaW1hZ2UtMA==\" data-rl_title=\"\" data-rl_caption=\"\" data-rl_title=\"\" data-rl_caption=\"\" title=\"\"><img loading=\"lazy\" decoding=\"async\" class=\"wp-image-43553 size-thumbnail alignleft\" src=\"https:\/\/xfp5095.phpnet.org\/wordpress\/wordpress\/wp-content\/uploads\/2023\/08\/Jardin-d-Orves-la-valette-150x150.jpg\" alt=\"\" width=\"150\" height=\"150\" \/><\/a> LE DIMANCHE<strong> 17 SEPTEMBRE 2023,<\/strong><br \/>\ndans le cadre de la 40e \u00e9dition des Journ\u00e9es du patrimoine, l\u2019association des Amis du domaine d\u2019Orv\u00e8s organise son<br \/>\n<strong>NEUVI\u00c8ME SALON DU LIVRE DE JARDIN<\/strong><br \/>\ndans les jardins du domaine de 10 \u00e0 18 heuresDes visites guid\u00e9es du jardin seront propos\u00e9es \u00e0 11 heures et 16 heures. L\u2019atelier de Pierre Deval sera exceptionnellement ouvert.<br \/>\n<strong>Entr\u00e9e libre de 10 heures \u00e0 18 heures<\/strong><br \/>\nDomaine d\u2019Orv\u00e8s,<br \/>\n71 avenue de la Lib\u00e9ration,<br \/>\n83160 La Valette-du-Var<br \/>\n<strong><a href=\"https:\/\/xfp5095.phpnet.org\/wordpress\/wordpress\/wp-content\/uploads\/2023\/08\/Programme-2023-Salon-du-livre-dOrves.pdf\">Programme 2023 Salon du livre d&#8217;Orves<\/a>\u00a0<\/strong><\/p>\n<\/div><\/div><\/div>\n<div class=\"col-md-12 col-sm-12 col-xs-12 pt-cv-content-item pt-cv-1-col\" ><div class='pt-cv-ifield'><a href=\"https:\/\/xfp5095.phpnet.org\/wordpress\/wordpress\/2023\/06\/11\/emission-tv-13-06-23-dans-les-secrets-de-lexposition-ramses\/\" class=\"_self pt-cv-href-thumbnail pt-cv-thumb-default\" target=\"_self\" ><\/a>\n<h4 class=\"pt-cv-title\"><a href=\"https:\/\/xfp5095.phpnet.org\/wordpress\/wordpress\/2023\/06\/11\/emission-tv-13-06-23-dans-les-secrets-de-lexposition-ramses\/\" class=\"_self\" target=\"_self\" >Emission TV -13\/06\/23 &#8211; &#8220;Dans les secrets de l&#8217;exposition Rams\u00e8s&#8221;<\/a><\/h4>\n<div class=\"pt-cv-content\"><p style=\"padding-left: 40px;\"><strong><img loading=\"lazy\" decoding=\"async\" class=\"wp-image-43011 alignleft\" src=\"https:\/\/xfp5095.phpnet.org\/wordpress\/wordpress\/wp-content\/uploads\/2023\/06\/Ramses-yv-230613-300x200.jpg\" alt=\"\" width=\"170\" height=\"113\" srcset=\"https:\/\/xfp5095.phpnet.org\/wordpress\/wordpress\/wp-content\/uploads\/2023\/06\/Ramses-yv-230613-300x200.jpg 300w, https:\/\/xfp5095.phpnet.org\/wordpress\/wordpress\/wp-content\/uploads\/2023\/06\/Ramses-yv-230613-600x400.jpg 600w, https:\/\/xfp5095.phpnet.org\/wordpress\/wordpress\/wp-content\/uploads\/2023\/06\/Ramses-yv-230613.jpg 750w\" sizes=\"auto, (max-width: 170px) 100vw, 170px\" \/><span style=\"font-size: 20px;\">Mardi 13 juin 2023 \u00e0 23:10, France 2<\/span><\/strong><br \/>\n<span style=\"font-size: 20px;\">&#8220;<span style=\"color: #993366;\"><strong> les secrets de l&#8217;exposition Rams\u00e8s&#8221;<br \/>\n<\/strong><\/span> <\/span>\u00e0 la Grande Halle de la Villette \u00e0 Paris.<br \/>\n<strong>Pr\u00e9sentation : St\u00e9phans Bern<\/strong><br \/>\n<span style=\"font-size: 20px;\"><strong>Intervention : B\u00e9n\u00e9dicte Lhoyer<\/strong><\/span><\/p>\n<p style=\"padding-left: 40px;\"><strong>R\u00e9sum\u00e9 ( Le Figaro Magazine) :<\/strong><br \/>\nPharaon guerrier, communicant hors pair, grand s\u00e9ducteur, Rams\u00e8s II, dont le nom \u00e9voque \u00e0 lui seul le soleil d\u2019\u00c9gypte et la grandeur de cette civilisation pharaonique, fascine le monde et la France, qui entretient avec l\u2019\u00c9gypte une relation toute particuli\u00e8re&#8230; Ce qui explique que la France est le seul pays europ\u00e9en \u00e0 accueillir cette exposition \u00e9v\u00e9nement qui rencontre un \u00e9norme succ\u00e8s.<br \/>\n <a href=\"https:\/\/xfp5095.phpnet.org\/wordpress\/wordpress\/2023\/06\/11\/emission-tv-13-06-23-dans-les-secrets-de-lexposition-ramses\/\" class=\"more-link\"><span aria-label=\"Lire la suite de Emission TV -13\/06\/23 &#8211; &#8220;Dans les secrets de l&#8217;exposition Rams\u00e8s&#8221;\">(suite&hellip;)<\/span><\/a><\/p>\n<\/div><\/div><\/div>\n<div class=\"col-md-12 col-sm-12 col-xs-12 pt-cv-content-item pt-cv-1-col\" ><div class='pt-cv-ifield'><a href=\"https:\/\/xfp5095.phpnet.org\/wordpress\/wordpress\/2023\/05\/27\/exposition-le-voyage-de-jean-francois-champollion-en-egypte-une-expedition-franco-toscane-juillet-1828-decembre-1829\/\" class=\"_self pt-cv-href-thumbnail pt-cv-thumb-default\" target=\"_self\" ><\/a>\n<h4 class=\"pt-cv-title\"><a href=\"https:\/\/xfp5095.phpnet.org\/wordpress\/wordpress\/2023\/05\/27\/exposition-le-voyage-de-jean-francois-champollion-en-egypte-une-expedition-franco-toscane-juillet-1828-decembre-1829\/\" class=\"_self\" target=\"_self\" >Exposition &#8220;Le voyage de Jean-Fran\u00e7ois Champollion en \u00c9gypte : une exp\u00e9dition franco-toscane (juillet 1828 &#8211; d\u00e9cembre 1829)&#8221;<\/a><\/h4>\n<div class=\"pt-cv-content\"><p style=\"padding-left: 40px;\"><strong><span style=\"color: #993366;\"> <a href=\"https:\/\/xfp5095.phpnet.org\/wordpress\/wordpress\/wp-content\/uploads\/2023\/05\/ramessseum-adec-230527-scaled.jpg\" target=\"_blank\" rel=\"noopener\" data-rel=\"lightbox-image-bGlnaHRib3gtaW1hZ2UtMA==\" data-rl_title=\"\" data-rl_caption=\"\" data-rl_title=\"\" data-rl_caption=\"\" title=\"\"><img loading=\"lazy\" decoding=\"async\" class=\"alignleft wp-image-42882\" src=\"https:\/\/xfp5095.phpnet.org\/wordpress\/wordpress\/wp-content\/uploads\/2023\/05\/ramessseum-adec-230527-300x199.jpg\" alt=\"\" width=\"225\" height=\"149\" srcset=\"https:\/\/xfp5095.phpnet.org\/wordpress\/wordpress\/wp-content\/uploads\/2023\/05\/ramessseum-adec-230527-300x199.jpg 300w, https:\/\/xfp5095.phpnet.org\/wordpress\/wordpress\/wp-content\/uploads\/2023\/05\/ramessseum-adec-230527-1542x1024.jpg 1542w, https:\/\/xfp5095.phpnet.org\/wordpress\/wordpress\/wp-content\/uploads\/2023\/05\/ramessseum-adec-230527-768x510.jpg 768w, https:\/\/xfp5095.phpnet.org\/wordpress\/wordpress\/wp-content\/uploads\/2023\/05\/ramessseum-adec-230527-600x400.jpg 600w, https:\/\/xfp5095.phpnet.org\/wordpress\/wordpress\/wp-content\/uploads\/2023\/05\/ramessseum-adec-230527-1536x1020.jpg 1536w, https:\/\/xfp5095.phpnet.org\/wordpress\/wordpress\/wp-content\/uploads\/2023\/05\/ramessseum-adec-230527-2048x1360.jpg 2048w\" sizes=\"auto, (max-width: 225px) 100vw, 225px\" \/><\/a> <img loading=\"lazy\" decoding=\"async\" class=\"wp-image-322 alignleft\" src=\"https:\/\/xfp5095.phpnet.org\/wordpress\/wordpress\/wp-content\/uploads\/2017\/12\/Assoc-Senouy-grenoble.jpg\" alt=\"\" width=\"75\" height=\"50\" \/>Exposition &#8220;Le voyage de Jean-Fran\u00e7ois Champollion en \u00c9gypte : une exp\u00e9dition franco-toscane (juillet 1828 &#8211; d\u00e9cembre 1829)&#8221;<\/span><\/strong><\/p>\n<p style=\"padding-left: 40px;\">En partenariat avec l&#8217;Adec et dans le cadre du Bicentenaire du d\u00e9chiffrement des hi\u00e9roglyphes par Jean-Fran\u00e7ois Champollion, Nicole Lurati, adh\u00e9rente de l&#8217;Adec, pr\u00e9sente une exposition : \u00ab Le voyage de Jean-Fran\u00e7ois Champollion en \u00c9gypte : une exp\u00e9dition franco- toscane (juillet 1828 \u2013 d\u00e9cembre 1829) \u00bb<br \/>\nVenez assister \u00e0 l&#8217; inauguration de cette exposition le vendredi 2 juin \u00e0 partir de 18h00 !<br \/>\nEn pr\u00e9sence de Nicole Lurati , phographies et montage de l&#8217;exposition, et de Alain Faure , r\u00e9dacteur des textes.<strong><br \/>\n<\/strong>Red\u00e9couvrez pas \u00e0 pas cette exp\u00e9dition franco-toscane gr\u00e2ce aux <strong>photographies de Nicole Lurati et aux textes d&#8217;Alain Faure.<\/strong><br \/>\nL&#8217;exposition sera ensuite pr\u00e9sent\u00e9e du 3 au 30 juin au Centre Social Espace Olympe de Gouges, place Jean Couturier, 38450 VIF.<\/p>\n<p style=\"padding-left: 40px;\"><strong>R\u00e9sum\u00e9 et informations<\/strong> : lire la suite<br \/>\n <a href=\"https:\/\/xfp5095.phpnet.org\/wordpress\/wordpress\/2023\/05\/27\/exposition-le-voyage-de-jean-francois-champollion-en-egypte-une-expedition-franco-toscane-juillet-1828-decembre-1829\/\" class=\"more-link\"><span aria-label=\"Lire la suite de Exposition &#8220;Le voyage de Jean-Fran\u00e7ois Champollion en \u00c9gypte : une exp\u00e9dition franco-toscane (juillet 1828 &#8211; d\u00e9cembre 1829)&#8221;\">(suite&hellip;)<\/span><\/a><\/p>\n<\/div><\/div><\/div>\n<div class=\"col-md-12 col-sm-12 col-xs-12 pt-cv-content-item pt-cv-1-col\" ><div class='pt-cv-ifield'><a href=\"https:\/\/xfp5095.phpnet.org\/wordpress\/wordpress\/2023\/04\/08\/mucem-alexandrie-exposition-jusquau-8-mai\/\" class=\"_self pt-cv-href-thumbnail pt-cv-thumb-default\" target=\"_self\" ><\/a>\n<h4 class=\"pt-cv-title\"><a href=\"https:\/\/xfp5095.phpnet.org\/wordpress\/wordpress\/2023\/04\/08\/mucem-alexandrie-exposition-jusquau-8-mai\/\" class=\"_self\" target=\"_self\" >MUCEM &#8211; Alexandrie -exposition jusqu&#8217;au 8 mai<\/a><\/h4>\n<div class=\"pt-cv-content\"><p style=\"padding-left: 40px;\"><strong><img loading=\"lazy\" decoding=\"async\" class=\"wp-image-42563 alignleft\" src=\"https:\/\/xfp5095.phpnet.org\/wordpress\/wordpress\/wp-content\/uploads\/2023\/04\/Mucem-alexandrie-mucem-230408-2-300x225.jpg\" alt=\"\" width=\"142\" height=\"106\" srcset=\"https:\/\/xfp5095.phpnet.org\/wordpress\/wordpress\/wp-content\/uploads\/2023\/04\/Mucem-alexandrie-mucem-230408-2-300x225.jpg 300w, https:\/\/xfp5095.phpnet.org\/wordpress\/wordpress\/wp-content\/uploads\/2023\/04\/Mucem-alexandrie-mucem-230408-2-1365x1024.jpg 1365w, https:\/\/xfp5095.phpnet.org\/wordpress\/wordpress\/wp-content\/uploads\/2023\/04\/Mucem-alexandrie-mucem-230408-2-768x576.jpg 768w, https:\/\/xfp5095.phpnet.org\/wordpress\/wordpress\/wp-content\/uploads\/2023\/04\/Mucem-alexandrie-mucem-230408-2-1536x1152.jpg 1536w, https:\/\/xfp5095.phpnet.org\/wordpress\/wordpress\/wp-content\/uploads\/2023\/04\/Mucem-alexandrie-mucem-230408-2-2048x1536.jpg 2048w\" sizes=\"auto, (max-width: 142px) 100vw, 142px\" \/> <img loading=\"lazy\" decoding=\"async\" class=\"wp-image-42562 alignleft\" src=\"https:\/\/xfp5095.phpnet.org\/wordpress\/wordpress\/wp-content\/uploads\/2023\/04\/Mucem-alexandrie-1-230408-300x238.jpg\" alt=\"\" width=\"124\" height=\"99\" srcset=\"https:\/\/xfp5095.phpnet.org\/wordpress\/wordpress\/wp-content\/uploads\/2023\/04\/Mucem-alexandrie-1-230408-300x238.jpg 300w, https:\/\/xfp5095.phpnet.org\/wordpress\/wordpress\/wp-content\/uploads\/2023\/04\/Mucem-alexandrie-1-230408-1291x1024.jpg 1291w, https:\/\/xfp5095.phpnet.org\/wordpress\/wordpress\/wp-content\/uploads\/2023\/04\/Mucem-alexandrie-1-230408-768x609.jpg 768w, https:\/\/xfp5095.phpnet.org\/wordpress\/wordpress\/wp-content\/uploads\/2023\/04\/Mucem-alexandrie-1-230408-1536x1219.jpg 1536w, https:\/\/xfp5095.phpnet.org\/wordpress\/wordpress\/wp-content\/uploads\/2023\/04\/Mucem-alexandrie-1-230408-2048x1625.jpg 2048w\" sizes=\"auto, (max-width: 124px) 100vw, 124px\" \/>MUCEM<\/strong><br \/>\n<strong>Alexandrie : futurs ant\u00e9rieurs<\/strong><br \/>\nExposition jusqu&#8217;au 8 mai<\/p>\n<p style=\"padding-left: 40px;\">\n<\/p><p style=\"padding-left: 40px;\">L\u2019exposition \u00ab Alexandrie : futurs ante\u0301rieurs \u00bb revisite l\u2019histoire et le pr\u00e9sent de la ville e\u0301gyptienne, loin des mythes et des ste\u0301re\u0301otypes qui lui sont traditionnellement associe\u0301s. Conjuguant deux approches \u2013 la recherche arche\u0301ologique et l\u2019art contemporain \u2013, elle nous invite \u00e0 consid\u00e9rer Alexandrie sous un angle ine\u0301dit&#8230;..<\/p>\n<p style=\"padding-left: 40px;\">Voir le<strong><span style=\"color: #3366ff;\"><a style=\"color: #3366ff;\" href=\"https:\/\/www.mucem.org\/programme\/exposition-et-temps-forts\/alexandrie-futurs-anterieurs\" target=\"_blank\" rel=\"noopener\"> site du MUCEM<\/a><\/span><\/strong><\/p>\n<\/div><\/div><\/div>\n<div class=\"col-md-12 col-sm-12 col-xs-12 pt-cv-content-item pt-cv-1-col\" ><div class='pt-cv-ifield'><a href=\"https:\/\/xfp5095.phpnet.org\/wordpress\/wordpress\/2023\/04\/07\/ramses-paris-lavillette-interview-de-benedicte-lhoyer\/\" class=\"_self pt-cv-href-thumbnail pt-cv-thumb-default\" target=\"_self\" ><\/a>\n<h4 class=\"pt-cv-title\"><a href=\"https:\/\/xfp5095.phpnet.org\/wordpress\/wordpress\/2023\/04\/07\/ramses-paris-lavillette-interview-de-benedicte-lhoyer\/\" class=\"_self\" target=\"_self\" >RAMSES Paris- Lavillette &#8211; interview de B\u00e9n\u00e9dicte Lhoyer<\/a><\/h4>\n<div class=\"pt-cv-content\"><p style=\"padding-left: 40px;\"><img loading=\"lazy\" decoding=\"async\" class=\"wp-image-42538 alignleft\" src=\"https:\/\/xfp5095.phpnet.org\/wordpress\/wordpress\/wp-content\/uploads\/2023\/04\/Lhoyer-Benedicte-logo-2-300x248.jpg\" alt=\"\" width=\"197\" height=\"163\" srcset=\"https:\/\/xfp5095.phpnet.org\/wordpress\/wordpress\/wp-content\/uploads\/2023\/04\/Lhoyer-Benedicte-logo-2-300x248.jpg 300w, https:\/\/xfp5095.phpnet.org\/wordpress\/wordpress\/wp-content\/uploads\/2023\/04\/Lhoyer-Benedicte-logo-2.jpg 353w\" sizes=\"auto, (max-width: 197px) 100vw, 197px\" \/><img loading=\"lazy\" decoding=\"async\" class=\"alignleft\" src=\"https:\/\/xfp5095.phpnet.org\/wordpress\/wordpress\/wp-content\/uploads\/2022\/12\/Ramses-or-pharaons-La-Villette-23-300x220.jpg\" width=\"90\" height=\"66\" \/><\/p>\n<p>&nbsp;<\/p>\n<p style=\"padding-left: 40px;\"><strong>Emission &#8216;C a vous&#8221;<\/strong><\/p>\n<p style=\"padding-left: 40px;\"><strong><br \/>\n<\/strong><strong><span style=\"color: #993366;\">interview de B\u00e9n\u00e9dicte Lhoyer sur l&#8217;exposition Ramses<br \/>\n<\/span><\/strong>Voir l&#8217;interview\u00a0 \u00a0: lire la suite<\/p>\n<p> <a href=\"https:\/\/xfp5095.phpnet.org\/wordpress\/wordpress\/2023\/04\/07\/ramses-paris-lavillette-interview-de-benedicte-lhoyer\/\" class=\"more-link\"><span aria-label=\"Lire la suite de RAMSES Paris- Lavillette &#8211; interview de B\u00e9n\u00e9dicte Lhoyer\">(suite&hellip;)<\/span><\/a><\/p>\n<\/div><\/div><\/div>\n<div class=\"col-md-12 col-sm-12 col-xs-12 pt-cv-content-item pt-cv-1-col\" ><div class='pt-cv-ifield'><a href=\"https:\/\/xfp5095.phpnet.org\/wordpress\/wordpress\/2023\/01\/09\/kemetmaa-sorties-en-2023\/\" class=\"_self pt-cv-href-thumbnail pt-cv-thumb-default\" target=\"_self\" ><\/a>\n<h4 class=\"pt-cv-title\"><a href=\"https:\/\/xfp5095.phpnet.org\/wordpress\/wordpress\/2023\/01\/09\/kemetmaa-sorties-en-2023\/\" class=\"_self\" target=\"_self\" >Projets   sortie exposition Toutankhamon &#8211; \u00e0\u00a0 Lyon &#8211; la Sucri\u00e8re<\/a><\/h4>\n<div class=\"pt-cv-content\"><p style=\"padding-left: 40px;\"><strong>Lyon &#8211; 02 f\u00e9vrier<br \/>\n<\/strong><strong style=\"font-size: 20px;\">Exposition Toutankhamon \u00e0\u00a0 Lyon &#8211; la Sucri\u00e8re<\/strong><\/p>\n<p style=\"padding-left: 40px;\"><strong><a href=\"https:\/\/xfp5095.phpnet.org\/wordpress\/wordpress\/wp-content\/uploads\/2022\/10\/Lyon-expo-Toutankhamon-la-sucriere.jpg\" target=\"_blank\" rel=\"noopener\" data-rel=\"lightbox-image-bGlnaHRib3gtaW1hZ2UtMA==\" data-rl_title=\"\" data-rl_caption=\"\" data-rl_title=\"\" data-rl_caption=\"\" title=\"\"><img loading=\"lazy\" decoding=\"async\" class=\"wp-image-40428 alignleft\" src=\"https:\/\/xfp5095.phpnet.org\/wordpress\/wordpress\/wp-content\/uploads\/2022\/10\/Lyon-expo-Toutankhamon-la-sucriere-300x300.jpg\" alt=\"\" width=\"125\" height=\"125\" srcset=\"https:\/\/xfp5095.phpnet.org\/wordpress\/wordpress\/wp-content\/uploads\/2022\/10\/Lyon-expo-Toutankhamon-la-sucriere-300x300.jpg 300w, https:\/\/xfp5095.phpnet.org\/wordpress\/wordpress\/wp-content\/uploads\/2022\/10\/Lyon-expo-Toutankhamon-la-sucriere-150x150.jpg 150w, https:\/\/xfp5095.phpnet.org\/wordpress\/wordpress\/wp-content\/uploads\/2022\/10\/Lyon-expo-Toutankhamon-la-sucriere.jpg 320w\" sizes=\"auto, (max-width: 125px) 100vw, 125px\" \/><\/a><span style=\"color: #ff0000;\">ANNULEE Cause nombre minimum non atteint\u00a0<\/span><\/strong><span style=\"color: #000000;\"><br \/>\nD<\/span>\u00e9part en train TGV le matin pour Lyon Part Dieu et retour le soir<\/p>\n<p style=\"padding-left: 40px;\">Tarifs : <strong>45 \u20ac<\/strong><br \/>\nDont\u00a0 entr\u00e9e du Mus\u00e9e Confluence\u00a0 : 15 \u20ac et exposition La Sucri\u00e8re : 9 \u20ac<br \/>\n(NB : remercions nos deux conf\u00e9renci\u00e8res qui nous offrent leur prestation de guide pour vous offrir ce\u00a0 tarif tr\u00e8s bas )<br \/>\nde <strong>15 personnes (<span style=\"color: #0000ff;\">minimum<\/span>\u00a0<\/strong><strong><span style=\"color: #0000ff;\">strict) <\/span><\/strong><strong>\u00e0\u00a0 20 personnes<\/strong>\u00a0(un groupe)<\/p>\n<p style=\"padding-left: 40px;\"><span style=\"color: #993366;\"><strong>La Sucri\u00e8re : Guide : Gwenaelle Rumelhard-Le Borgne<br \/>\n<\/strong><strong><em>Mus\u00e9e des Confluence:\u00a0 Guide Karine Madrigal\u00a0<\/em><\/strong><\/span><\/p>\n<p style=\"padding-left: 40px;\"><em><strong><span style=\"color: #3366ff;\">S&#8217;inscrire\u00a0 au plus t\u00f4t aupr\u00e8s de\u00a0 :<br \/>\nMme Gwenaelle Rumelhard-Le Borgne : Merytra75@gmail.com<br \/>\n<\/span><\/strong><\/em><strong>(id\u00e9alement avant le 20 janvier) pour que Kemetmaa valide le projet et vous permette de prendre les billets de trains<\/strong>\u00a0( attention aux non remboursements ou frais de train)<em><strong><span style=\"color: #3366ff;\"><br \/>\n<\/span><\/strong><\/em><strong>Docs et conditions :<\/strong> lire la suite<br \/>\n <a href=\"https:\/\/xfp5095.phpnet.org\/wordpress\/wordpress\/2023\/01\/09\/kemetmaa-sorties-en-2023\/\" class=\"more-link\"><span aria-label=\"Lire la suite de Projets   sortie exposition Toutankhamon &#8211; \u00e0\u00a0 Lyon &#8211; la Sucri\u00e8re\">(suite&hellip;)<\/span><\/a><\/p>\n<\/div><\/div><\/div>\n<div class=\"col-md-12 col-sm-12 col-xs-12 pt-cv-content-item pt-cv-1-col\" ><div class='pt-cv-ifield'><a href=\"https:\/\/xfp5095.phpnet.org\/wordpress\/wordpress\/2022\/11\/29\/nimes-exposition-j-c-golvin\/\" class=\"_self pt-cv-href-thumbnail pt-cv-thumb-default\" target=\"_self\" ><\/a>\n<h4 class=\"pt-cv-title\"><a href=\"https:\/\/xfp5095.phpnet.org\/wordpress\/wordpress\/2022\/11\/29\/nimes-exposition-j-c-golvin\/\" class=\"_self\" target=\"_self\" >N\u00eemes : exposition J.C. Golvin<\/a><\/h4>\n<div class=\"pt-cv-content\"><p style=\"padding-left: 40px;\"><strong><a href=\"https:\/\/xfp5095.phpnet.org\/wordpress\/wordpress\/wp-content\/uploads\/2022\/11\/Nimes-Expo-JC-Golvin-221128.jpg\" target=\"_blank\" rel=\"noopener\" data-rel=\"lightbox-image-bGlnaHRib3gtaW1hZ2UtMA==\" data-rl_title=\"\" data-rl_caption=\"\" data-rl_title=\"\" data-rl_caption=\"\" title=\"\"><img loading=\"lazy\" decoding=\"async\" class=\"alignleft wp-image-41360 \" src=\"https:\/\/xfp5095.phpnet.org\/wordpress\/wordpress\/wp-content\/uploads\/2022\/11\/Nimes-Expo-JC-Golvin-221128-300x270.jpg\" alt=\"\" width=\"189\" height=\"170\" srcset=\"https:\/\/xfp5095.phpnet.org\/wordpress\/wordpress\/wp-content\/uploads\/2022\/11\/Nimes-Expo-JC-Golvin-221128-300x270.jpg 300w, https:\/\/xfp5095.phpnet.org\/wordpress\/wordpress\/wp-content\/uploads\/2022\/11\/Nimes-Expo-JC-Golvin-221128.jpg 554w\" sizes=\"auto, (max-width: 189px) 100vw, 189px\" \/><\/a><span style=\"font-size: 20px;\">Mus\u00e9e de la romanit\u00e9<\/span><\/strong><br \/>\n<strong>exposition temporaire du 8 d\u00e9cembre 2022 au 5 mars 2023<\/strong><\/p>\n<p style=\"padding-left: 40px;\"><span style=\"color: #993366;\"><strong>&#8220;D\u00e9voiler Nemausus, Jean Claude Golvin, un architecte et des arch\u00e9ologues&#8221;<\/strong><\/span><\/p>\n<p style=\"padding-left: 40px;\">Peut on faire le portrait de N\u00eemes telle qu&#8217;elle \u00e9tait \u00e0 l&#8217;Antiquit\u00e9?<br \/>\nPeut on lui redonner vie avec son environnement, ses rues, ses habitants?<\/p>\n<p style=\"padding-left: 40px;\">Voir le <a href=\"https:\/\/museedelaromanite.fr\/exposition-temporaire\/archives\/devoiler-nemausus-jean-claude-golvin-un-architecte-et-des-archeologues\" target=\"_blank\" rel=\"noopener\"><span style=\"color: #3366ff;\"><strong>site du mus\u00e9e de la romanit\u00e9<\/strong><\/span><\/a><\/p>\n<p style=\"padding-left: 40px;\">voir : <a href=\"https:\/\/xfp5095.phpnet.org\/wordpress\/wordpress\/wp-content\/uploads\/2022\/11\/JC-Golvin-Nimes-musee-romanite.jpg\" target=\"_blank\" rel=\"noopener\" data-rel=\"lightbox-image-bGlnaHRib3gtaW1hZ2UtMQ==\" data-rl_title=\"\" data-rl_caption=\"\" data-rl_title=\"\" data-rl_caption=\"\" title=\"\">Jean Claude Golvin<\/a><\/p>\n<\/div><\/div><\/div>\n<div class=\"col-md-12 col-sm-12 col-xs-12 pt-cv-content-item pt-cv-1-col\" ><div class='pt-cv-ifield'><a href=\"https:\/\/xfp5095.phpnet.org\/wordpress\/wordpress\/2022\/10\/06\/exposition-musee-gallo-romain-de-st-tomain-en-gal\/\" class=\"_self pt-cv-href-thumbnail pt-cv-thumb-default\" target=\"_self\" ><\/a>\n<h4 class=\"pt-cv-title\"><a href=\"https:\/\/xfp5095.phpnet.org\/wordpress\/wordpress\/2022\/10\/06\/exposition-musee-gallo-romain-de-st-tomain-en-gal\/\" class=\"_self\" target=\"_self\" >Exposition -Mus\u00e9e gallo-romain de st Romain en Gal<\/a><\/h4>\n<div class=\"pt-cv-content\"><p style=\"padding-left: 40px;\"><strong><a href=\"https:\/\/xfp5095.phpnet.org\/wordpress\/wordpress\/wp-content\/uploads\/2022\/10\/Vict-Loret-carrieres-dHatnoub-aux-grandes-pyramides-221006.jpg\" target=\"_blank\" rel=\"noopener\" data-rel=\"lightbox-image-bGlnaHRib3gtaW1hZ2UtMA==\" data-rl_title=\"\" data-rl_caption=\"\" data-rl_title=\"\" data-rl_caption=\"\" title=\"\"><img loading=\"lazy\" decoding=\"async\" class=\"alignleft wp-image-40362 size-medium\" src=\"https:\/\/xfp5095.phpnet.org\/wordpress\/wordpress\/wp-content\/uploads\/2022\/10\/Vict-Loret-carrieres-dHatnoub-aux-grandes-pyramides-221006-300x100.jpg\" alt=\"\" width=\"300\" height=\"100\" srcset=\"https:\/\/xfp5095.phpnet.org\/wordpress\/wordpress\/wp-content\/uploads\/2022\/10\/Vict-Loret-carrieres-dHatnoub-aux-grandes-pyramides-221006-300x100.jpg 300w, https:\/\/xfp5095.phpnet.org\/wordpress\/wordpress\/wp-content\/uploads\/2022\/10\/Vict-Loret-carrieres-dHatnoub-aux-grandes-pyramides-221006-768x256.jpg 768w, https:\/\/xfp5095.phpnet.org\/wordpress\/wordpress\/wp-content\/uploads\/2022\/10\/Vict-Loret-carrieres-dHatnoub-aux-grandes-pyramides-221006.jpg 1500w\" sizes=\"auto, (max-width: 300px) 100vw, 300px\" \/><\/a>Exposition<br \/>\n<\/strong><span style=\"color: #993366;\"><strong>Exp\u00e9ditions en Egypte<\/strong><\/span><br \/>\n<span style=\"color: #993366;\"><strong>Des carri\u00e8res d&#8217;Hatnoub aux grandes pyramides<\/strong><\/span><\/p>\n<p style=\"padding-left: 40px;\"><strong>Mus\u00e9e gallo-romain de st Romain en Gal<\/strong><\/p>\n<p style=\"padding-left: 40px;\"><strong>Samedi 8 octobre &#8211; Visite guid\u00e9e par Yannis Goudon<\/strong>\u00a0(commissaire de l&#8217;exposition et codirecteur de la mission d&#8217;Hatnoub<br \/>\nInscription :<a href=\"https:\/\/www.asso-egyptologie-lyon.fr\/event-details\/visite-expedition-en-egypte-des-carrieres-dhatnoub-aux-grandes-pyramides\" target=\"_blank\" rel=\"noopener\"> site du Cercle lyonnais d&#8217;\u00e9gytologie Victor Loret<\/a><\/p>\n<p style=\"padding-left: 40px;\">Exposition du 17 juin au 6 novembre 2022<\/p>\n<p style=\"padding-left: 40px;\">Source : Cercle lyonnais d&#8217;\u00e9gytologie Victor Loret<\/p>\n<p>&nbsp;<\/p>\n<\/div><\/div><\/div>\n<div class=\"col-md-12 col-sm-12 col-xs-12 pt-cv-content-item pt-cv-1-col\" ><div class='pt-cv-ifield'><a href=\"https:\/\/xfp5095.phpnet.org\/wordpress\/wordpress\/2022\/09\/29\/exposition-musee-lyon-a-la-recherche-des-hieroglyphes-oublies\/\" class=\"_self pt-cv-href-thumbnail pt-cv-thumb-default\" target=\"_self\" ><\/a>\n<h4 class=\"pt-cv-title\"><a href=\"https:\/\/xfp5095.phpnet.org\/wordpress\/wordpress\/2022\/09\/29\/exposition-musee-lyon-a-la-recherche-des-hieroglyphes-oublies\/\" class=\"_self\" target=\"_self\" >Exposition Mus\u00e9e Lyon &#8211; A la recherche des hi\u00e9roglyphes oubli\u00e9s<\/a><\/h4>\n<div class=\"pt-cv-content\"><p style=\"padding-left: 40px;\"><strong><a href=\"https:\/\/xfp5095.phpnet.org\/wordpress\/wordpress\/wp-content\/uploads\/2022\/09\/hiero-oublies-musee-beaux-arts-lyon.jpg\" target=\"_blank\" rel=\"noopener\" data-rel=\"lightbox-image-bGlnaHRib3gtaW1hZ2UtMA==\" data-rl_title=\"\" data-rl_caption=\"\" data-rl_title=\"\" data-rl_caption=\"\" title=\"\"><img loading=\"lazy\" decoding=\"async\" class=\"alignleft wp-image-40230\" src=\"https:\/\/xfp5095.phpnet.org\/wordpress\/wordpress\/wp-content\/uploads\/2022\/09\/hiero-oublies-musee-beaux-arts-lyon-241x300.jpg\" alt=\"\" width=\"144\" height=\"179\" srcset=\"https:\/\/xfp5095.phpnet.org\/wordpress\/wordpress\/wp-content\/uploads\/2022\/09\/hiero-oublies-musee-beaux-arts-lyon-241x300.jpg 241w, https:\/\/xfp5095.phpnet.org\/wordpress\/wordpress\/wp-content\/uploads\/2022\/09\/hiero-oublies-musee-beaux-arts-lyon.jpg 655w\" sizes=\"auto, (max-width: 144px) 100vw, 144px\" \/><\/a>Exposition Mus\u00e9e des Beaux Arts Lyon\u00a0<\/strong><br \/>\n<strong><span style=\"color: #993366; font-size: 20px;\">A la recherche des hi\u00e9roglyphes oubli\u00e9s<\/span><\/strong><\/p>\n<p style=\"padding-left: 40px;\"><strong>du 1er octobre au 31 d\u00e9cembre<\/strong><\/p>\n<div class=\"align-left embedded-entity\" style=\"padding-left: 40px;\" data-embed-button=\"images\" data-entity-embed-display=\"view_mode:media.250x150\" data-entity-type=\"media\" data-entity-uuid=\"595e7459-8770-4595-a67c-5f3bce7257d9\" data-langcode=\"fr\">\n<div class=\"media-image-container\" style=\"padding-left: 40px;\">\n<div style=\"padding-left: 40px;\">\n<div class=\"itpc-display-container\" style=\"padding-left: 40px;\">Voir le <strong><span style=\"color: #3366ff;\"><a style=\"color: #3366ff;\" href=\"https:\/\/www.mba-lyon.fr\/fr\/fiche-programmation\/la-recherche-des-hieroglyphes-oublies\" target=\"_blank\" rel=\"noopener\">site du mus\u00e9e de Lyon<\/a><\/span><\/strong><\/div>\n<\/div>\n<\/div>\n<\/div>\n<p style=\"padding-left: 40px;\">Le mus\u00e9e s\u2019associe \u00e0 la c\u00e9l\u00e9bration du bicentenaire du d\u00e9chiffrement des hi\u00e9roglyphes par Jean-Fran\u00e7ois Champollion, en 1822, \u00e0 travers la relation scientifique et amicale qu\u2019entretinrent pendant plus de vingt ans le premier directeur du mus\u00e9e de Lyon, \u00a0Fran\u00e7ois Artaud (1767-1838), et Jean-Fran\u00e7ois Champollion (1790-1832).<\/p>\n<\/div><\/div><\/div>\n<div class=\"col-md-12 col-sm-12 col-xs-12 pt-cv-content-item pt-cv-1-col\" ><div class='pt-cv-ifield'><a href=\"https:\/\/xfp5095.phpnet.org\/wordpress\/wordpress\/2022\/09\/29\/exposition-le-louvre-lens-28-09-22\/\" class=\"_self pt-cv-href-thumbnail pt-cv-thumb-default\" target=\"_self\" ><\/a>\n<h4 class=\"pt-cv-title\"><a href=\"https:\/\/xfp5095.phpnet.org\/wordpress\/wordpress\/2022\/09\/29\/exposition-le-louvre-lens-28-09-22\/\" class=\"_self\" target=\"_self\" >Exposition Le Louvre Lens &#8211; 28\/09\/22<\/a><\/h4>\n<div class=\"pt-cv-content\"><p style=\"padding-left: 40px;\"><strong><a href=\"https:\/\/xfp5095.phpnet.org\/wordpress\/wordpress\/wp-content\/uploads\/2022\/09\/LeLouvreLens-expo-Champollion-220926.png\" target=\"_blank\" rel=\"noopener\" data-rel=\"lightbox-image-bGlnaHRib3gtaW1hZ2UtMA==\" data-rl_title=\"\" data-rl_caption=\"\" data-rl_title=\"\" data-rl_caption=\"\" title=\"\"><img loading=\"lazy\" decoding=\"async\" class=\"alignleft wp-image-40221\" src=\"https:\/\/xfp5095.phpnet.org\/wordpress\/wordpress\/wp-content\/uploads\/2022\/09\/LeLouvreLens-expo-Champollion-220926-240x300.png\" alt=\"\" width=\"128\" height=\"160\" srcset=\"https:\/\/xfp5095.phpnet.org\/wordpress\/wordpress\/wp-content\/uploads\/2022\/09\/LeLouvreLens-expo-Champollion-220926-240x300.png 240w, https:\/\/xfp5095.phpnet.org\/wordpress\/wordpress\/wp-content\/uploads\/2022\/09\/LeLouvreLens-expo-Champollion-220926-820x1024.png 820w, https:\/\/xfp5095.phpnet.org\/wordpress\/wordpress\/wp-content\/uploads\/2022\/09\/LeLouvreLens-expo-Champollion-220926-768x960.png 768w, https:\/\/xfp5095.phpnet.org\/wordpress\/wordpress\/wp-content\/uploads\/2022\/09\/LeLouvreLens-expo-Champollion-220926-1229x1536.png 1229w, https:\/\/xfp5095.phpnet.org\/wordpress\/wordpress\/wp-content\/uploads\/2022\/09\/LeLouvreLens-expo-Champollion-220926.png 1639w\" sizes=\"auto, (max-width: 128px) 100vw, 128px\" \/><\/a>Ann\u00e9e Champollion<\/strong><br \/>\n<strong>Exposition Le Louvre Lens &#8211; 28\/09\/22 au 16\/01\/23<\/strong><\/p>\n<p style=\"padding-left: 40px;\">voir :<span style=\"color: #3366ff;\"><strong><a style=\"color: #3366ff;\" href=\"https:\/\/www.louvrelens.fr\/\" target=\"_blank\" rel=\"noopener\"> Site du Louvre Lens<\/a><\/strong><\/span><\/p>\n<p style=\"padding-left: 40px;\">\ud83d\udca1 Il a fallu 15 ans \u00e0 Jean-Fran\u00e7ois Champollion pour d\u00e9chiffrer les hi\u00e9roglyphes et enfin s\u2019\u00e9crier \u00ab Je tiens l\u2019affaire ! \u00bb.<br \/>\n\ud83d\udd0d 200 ans plus tard, l\u2019exposition \u00ab Champollion. La voie des hi\u00e9roglyphes \u00bb vous transporte au c\u0153ur des pr\u00e9misses de l\u2019\u00c9gyptologie et de la d\u00e9marche scientifique qui a permis de percer \u00e0 jour le syst\u00e8me d\u2019\u00e9criture de l\u2019\u00c9gypte antique.<br \/>\nRendez-vous du 28 septembre au 16 janvier au Louvre-Lens pour plonger dans le secret des hi\u00e9roglyphes.<\/p>\n<p style=\"padding-left: 40px;\"> <a href=\"https:\/\/xfp5095.phpnet.org\/wordpress\/wordpress\/2022\/09\/29\/exposition-le-louvre-lens-28-09-22\/\" class=\"more-link\"><span aria-label=\"Lire la suite de Exposition Le Louvre Lens &#8211; 28\/09\/22\">(suite&hellip;)<\/span><\/a><\/p>\n<\/div><\/div><\/div>\n<div class=\"col-md-12 col-sm-12 col-xs-12 pt-cv-content-item pt-cv-1-col\" ><div class='pt-cv-ifield'><a href=\"https:\/\/xfp5095.phpnet.org\/wordpress\/wordpress\/2022\/09\/20\/mucem-exposition-pharaons-superstars\/\" class=\"_self pt-cv-href-thumbnail pt-cv-thumb-default\" target=\"_self\" ><\/a>\n<h4 class=\"pt-cv-title\"><a href=\"https:\/\/xfp5095.phpnet.org\/wordpress\/wordpress\/2022\/09\/20\/mucem-exposition-pharaons-superstars\/\" class=\"_self\" target=\"_self\" >MUCEM &#8211; exposition &#8211; Pharaons superstars<\/a><\/h4>\n<div class=\"pt-cv-content\"><p style=\"padding-left: 40px;\"><span style=\"font-size: 20px;\"><strong>Pharaons superstars<\/strong><\/span><\/p>\n<div style=\"padding-left: 40px;\"><strong><span class=\"expo--area\"><a href=\"https:\/\/xfp5095.phpnet.org\/wordpress\/wordpress\/wp-content\/uploads\/2022\/07\/Pharaons-super-stars-22-1.jpg\" target=\"_blank\" rel=\"noopener\" data-rel=\"lightbox-image-bGlnaHRib3gtaW1hZ2UtMA==\" data-rl_title=\"\" data-rl_caption=\"\" data-rl_title=\"\" data-rl_caption=\"\" title=\"\"><img loading=\"lazy\" decoding=\"async\" class=\"alignleft wp-image-13865\" src=\"https:\/\/xfp5095.phpnet.org\/wordpress\/wordpress\/wp-content\/uploads\/2022\/07\/Pharaons-super-stars-22-1-232x300.jpg\" alt=\"\" width=\"129\" height=\"167\" srcset=\"https:\/\/xfp5095.phpnet.org\/wordpress\/wordpress\/wp-content\/uploads\/2022\/07\/Pharaons-super-stars-22-1-232x300.jpg 232w, https:\/\/xfp5095.phpnet.org\/wordpress\/wordpress\/wp-content\/uploads\/2022\/07\/Pharaons-super-stars-22-1-791x1024.jpg 791w, https:\/\/xfp5095.phpnet.org\/wordpress\/wordpress\/wp-content\/uploads\/2022\/07\/Pharaons-super-stars-22-1-768x995.jpg 768w, https:\/\/xfp5095.phpnet.org\/wordpress\/wordpress\/wp-content\/uploads\/2022\/07\/Pharaons-super-stars-22-1.jpg 793w\" sizes=\"auto, (max-width: 129px) 100vw, 129px\" \/><\/a> <a href=\"https:\/\/xfp5095.phpnet.org\/wordpress\/wordpress\/wp-content\/uploads\/2022\/07\/Mucem-Pharaons-superstars-22-2.jpg\" target=\"_blank\" rel=\"noopener\" data-rel=\"lightbox-image-bGlnaHRib3gtaW1hZ2UtMQ==\" data-rl_title=\"\" data-rl_caption=\"\" data-rl_title=\"\" data-rl_caption=\"\" title=\"\"><img loading=\"lazy\" decoding=\"async\" class=\"alignleft wp-image-13864\" src=\"https:\/\/xfp5095.phpnet.org\/wordpress\/wordpress\/wp-content\/uploads\/2022\/07\/Mucem-Pharaons-superstars-22-2-225x300.jpg\" alt=\"\" width=\"120\" height=\"160\" srcset=\"https:\/\/xfp5095.phpnet.org\/wordpress\/wordpress\/wp-content\/uploads\/2022\/07\/Mucem-Pharaons-superstars-22-2-225x300.jpg 225w, https:\/\/xfp5095.phpnet.org\/wordpress\/wordpress\/wp-content\/uploads\/2022\/07\/Mucem-Pharaons-superstars-22-2-768x1024.jpg 768w, https:\/\/xfp5095.phpnet.org\/wordpress\/wordpress\/wp-content\/uploads\/2022\/07\/Mucem-Pharaons-superstars-22-2-1152x1536.jpg 1152w, https:\/\/xfp5095.phpnet.org\/wordpress\/wordpress\/wp-content\/uploads\/2022\/07\/Mucem-Pharaons-superstars-22-2.jpg 1300w\" sizes=\"auto, (max-width: 120px) 100vw, 120px\" \/><\/a><br \/>\nexposition &#8211; Mucem &#8211; J4\u2014<\/span><span class=\"expo--place event-additional-info\">\u00a0niveau 2<br \/>\n<\/span>Du mercredi 22 juin 2022 au lundi 17 octobre 2022<\/strong><\/div>\n<div style=\"padding-left: 40px;\">\n<p style=\"padding-left: 40px;\">Entre histoire et l\u00e9gende, \u00e0 la d\u00e9couverte des exploits et de la notori\u00e9t\u00e9 posthume de ces personnages exotiques que sont les pharaons<\/p>\n<p style=\"padding-left: 40px;\">voir toutes les informations\u00a0 sur le site du Mucem :<\/p>\n<p style=\"padding-left: 40px;\"><span style=\"color: #3366ff; font-size: 16px;\"><strong><a style=\"color: #3366ff;\" href=\"https:\/\/www.mucem.org\/programme\/exposition-et-temps-forts\/pharaons-superstars\" target=\"_blank\" rel=\"noopener\">Mucem &#8211; Pharaons superstars<\/a><\/strong><\/span><\/p>\n<p style=\"padding-left: 40px;\"><strong>Cours de civilisation\u00a0 le 22\/09 \u00e0 14h30 consacr\u00e9 \u00e0 cette exposition pour ceux qui voudront la visiter\u00a0<\/strong><\/p>\n<\/div>\n<\/div><\/div><\/div><\/div><\/div>\n<div class=\" pt-cv-pagination-wrapper\"><ul class=\"pt-cv-pagination pt-cv-ajax pagination\" data-totalpages=\"2\" data-currentpage=\"1\" data-sid=\"8cf524471y\" data-unid=\"\" data-isblock=\"\" data-postid=\"\"><li class=\"active\"><a href=\"#\">1<\/a><\/li>\n\t<li ><a class=\"\" href=\"https:\/\/xfp5095.phpnet.org\/wordpress\/wordpress\/wp-json\/wp\/v2\/pages\/4237\/?_page=2\">2<\/a><\/li>\n\t<li ><a class=\" \" href=\"https:\/\/xfp5095.phpnet.org\/wordpress\/wordpress\/wp-json\/wp\/v2\/pages\/4237\/?_page=2\">&rsaquo;<\/a><\/li>\n\t<\/ul><img loading=\"lazy\" decoding=\"async\" width=\"15\" height=\"15\" class=\"pt-cv-spinner\" alt=\"Loading...\" src=\"data:image\/gif;base64,R0lGODlhDwAPALMPAMrKygwMDJOTkz09PZWVla+vr3p6euTk5M7OzuXl5TMzMwAAAJmZmWZmZszMzP\/\/\/yH\/C05FVFNDQVBFMi4wAwEAAAAh+QQFCgAPACwAAAAADwAPAAAEQvDJaZaZOIcV8iQK8VRX4iTYoAwZ4iCYoAjZ4RxejhVNoT+mRGP4cyF4Pp0N98sBGIBMEMOotl6YZ3S61Bmbkm4mAgAh+QQFCgAPACwAAAAADQANAAAENPDJSRSZeA418itN8QiK8BiLITVsFiyBBIoYqnoewAD4xPw9iY4XLGYSjkQR4UAUD45DLwIAIfkEBQoADwAsAAAAAA8ACQAABC\/wyVlamTi3nSdgwFNdhEJgTJoNyoB9ISYoQmdjiZPcj7EYCAeCF1gEDo4Dz2eIAAAh+QQFCgAPACwCAAAADQANAAAEM\/DJBxiYeLKdX3IJZT1FU0iIg2RNKx3OkZVnZ98ToRD4MyiDnkAh6BkNC0MvsAj0kMpHBAAh+QQFCgAPACwGAAAACQAPAAAEMDC59KpFDll73HkAA2wVY5KgiK5b0RRoI6MuzG6EQqCDMlSGheEhUAgqgUUAFRySIgAh+QQFCgAPACwCAAIADQANAAAEM\/DJKZNLND\/kkKaHc3xk+QAMYDKsiaqmZCxGVjSFFCxB1vwy2oOgIDxuucxAMTAJFAJNBAAh+QQFCgAPACwAAAYADwAJAAAEMNAs86q1yaWwwv2Ig0jUZx3OYa4XoRAfwADXoAwfo1+CIjyFRuEho60aSNYlOPxEAAAh+QQFCgAPACwAAAIADQANAAAENPA9s4y8+IUVcqaWJ4qEQozSoAzoIyhCK2NFU2SJk0hNnyEOhKR2AzAAj4Pj4GE4W0bkJQIAOw==\" \/><div class=\"clear pt-cv-clear-pagination\"><\/div><\/div><\/div>\n","protected":false},"excerpt":{"rendered":"","protected":false},"author":1,"featured_media":0,"parent":0,"menu_order":0,"comment_status":"closed","ping_status":"closed","template":"","meta":{"colormag_page_container_layout":"default_layout","colormag_page_sidebar_layout":"default_layout","_crdt_document":"","advgb_blocks_editor_width":"","advgb_blocks_columns_visual_guide":"","footnotes":""},"class_list":["post-4237","page","type-page","status-publish","hentry"],"coauthors":[],"author_meta":{"author_link":"https:\/\/xfp5095.phpnet.org\/wordpress\/wordpress\/author\/tusseaugilbert\/","display_name":"Tusseau-Webmestre Gilbert"},"relative_dates":{"created":"Posted 7 ann\u00e9es ago","modified":"Updated 7 ann\u00e9es ago"},"absolute_dates":{"created":"Posted on 9 d\u00e9cembre 2018","modified":"Updated on 9 d\u00e9cembre 2018"},"absolute_dates_time":{"created":"Posted on 9 d\u00e9cembre 2018 9 h 59 min","modified":"Updated on 9 d\u00e9cembre 2018 10 h 03 min"},"featured_img_caption":"","featured_img":false,"series_order":"","post_mailing_queue_ids":[],"_links":{"self":[{"href":"https:\/\/xfp5095.phpnet.org\/wordpress\/wordpress\/wp-json\/wp\/v2\/pages\/4237","targetHints":{"allow":["GET"]}}],"collection":[{"href":"https:\/\/xfp5095.phpnet.org\/wordpress\/wordpress\/wp-json\/wp\/v2\/pages"}],"about":[{"href":"https:\/\/xfp5095.phpnet.org\/wordpress\/wordpress\/wp-json\/wp\/v2\/types\/page"}],"author":[{"embeddable":true,"href":"https:\/\/xfp5095.phpnet.org\/wordpress\/wordpress\/wp-json\/wp\/v2\/users\/1"}],"replies":[{"embeddable":true,"href":"https:\/\/xfp5095.phpnet.org\/wordpress\/wordpress\/wp-json\/wp\/v2\/comments?post=4237"}],"version-history":[{"count":0,"href":"https:\/\/xfp5095.phpnet.org\/wordpress\/wordpress\/wp-json\/wp\/v2\/pages\/4237\/revisions"}],"wp:attachment":[{"href":"https:\/\/xfp5095.phpnet.org\/wordpress\/wordpress\/wp-json\/wp\/v2\/media?parent=4237"}],"curies":[{"name":"wp","href":"https:\/\/api.w.org\/{rel}","templated":true}]}}